{"id":626,"date":"2026-03-24T08:32:49","date_gmt":"2026-03-24T07:32:49","guid":{"rendered":"http:\/\/noelken-backup2.local\/?page_id=626"},"modified":"2026-06-25T15:06:19","modified_gmt":"2026-06-25T13:06:19","slug":"fokusfelder","status":"publish","type":"page","link":"https:\/\/www.noelken.de\/en\/nachhaltigkeit\/fokusfelder\/","title":{"rendered":"Focus Areas"},"content":{"rendered":"<div data-elementor-type=\"wp-page\" data-elementor-id=\"626\" class=\"elementor elementor-626\" data-elementor-post-type=\"page\">\n\t\t\t\t<div class=\"elementor-element elementor-element-c0eff35 e-con-full e-flex e-con e-parent\" data-id=\"c0eff35\" data-element_type=\"container\" data-e-type=\"container\">\n\t\t<div class=\"elementor-element elementor-element-d6d88f3 e-con-full e-flex e-con e-child\" data-id=\"d6d88f3\" data-element_type=\"container\" data-e-type=\"container\">\n\t\t\t\t<div class=\"elementor-element elementor-element-0344307 elementor-widget elementor-widget-heading\" data-id=\"0344307\" data-element_type=\"widget\" data-e-type=\"widget\" data-widget_type=\"heading.default\">\n\t\t\t\t\t<h3 class=\"elementor-heading-title elementor-size-default\">Our Focus Areas\n<\/h3>\t\t\t\t<\/div>\n\t\t\t\t<div class=\"elementor-element elementor-element-a2fb21d elementor-widget__width-initial elementor-widget elementor-widget-heading\" data-id=\"a2fb21d\" data-element_type=\"widget\" data-e-type=\"widget\" data-widget_type=\"heading.default\">\n\t\t\t\t\t<h3 class=\"elementor-heading-title elementor-size-default\">We focus on the essentials\n<\/h3>\t\t\t\t<\/div>\n\t\t\t\t<div class=\"elementor-element elementor-element-4fc354b elementor-widget elementor-widget-text-editor\" data-id=\"4fc354b\" data-element_type=\"widget\" data-e-type=\"widget\" data-widget_type=\"text-editor.default\">\n\t\t\t\t\t\t\t\t\t<p><strong>The materiality analysis answers two questions: Which sustainability topics are particularly important for our long-term business success, and in which areas can we contribute to sustainable development?<\/strong><\/p><p>With management and the specialized departments, sustainability management has conducted a comprehensive internal materiality analysis.<\/p><p>On the one hand, we consider which sustainability topics currently and prospectively influence our business (outside-in), and on the other hand, how our business activities impact these sustainability-related topics (inside-out).<\/p>\t\t\t\t\t\t\t\t<\/div>\n\t\t\t\t<\/div>\n\t\t<div class=\"elementor-element elementor-element-3d3ad2a e-con-full e-flex e-con e-child\" data-id=\"3d3ad2a\" data-element_type=\"container\" data-e-type=\"container\">\n\t\t\t\t<div class=\"elementor-element elementor-element-b15a7fa elementor-widget elementor-widget-image\" data-id=\"b15a7fa\" data-element_type=\"widget\" data-e-type=\"widget\" data-widget_type=\"image.default\">\n\t\t\t\t\t\t\t\t\t\t\t\t\t\t\t<img decoding=\"async\" src=\"https:\/\/www.noelken.de\/assets\/images\/r\/inside%20outside-ddq4j2hq31ekzj2.webp\" title=\"\" alt=\"\" loading=\"lazy\" \/>\t\t\t\t\t\t\t\t\t\t\t\t\t\t\t<\/div>\n\t\t\t\t<\/div>\n\t\t\t\t<\/div>\n\t\t<div class=\"elementor-element elementor-element-4cc31b4 e-con-full e-flex e-con e-parent\" data-id=\"4cc31b4\" data-element_type=\"container\" data-e-type=\"container\">\n\t\t<div class=\"elementor-element elementor-element-3f67b99 e-con-full e-flex e-con e-child\" data-id=\"3f67b99\" data-element_type=\"container\" data-e-type=\"container\" data-settings=\"{&quot;background_background&quot;:&quot;classic&quot;}\">\n\t\t<div class=\"elementor-element elementor-element-6422ff1 e-con-full e-flex e-con e-child\" data-id=\"6422ff1\" data-element_type=\"container\" data-e-type=\"container\" data-settings=\"{&quot;background_background&quot;:&quot;classic&quot;}\">\n\t\t\t\t<\/div>\n\t\t<div class=\"elementor-element elementor-element-2c0275f e-con-full e-flex e-con e-child\" data-id=\"2c0275f\" data-element_type=\"container\" data-e-type=\"container\" data-settings=\"{&quot;background_background&quot;:&quot;classic&quot;}\">\n\t\t\t\t<div class=\"elementor-element elementor-element-c483d7f elementor-widget elementor-widget-heading\" data-id=\"c483d7f\" data-element_type=\"widget\" data-e-type=\"widget\" data-widget_type=\"heading.default\">\n\t\t\t\t\t<h2 class=\"elementor-heading-title elementor-size-default\">Focus Area Products<\/h2>\t\t\t\t<\/div>\n\t\t\t\t<div class=\"elementor-element elementor-element-73a0785 elementor-widget elementor-widget-heading\" data-id=\"73a0785\" data-element_type=\"widget\" data-e-type=\"widget\" data-widget_type=\"heading.default\">\n\t\t\t\t\t<p class=\"elementor-heading-title elementor-size-default\">The production of high-quality and sustainable personal care products.<br><\/p>\t\t\t\t<\/div>\n\t\t\t\t<div class=\"elementor-element elementor-element-37813ce elementor-widget elementor-widget-button\" data-id=\"37813ce\" data-element_type=\"widget\" data-e-type=\"widget\" data-widget_type=\"button.default\">\n\t\t\t\t\t\t\t\t\t\t<a class=\"elementor-button elementor-button-link elementor-size-sm\" href=\"\/en\/nachhaltigkeit\/fokusfelder\/fokusfeld-produkte\/\">\n\t\t\t\t\t\t<span class=\"elementor-button-content-wrapper\">\n\t\t\t\t\t\t\t\t\t<span class=\"elementor-button-text\">Learn more<\/span>\n\t\t\t\t\t<\/span>\n\t\t\t\t\t<\/a>\n\t\t\t\t\t\t\t\t<\/div>\n\t\t\t\t<\/div>\n\t\t\t\t<\/div>\n\t\t<div class=\"elementor-element elementor-element-e6192bb e-con-full e-flex e-con e-child\" data-id=\"e6192bb\" data-element_type=\"container\" data-e-type=\"container\" data-settings=\"{&quot;background_background&quot;:&quot;classic&quot;}\">\n\t\t<div class=\"elementor-element elementor-element-cc637e6 e-con-full e-flex e-con e-child\" data-id=\"cc637e6\" data-element_type=\"container\" data-e-type=\"container\" data-settings=\"{&quot;background_background&quot;:&quot;classic&quot;}\">\n\t\t\t\t<\/div>\n\t\t<div class=\"elementor-element elementor-element-02795fb e-con-full e-flex e-con e-child\" data-id=\"02795fb\" data-element_type=\"container\" data-e-type=\"container\" data-settings=\"{&quot;background_background&quot;:&quot;classic&quot;}\">\n\t\t\t\t<div class=\"elementor-element elementor-element-139a963 elementor-widget elementor-widget-heading\" data-id=\"139a963\" data-element_type=\"widget\" data-e-type=\"widget\" data-widget_type=\"heading.default\">\n\t\t\t\t\t<h2 class=\"elementor-heading-title elementor-size-default\">Environmental Focus Area<\/h2>\t\t\t\t<\/div>\n\t\t\t\t<div class=\"elementor-element elementor-element-ee6441f elementor-widget elementor-widget-heading\" data-id=\"ee6441f\" data-element_type=\"widget\" data-e-type=\"widget\" data-widget_type=\"heading.default\">\n\t\t\t\t\t<p class=\"elementor-heading-title elementor-size-default\">Take responsibility for our ecological environment.<br><\/p>\t\t\t\t<\/div>\n\t\t\t\t<div class=\"elementor-element elementor-element-b0ebbc5 elementor-widget elementor-widget-button\" data-id=\"b0ebbc5\" data-element_type=\"widget\" data-e-type=\"widget\" data-widget_type=\"button.default\">\n\t\t\t\t\t\t\t\t\t\t<a class=\"elementor-button elementor-button-link elementor-size-sm\" href=\"\/en\/nachhaltigkeit\/fokusfelder\/fokusfeld-umwelt\/\">\n\t\t\t\t\t\t<span class=\"elementor-button-content-wrapper\">\n\t\t\t\t\t\t\t\t\t<span class=\"elementor-button-text\">Learn more<\/span>\n\t\t\t\t\t<\/span>\n\t\t\t\t\t<\/a>\n\t\t\t\t\t\t\t\t<\/div>\n\t\t\t\t<\/div>\n\t\t\t\t<\/div>\n\t\t<div class=\"elementor-element elementor-element-f646529 e-con-full e-flex e-con e-child\" data-id=\"f646529\" data-element_type=\"container\" data-e-type=\"container\" data-settings=\"{&quot;background_background&quot;:&quot;classic&quot;}\">\n\t\t<div class=\"elementor-element elementor-element-e17256f e-con-full e-flex e-con e-child\" data-id=\"e17256f\" data-element_type=\"container\" data-e-type=\"container\" data-settings=\"{&quot;background_background&quot;:&quot;classic&quot;}\">\n\t\t\t\t<\/div>\n\t\t<div class=\"elementor-element elementor-element-a7c1dc8 e-con-full e-flex e-con e-child\" data-id=\"a7c1dc8\" data-element_type=\"container\" data-e-type=\"container\" data-settings=\"{&quot;background_background&quot;:&quot;classic&quot;}\">\n\t\t\t\t<div class=\"elementor-element elementor-element-4e93a6c elementor-widget elementor-widget-heading\" data-id=\"4e93a6c\" data-element_type=\"widget\" data-e-type=\"widget\" data-widget_type=\"heading.default\">\n\t\t\t\t\t<h2 class=\"elementor-heading-title elementor-size-default\">Focus Area: Human<\/h2>\t\t\t\t<\/div>\n\t\t\t\t<div class=\"elementor-element elementor-element-18c7e6e elementor-widget elementor-widget-heading\" data-id=\"18c7e6e\" data-element_type=\"widget\" data-e-type=\"widget\" data-widget_type=\"heading.default\">\n\t\t\t\t\t<p class=\"elementor-heading-title elementor-size-default\">Responsible partner for all who come into contact with us and our projects.<\/p>\t\t\t\t<\/div>\n\t\t\t\t<div class=\"elementor-element elementor-element-52796f1 elementor-widget elementor-widget-button\" data-id=\"52796f1\" data-element_type=\"widget\" data-e-type=\"widget\" data-widget_type=\"button.default\">\n\t\t\t\t\t\t\t\t\t\t<a class=\"elementor-button elementor-button-link elementor-size-sm\" href=\"\/en\/nachhaltigkeit\/fokusfelder\/fokusfeld-mensch\/\">\n\t\t\t\t\t\t<span class=\"elementor-button-content-wrapper\">\n\t\t\t\t\t\t\t\t\t<span class=\"elementor-button-text\">Learn more<\/span>\n\t\t\t\t\t<\/span>\n\t\t\t\t\t<\/a>\n\t\t\t\t\t\t\t\t<\/div>\n\t\t\t\t<\/div>\n\t\t\t\t<\/div>\n\t\t\t\t<\/div>\n\t\t\t\t<\/div>","protected":false},"excerpt":{"rendered":"<p>Unsere Fokusfelder Wir fokussieren uns auf das Wesentliche Die Wesentlichkeitsanalyse beantwortet zwei Fragen: Welche Nachhaltigkeitsthemen sind f\u00fcr unseren langfristigen Gesch\u00e4ftserfolg von besonderer Bedeutung und in welchen Feldern k\u00f6nnen wir einen Beitrag zu einer nachhaltigen Entwicklung leisten? Mit der Gesch\u00e4ftsleitung und den Fachabteilungen hat das Nachhaltigkeitsmanagement eine umfassende interne Wesentlichkeitsanalyse durchgef\u00fchrt. Wir betrachten einerseits, welche Nachhaltigkeitsthemen [&hellip;]<\/p>\n","protected":false},"author":1,"featured_media":0,"parent":294,"menu_order":0,"comment_status":"closed","ping_status":"closed","template":"","meta":{"footnotes":""},"class_list":["post-626","page","type-page","status-publish","hentry"],"aioseo_notices":[],"aioseo_head":"\n\t\t<!-- All in One SEO Pro 5.0.1.1 - aioseo.com -->\n\t<meta name=\"description\" content=\"N\u00f6lken b\u00fcndelt seine Nachhaltigkeitsaktivit\u00e4ten in drei Fokusfeldern: nachhaltige Produkte, \u00f6kologische Verantwortung und Verantwortung f\u00fcr Menschen.\" \/>\n\t<meta name=\"robots\" content=\"max-image-preview:large\" \/>\n\t<link rel=\"canonical\" href=\"https:\/\/www.noelken.de\/en\/nachhaltigkeit\/fokusfelder\/\" \/>\n\t<meta name=\"generator\" content=\"All in One SEO Pro (AIOSEO) 5.0.1.1\" \/>\n\t\t<meta property=\"og:locale\" content=\"en_US\" \/>\n\t\t<meta property=\"og:site_name\" content=\"N\u00f6lken Hygiene Products -\" \/>\n\t\t<meta property=\"og:type\" content=\"article\" \/>\n\t\t<meta property=\"og:title\" content=\"Fokusfelder Nachhaltigkeit - N\u00f6lken Hygiene Products\" \/>\n\t\t<meta property=\"og:description\" content=\"N\u00f6lken b\u00fcndelt seine Nachhaltigkeitsaktivit\u00e4ten in drei Fokusfeldern: nachhaltige Produkte, \u00f6kologische Verantwortung und Verantwortung f\u00fcr Menschen.\" \/>\n\t\t<meta property=\"og:url\" content=\"https:\/\/www.noelken.de\/en\/nachhaltigkeit\/fokusfelder\/\" \/>\n\t\t<meta property=\"article:published_time\" content=\"2026-03-24T07:32:49+00:00\" \/>\n\t\t<meta property=\"article:modified_time\" content=\"2026-06-25T13:06:19+00:00\" \/>\n\t\t<meta property=\"article:publisher\" content=\"https:\/\/www.facebook.com\/noelken.de\" \/>\n\t\t<meta name=\"twitter:card\" content=\"summary_large_image\" \/>\n\t\t<meta name=\"twitter:title\" content=\"Fokusfelder Nachhaltigkeit - N\u00f6lken Hygiene Products\" \/>\n\t\t<meta name=\"twitter:description\" content=\"N\u00f6lken b\u00fcndelt seine Nachhaltigkeitsaktivit\u00e4ten in drei Fokusfeldern: nachhaltige Produkte, \u00f6kologische Verantwortung und Verantwortung f\u00fcr Menschen.\" \/>\n\t\t<script type=\"application\/ld+json\" class=\"aioseo-schema\">\n\t\t\t{\"@context\":\"https:\\\/\\\/schema.org\",\"@graph\":[{\"@type\":\"BreadcrumbList\",\"@id\":\"https:\\\/\\\/www.noelken.de\\\/en\\\/nachhaltigkeit\\\/fokusfelder\\\/#breadcrumblist\",\"itemListElement\":[{\"@type\":\"ListItem\",\"@id\":\"https:\\\/\\\/www.noelken.de\\\/en#listItem\",\"position\":1,\"name\":\"Home\",\"item\":\"https:\\\/\\\/www.noelken.de\\\/en\",\"nextItem\":{\"@type\":\"ListItem\",\"@id\":\"https:\\\/\\\/www.noelken.de\\\/en\\\/nachhaltigkeit\\\/#listItem\",\"name\":\"Nachhaltigkeit\"}},{\"@type\":\"ListItem\",\"@id\":\"https:\\\/\\\/www.noelken.de\\\/en\\\/nachhaltigkeit\\\/#listItem\",\"position\":2,\"name\":\"Nachhaltigkeit\",\"item\":\"https:\\\/\\\/www.noelken.de\\\/en\\\/nachhaltigkeit\\\/\",\"nextItem\":{\"@type\":\"ListItem\",\"@id\":\"https:\\\/\\\/www.noelken.de\\\/en\\\/nachhaltigkeit\\\/fokusfelder\\\/#listItem\",\"name\":\"Fokusfelder\"},\"previousItem\":{\"@type\":\"ListItem\",\"@id\":\"https:\\\/\\\/www.noelken.de\\\/en#listItem\",\"name\":\"Home\"}},{\"@type\":\"ListItem\",\"@id\":\"https:\\\/\\\/www.noelken.de\\\/en\\\/nachhaltigkeit\\\/fokusfelder\\\/#listItem\",\"position\":3,\"name\":\"Fokusfelder\",\"previousItem\":{\"@type\":\"ListItem\",\"@id\":\"https:\\\/\\\/www.noelken.de\\\/en\\\/nachhaltigkeit\\\/#listItem\",\"name\":\"Nachhaltigkeit\"}}]},{\"@type\":\"Organization\",\"@id\":\"https:\\\/\\\/www.noelken.de\\\/en\\\/#organization\",\"name\":\"N\\u00f6lken Hygiene Products GmbH\",\"description\":\"Die N\\u00f6lken Hygiene Products GmbH wurde 1982 von Ernst N\\u00f6lken gegr\\u00fcndet und wird heute als Familienunternehmen in der zweiten Generation gef\\u00fchrt. Das Unternehmen mit dem Stammsitz im rheinland-pf\\u00e4lzischen Windhagen vollzog die Entwicklung vom Handelsunternehmen zum breit aufgestellten Hersteller und geh\\u00f6rt heute zu den Marktf\\u00fchrenden in den Bereichen kosmetische Pflegemittel und Hygieneprodukte. \\u00dcber 500 Mitarbeitende entwickeln und produzieren an vier Standorten in Deutschland und Polen Feuchtt\\u00fccher, Stilleinlagen und kosmetische Pflegeprodukte f\\u00fcr namhafte Handels- und Industrieunternehmen auf drei Kontinenten.\",\"url\":\"https:\\\/\\\/www.noelken.de\\\/en\\\/\",\"email\":\"info@noelken.de\",\"telephone\":\"+49264595270\",\"foundingDate\":\"1982-01-01\",\"numberOfEmployees\":{\"@type\":\"QuantitativeValue\",\"value\":500},\"logo\":{\"@type\":\"ImageObject\",\"url\":\"https:\\\/\\\/www.noelken.de\\\/wp-content\\\/uploads\\\/2026\\\/02\\\/favicon-32x32-1.png\",\"@id\":\"https:\\\/\\\/www.noelken.de\\\/en\\\/nachhaltigkeit\\\/fokusfelder\\\/#organizationLogo\",\"width\":32,\"height\":32},\"image\":{\"@id\":\"https:\\\/\\\/www.noelken.de\\\/en\\\/nachhaltigkeit\\\/fokusfelder\\\/#organizationLogo\"},\"sameAs\":[\"https:\\\/\\\/www.facebook.com\\\/noelken.de\",\"https:\\\/\\\/www.instagram.com\\\/noelkenhygiene\",\"https:\\\/\\\/www.tiktok.com\\\/@noelkenhygiene\",\"https:\\\/\\\/www.youtube.com\\\/channel\\\/UCgE3LbL2-YKqUVFKMmPOUIg\",\"https:\\\/\\\/www.linkedin.com\\\/company\\\/noelken-hygiene\"]},{\"@type\":\"WebPage\",\"@id\":\"https:\\\/\\\/www.noelken.de\\\/en\\\/nachhaltigkeit\\\/fokusfelder\\\/#webpage\",\"url\":\"https:\\\/\\\/www.noelken.de\\\/en\\\/nachhaltigkeit\\\/fokusfelder\\\/\",\"name\":\"Fokusfelder Nachhaltigkeit - N\\u00f6lken Hygiene Products\",\"description\":\"N\\u00f6lken b\\u00fcndelt seine Nachhaltigkeitsaktivit\\u00e4ten in drei Fokusfeldern: nachhaltige Produkte, \\u00f6kologische Verantwortung und Verantwortung f\\u00fcr Menschen.\",\"inLanguage\":\"en-US\",\"isPartOf\":{\"@id\":\"https:\\\/\\\/www.noelken.de\\\/en\\\/#website\"},\"breadcrumb\":{\"@id\":\"https:\\\/\\\/www.noelken.de\\\/en\\\/nachhaltigkeit\\\/fokusfelder\\\/#breadcrumblist\"},\"datePublished\":\"2026-03-24T08:32:49+01:00\",\"dateModified\":\"2026-06-25T15:06:19+02:00\"},{\"@type\":\"WebSite\",\"@id\":\"https:\\\/\\\/www.noelken.de\\\/en\\\/#website\",\"url\":\"https:\\\/\\\/www.noelken.de\\\/en\\\/\",\"name\":\"N\\u00f6lken Hygiene Products GmbH\",\"inLanguage\":\"en-US\",\"publisher\":{\"@id\":\"https:\\\/\\\/www.noelken.de\\\/en\\\/#organization\"}}]}\n\t\t<\/script>\n\t\t<!-- All in One SEO Pro -->\r\n\t\t<title>Fokusfelder Nachhaltigkeit - N\u00f6lken Hygiene Products<\/title>\n\n","aioseo_head_json":{"title":"Sustainability Focus Areas - N\u00f6lken Hygiene Products","description":"N\u00f6lken pools its sustainability activities into three focal areas: sustainable products, environmental responsibility, and responsibility for people.","canonical_url":"https:\/\/www.noelken.de\/en\/nachhaltigkeit\/fokusfelder\/","robots":"max-image-preview:large","keywords":"","webmasterTools":{"miscellaneous":""},"schema":{"@context":"https:\/\/schema.org","@graph":[{"@type":"BreadcrumbList","@id":"https:\/\/www.noelken.de\/en\/nachhaltigkeit\/fokusfelder\/#breadcrumblist","itemListElement":[{"@type":"ListItem","@id":"https:\/\/www.noelken.de\/en#listItem","position":1,"name":"Home","item":"https:\/\/www.noelken.de\/en","nextItem":{"@type":"ListItem","@id":"https:\/\/www.noelken.de\/en\/nachhaltigkeit\/#listItem","name":"Nachhaltigkeit"}},{"@type":"ListItem","@id":"https:\/\/www.noelken.de\/en\/nachhaltigkeit\/#listItem","position":2,"name":"Nachhaltigkeit","item":"https:\/\/www.noelken.de\/en\/nachhaltigkeit\/","nextItem":{"@type":"ListItem","@id":"https:\/\/www.noelken.de\/en\/nachhaltigkeit\/fokusfelder\/#listItem","name":"Fokusfelder"},"previousItem":{"@type":"ListItem","@id":"https:\/\/www.noelken.de\/en#listItem","name":"Home"}},{"@type":"ListItem","@id":"https:\/\/www.noelken.de\/en\/nachhaltigkeit\/fokusfelder\/#listItem","position":3,"name":"Fokusfelder","previousItem":{"@type":"ListItem","@id":"https:\/\/www.noelken.de\/en\/nachhaltigkeit\/#listItem","name":"Nachhaltigkeit"}}]},{"@type":"Organization","@id":"https:\/\/www.noelken.de\/en\/#organization","name":"N\u00f6lken Hygiene Products GmbH","description":"Die N\u00f6lken Hygiene Products GmbH wurde 1982 von Ernst N\u00f6lken gegr\u00fcndet und wird heute als Familienunternehmen in der zweiten Generation gef\u00fchrt. Das Unternehmen mit dem Stammsitz im rheinland-pf\u00e4lzischen Windhagen vollzog die Entwicklung vom Handelsunternehmen zum breit aufgestellten Hersteller und geh\u00f6rt heute zu den Marktf\u00fchrenden in den Bereichen kosmetische Pflegemittel und Hygieneprodukte. \u00dcber 500 Mitarbeitende entwickeln und produzieren an vier Standorten in Deutschland und Polen Feuchtt\u00fccher, Stilleinlagen und kosmetische Pflegeprodukte f\u00fcr namhafte Handels- und Industrieunternehmen auf drei Kontinenten.","url":"https:\/\/www.noelken.de\/en\/","email":"info@noelken.de","telephone":"+49264595270","foundingDate":"1982-01-01","numberOfEmployees":{"@type":"QuantitativeValue","value":500},"logo":{"@type":"ImageObject","url":"https:\/\/www.noelken.de\/wp-content\/uploads\/2026\/02\/favicon-32x32-1.png","@id":"https:\/\/www.noelken.de\/en\/nachhaltigkeit\/fokusfelder\/#organizationLogo","width":32,"height":32},"image":{"@id":"https:\/\/www.noelken.de\/en\/nachhaltigkeit\/fokusfelder\/#organizationLogo"},"sameAs":["https:\/\/www.facebook.com\/noelken.de","https:\/\/www.instagram.com\/noelkenhygiene","https:\/\/www.tiktok.com\/@noelkenhygiene","https:\/\/www.youtube.com\/channel\/UCgE3LbL2-YKqUVFKMmPOUIg","https:\/\/www.linkedin.com\/company\/noelken-hygiene"]},{"@type":"WebPage","@id":"https:\/\/www.noelken.de\/en\/nachhaltigkeit\/fokusfelder\/#webpage","url":"https:\/\/www.noelken.de\/en\/nachhaltigkeit\/fokusfelder\/","name":"Fokusfelder Nachhaltigkeit - N\u00f6lken Hygiene Products","description":"N\u00f6lken b\u00fcndelt seine Nachhaltigkeitsaktivit\u00e4ten in drei Fokusfeldern: nachhaltige Produkte, \u00f6kologische Verantwortung und Verantwortung f\u00fcr Menschen.","inLanguage":"en-US","isPartOf":{"@id":"https:\/\/www.noelken.de\/en\/#website"},"breadcrumb":{"@id":"https:\/\/www.noelken.de\/en\/nachhaltigkeit\/fokusfelder\/#breadcrumblist"},"datePublished":"2026-03-24T08:32:49+01:00","dateModified":"2026-06-25T15:06:19+02:00"},{"@type":"WebSite","@id":"https:\/\/www.noelken.de\/en\/#website","url":"https:\/\/www.noelken.de\/en\/","name":"N\u00f6lken Hygiene Products GmbH","inLanguage":"en-US","publisher":{"@id":"https:\/\/www.noelken.de\/en\/#organization"}}]},"og:locale":"en_US","og:site_name":"N\u00f6lken Hygiene Products -","og:type":"article","og:title":"Fokusfelder Nachhaltigkeit - N\u00f6lken Hygiene Products","og:description":"N\u00f6lken b\u00fcndelt seine Nachhaltigkeitsaktivit\u00e4ten in drei Fokusfeldern: nachhaltige Produkte, \u00f6kologische Verantwortung und Verantwortung f\u00fcr Menschen.","og:url":"https:\/\/www.noelken.de\/en\/nachhaltigkeit\/fokusfelder\/","article:published_time":"2026-03-24T07:32:49+00:00","article:modified_time":"2026-06-25T13:06:19+00:00","article:publisher":"https:\/\/www.facebook.com\/noelken.de","twitter:card":"summary_large_image","twitter:title":"Fokusfelder Nachhaltigkeit - N\u00f6lken Hygiene Products","twitter:description":"N\u00f6lken b\u00fcndelt seine Nachhaltigkeitsaktivit\u00e4ten in drei Fokusfeldern: nachhaltige Produkte, \u00f6kologische Verantwortung und Verantwortung f\u00fcr Menschen."},"aioseo_meta_data":{"post_id":"626","title":"Focus Areas: Sustainability #separator_sa #site_title","description":"N\u00f6lken pools its sustainability activities into three focal areas: sustainable products, environmental responsibility, and responsibility for people.","keywords":null,"keyphrases":{"focus":{"keyphrase":"","score":0,"analysis":{"keyphraseInTitle":{"score":0,"maxScore":9,"error":1}}},"additional":[]},"primary_term":null,"canonical_url":null,"og_title":null,"og_description":null,"og_object_type":"default","og_image_type":"default","og_image_custom_url":null,"og_image_custom_fields":null,"og_image_url":null,"og_image_width":null,"og_image_height":null,"og_video":"","og_custom_url":null,"og_article_section":null,"og_article_tags":null,"twitter_use_og":false,"twitter_card":"default","twitter_image_type":"default","twitter_image_custom_url":null,"twitter_image_custom_fields":null,"twitter_image_url":null,"twitter_title":null,"twitter_description":null,"schema_type":"default","schema_type_options":null,"schema":{"blockGraphs":[],"customGraphs":[],"default":{"data":{"Article":[],"Course":[],"Dataset":[],"FAQPage":[],"Movie":[],"Person":[],"Product":[],"ProductReview":[],"Car":[],"Recipe":[],"Service":[],"SoftwareApplication":[],"WebPage":[]},"graphName":"WebPage","isEnabled":true},"graphs":[]},"pillar_content":false,"robots_default":true,"robots_noindex":false,"robots_noarchive":false,"robots_nosnippet":false,"robots_nofollow":false,"robots_noimageindex":false,"robots_noodp":false,"robots_notranslate":false,"robots_max_snippet":"-1","robots_max_videopreview":"-1","robots_max_imagepreview":"large","priority":null,"frequency":"default","local_seo":null,"limit_modified_date":false,"ai":{"faqs":[],"keyPoints":[],"schemas":[],"titles":[],"descriptions":[],"socialPosts":{"email":{"subject":"","preview":"","content":""},"linkedin":[],"twitter":[],"facebook":[],"instagram":[]}},"breadcrumb_settings":null,"seo_analyzer_scan_date":"2026-06-25 13:07:18","created":"2026-06-18 12:45:55","updated":"2026-06-25 14:06:31","focus_keyword":null,"additional_keywords":null,"truseo_locale":null},"aioseo_breadcrumb":"<div class=\"aioseo-breadcrumbs\"><span class=\"aioseo-breadcrumb\">\n\t<a href=\"https:\/\/www.noelken.de\/en\" title=\"Home\">Home<\/a>\n<\/span><span class=\"aioseo-breadcrumb-separator\">&raquo;<\/span><span class=\"aioseo-breadcrumb\">\n\t<a href=\"https:\/\/www.noelken.de\/en\/nachhaltigkeit\/\" title=\"Nachhaltigkeit\">Nachhaltigkeit<\/a>\n<\/span><span class=\"aioseo-breadcrumb-separator\">&raquo;<\/span><span class=\"aioseo-breadcrumb\">\n\tFokusfelder\n<\/span><\/div>","aioseo_breadcrumb_json":[{"label":"Home","link":"https:\/\/www.noelken.de\/en"},{"label":"Nachhaltigkeit","link":"https:\/\/www.noelken.de\/en\/nachhaltigkeit\/"},{"label":"Fokusfelder","link":"https:\/\/www.noelken.de\/en\/nachhaltigkeit\/fokusfelder\/"}],"_links":{"self":[{"href":"https:\/\/www.noelken.de\/en\/wp-json\/wp\/v2\/pages\/626","targetHints":{"allow":["GET"]}}],"collection":[{"href":"https:\/\/www.noelken.de\/en\/wp-json\/wp\/v2\/pages"}],"about":[{"href":"https:\/\/www.noelken.de\/en\/wp-json\/wp\/v2\/types\/page"}],"author":[{"embeddable":true,"href":"https:\/\/www.noelken.de\/en\/wp-json\/wp\/v2\/users\/1"}],"replies":[{"embeddable":true,"href":"https:\/\/www.noelken.de\/en\/wp-json\/wp\/v2\/comments?post=626"}],"version-history":[{"count":31,"href":"https:\/\/www.noelken.de\/en\/wp-json\/wp\/v2\/pages\/626\/revisions"}],"predecessor-version":[{"id":1958,"href":"https:\/\/www.noelken.de\/en\/wp-json\/wp\/v2\/pages\/626\/revisions\/1958"}],"up":[{"embeddable":true,"href":"https:\/\/www.noelken.de\/en\/wp-json\/wp\/v2\/pages\/294"}],"wp:attachment":[{"href":"https:\/\/www.noelken.de\/en\/wp-json\/wp\/v2\/media?parent=626"}],"curies":[{"name":"wp","href":"https:\/\/api.w.org\/{rel}","templated":true}]}}