{"id":146,"date":"2026-02-10T13:21:28","date_gmt":"2026-02-10T12:21:28","guid":{"rendered":"http:\/\/noelken-backup2.local\/?page_id=146"},"modified":"2026-07-13T12:00:08","modified_gmt":"2026-07-13T10:00:08","slug":"firmengeschichte","status":"publish","type":"page","link":"https:\/\/www.noelken.de\/pl\/ueber-uns\/firmengeschichte\/","title":{"rendered":"Historia firmy"},"content":{"rendered":"<div data-elementor-type=\"wp-page\" data-elementor-id=\"146\" class=\"elementor elementor-146\" data-elementor-post-type=\"page\">\n\t\t\t\t<div class=\"elementor-element elementor-element-c27778e e-con-full e-flex e-con e-parent\" data-id=\"c27778e\" data-element_type=\"container\" data-e-type=\"container\" data-settings=\"{&quot;background_background&quot;:&quot;classic&quot;}\">\n\t\t\t\t<\/div>\n\t\t<div class=\"elementor-element elementor-element-3d6e945 e-flex e-con-boxed e-con e-parent\" data-id=\"3d6e945\" data-element_type=\"container\" data-e-type=\"container\">\n\t\t\t\t\t<div class=\"e-con-inner\">\n\t\t\t\t<div class=\"elementor-element elementor-element-6a6a1e2 elementor-widget elementor-widget-spacer\" data-id=\"6a6a1e2\" data-element_type=\"widget\" data-e-type=\"widget\" data-widget_type=\"spacer.default\">\n\t\t\t\t\t\t\t<div class=\"elementor-spacer\">\n\t\t\t<div class=\"elementor-spacer-inner\"><\/div>\n\t\t<\/div>\n\t\t\t\t\t\t<\/div>\n\t\t\t\t<div class=\"elementor-element elementor-element-af5638d elementor-widget elementor-widget-heading\" data-id=\"af5638d\" data-element_type=\"widget\" data-e-type=\"widget\" data-widget_type=\"heading.default\">\n\t\t\t\t\t<h3 class=\"elementor-heading-title elementor-size-default\">Od sprzedawcy do producenta oferuj\u0105cego pe\u0142en zakres us\u0142ug\n<\/h3>\t\t\t\t<\/div>\n\t\t\t\t<div class=\"elementor-element elementor-element-7b17b15 elementor-widget__width-initial elementor-widget elementor-widget-heading\" data-id=\"7b17b15\" data-element_type=\"widget\" data-e-type=\"widget\" data-widget_type=\"heading.default\">\n\t\t\t\t\t<h3 class=\"elementor-heading-title elementor-size-default\">Czysta historia sukcesu\n<\/h3>\t\t\t\t<\/div>\n\t\t\t\t\t<\/div>\n\t\t\t\t<\/div>\n\t\t<div class=\"elementor-element elementor-element-a05576b e-con-full e-flex e-con e-parent\" data-id=\"a05576b\" data-element_type=\"container\" data-e-type=\"container\">\n\t\t<div class=\"elementor-element elementor-element-c68f137 e-flex e-con-boxed e-con e-child\" data-id=\"c68f137\" data-element_type=\"container\" data-e-type=\"container\">\n\t\t\t\t\t<div class=\"e-con-inner\">\n\t\t\t\t<div class=\"elementor-element elementor-element-2a45e94 elementor-widget__width-initial elementor-widget elementor-widget-text-editor\" data-id=\"2a45e94\" data-element_type=\"widget\" data-e-type=\"widget\" data-widget_type=\"text-editor.default\">\n\t\t\t\t\t\t\t\t\t<p><strong>W 1982 roku Ernst N\u00f6lken za\u0142o\u017cy\u0142 firm\u0119 handlow\u0105 zajmuj\u0105c\u0105 si\u0119 wilgotnym papierem toaletowym, kt\u00f3ra przekszta\u0142ci\u0142a si\u0119 w jednego z najbardziej odnosz\u0105cych sukcesy dostawc\u00f3w kosmetycznych produkt\u00f3w piel\u0119gnacyjnych dla przemys\u0142u i handlu.<\/strong><\/p><div class=\"column col_6\"><div class=\"attributes\"><div class=\"ce_text format-p-large block\" data-animate=\"fadeInUp\"><p>Nied\u0142ugo po za\u0142o\u017ceniu w 1982 roku, N\u00f6lken nie tylko rozszerza swoje portfolio, ale r\u00f3wnie\u017c samo przedsi\u0119biorstwo rozwija si\u0119 i stale ro\u015bnie dzi\u0119ki w\u0142asnym obiektom produkcyjnym.<\/p><p>W 1997 roku N\u00f6lken rozszerza swoj\u0105 gam\u0119 produkt\u00f3w o produkcj\u0119 wk\u0142adek laktacyjnych, w 2005 roku firma rozpoczyna nape\u0142nianie p\u0142yn\u00f3w, a od 2008 roku buduje dzia\u0142 formu\u0142owania i mieszania.<\/p><p>To, co zaczyna\u0142o si\u0119 jako ma\u0142a firma z kilkoma produktami, rozros\u0142o si\u0119 do jednego z najwi\u0119kszych dostawc\u00f3w produkt\u00f3w do piel\u0119gnacji i artyku\u0142\u00f3w higienicznych w Niemczech. W 1991 roku rozpocz\u0119to budow\u0119 zak\u0142adu w Windhagen, a ju\u017c dwa lata p\u00f3\u017aniej N\u00f6lken otworzy\u0142 kolejny zak\u0142ad produkcyjny w polskim Nowogrod\u017acu.<\/p><p>Od 2010 roku rodzinnym przedsi\u0119biorstwem kieruj\u0105 Ernst Markus N\u00f6lken i Ulrich Daniel N\u00f6lken, reprezentuj\u0105cy drugie pokolenie.<\/p><\/div><\/div><\/div><div class=\"column col_6\"><div class=\"attributes\"><div class=\"ce_image_extended border-radius-10 block frame-no style-default align-default\"><div class=\"ce_image_extended_inside\">\u00a0<\/div><\/div><\/div><\/div>\t\t\t\t\t\t\t\t<\/div>\n\t\t\t\t\t<\/div>\n\t\t\t\t<\/div>\n\t\t<div class=\"elementor-element elementor-element-ed25fe2 e-flex e-con-boxed e-con e-child\" data-id=\"ed25fe2\" data-element_type=\"container\" data-e-type=\"container\">\n\t\t\t\t\t<div class=\"e-con-inner\">\n\t\t\t\t<div class=\"elementor-element elementor-element-a8994d1 elementor-widget__width-initial elementor-widget elementor-widget-image\" data-id=\"a8994d1\" data-element_type=\"widget\" data-e-type=\"widget\" data-widget_type=\"image.default\">\n\t\t\t\t\t\t\t\t\t\t\t\t\t\t\t<img fetchpriority=\"high\" decoding=\"async\" width=\"800\" height=\"694\" src=\"https:\/\/www.noelken.de\/wp-content\/uploads\/2026\/07\/Noelken-Erfolgsgeschichte.png\" class=\"attachment-full size-full wp-image-2753\" alt=\"Two suited men with glasses stand side by side, smiling, in front of a blue banner that reads &apos;We are family&apos;.\" srcset=\"https:\/\/www.noelken.de\/wp-content\/uploads\/2026\/07\/Noelken-Erfolgsgeschichte.png 800w, https:\/\/www.noelken.de\/wp-content\/uploads\/2026\/07\/Noelken-Erfolgsgeschichte-300x260.png 300w, https:\/\/www.noelken.de\/wp-content\/uploads\/2026\/07\/Noelken-Erfolgsgeschichte-768x666.png 768w, https:\/\/www.noelken.de\/wp-content\/uploads\/2026\/07\/Noelken-Erfolgsgeschichte-14x12.png 14w\" sizes=\"(max-width: 800px) 100vw, 800px\" \/>\t\t\t\t\t\t\t\t\t\t\t\t\t\t\t<\/div>\n\t\t\t\t\t<\/div>\n\t\t\t\t<\/div>\n\t\t\t\t<\/div>\n\t\t<div class=\"elementor-element elementor-element-7a17338 e-flex e-con-boxed e-con e-parent\" data-id=\"7a17338\" data-element_type=\"container\" data-e-type=\"container\">\n\t\t\t\t\t<div class=\"e-con-inner\">\n\t\t\t\t<div class=\"elementor-element elementor-element-83d2260 elementor-widget__width-initial elementor-widget elementor-widget-spacer\" data-id=\"83d2260\" data-element_type=\"widget\" data-e-type=\"widget\" data-widget_type=\"spacer.default\">\n\t\t\t\t\t\t\t<div class=\"elementor-spacer\">\n\t\t\t<div class=\"elementor-spacer-inner\"><\/div>\n\t\t<\/div>\n\t\t\t\t\t\t<\/div>\n\t\t\t\t\t<\/div>\n\t\t\t\t<\/div>\n\t\t<div class=\"elementor-element elementor-element-44e7da2 e-con-full e-flex e-con e-parent\" data-id=\"44e7da2\" data-element_type=\"container\" data-e-type=\"container\">\n\t\t\t\t<div class=\"elementor-element elementor-element-e5d14a1 elementor-widget__width-initial elementor-widget-mobile__width-inherit elementor-widget elementor-widget-heading\" data-id=\"e5d14a1\" data-element_type=\"widget\" data-e-type=\"widget\" data-widget_type=\"heading.default\">\n\t\t\t\t\t<h2 class=\"elementor-heading-title elementor-size-default\">N\u00f6lken Hygiene Products GmbH \u2013 ponad cztery dekady do\u015bwiadczenia\n<\/h2>\t\t\t\t<\/div>\n\t\t\t\t<div class=\"elementor-element elementor-element-f38a5cc elementor-widget elementor-widget-timeline-widget-addon\" data-id=\"f38a5cc\" data-element_type=\"widget\" data-e-type=\"widget\" data-widget_type=\"timeline-widget-addon.default\">\n\t\t\t\t<div class=\"elementor-widget-container\">\n\t\t\t\t\t<!-- ========= Timeline Widget Pro For Elementor 2.6.2 ========= --><div id=\"twae-wrapper-f38a5cc\" class=\"twae-vertical twae-wrapper twae-vertical-right style-1 twae-bg-simple\" data-style=\"style-1\" data-enable-popup=\"no\">    <div class=\"twae-start\"><\/div>    <div class=\"twae-line twae-timeline\" ><div class=\"twae-year twae-year-container elementor-repeater-item-0ab2a42\">\n\t\t\t\t\t\t<div class=\"twae-year-label twae-year-text\" >1982<\/div>\n\t\t\t\t\t<\/div><div id=\"twae-0ab2a42\" class=\"twae-story elementor-repeater-item-0ab2a42 twae-repeater-item twae-story-right twae-story-no-icon\"><div class=\"twae-icondot\"><\/div><div class=\"twae-arrow\" ><\/div><div class=\"twae-content\"  data-aos=\"flip-up\"><div class=\"twae-title\">Za\u0142o\u017cenie sp\u00f3\u0142ki handlowej<\/div><div class=\"twae-media full\"><img decoding=\"async\" src=\"https:\/\/www.noelken.de\/files\/media\/01-ueber-uns\/01-geschichte\/zeitstrahl\/gruendung-noelken-1982.webp\"><\/img><\/div><div class=\"twae-description\"><p>1 stycznia 1982 roku Barbara i Ernst N\u00f6lken za\u0142o\u017cyli firm\u0119 N\u00f6lken GmbH jako sp\u00f3\u0142k\u0119 handlow\u0105 z celem \u201esprzeda\u017c wilgotnego papieru toaletowego i chusteczek nas\u0105czonych olejem\u201c. Pierwsz\u0105 siedzib\u0105 firmy by\u0142o mieszkanie rodziny w Rheinbach.<\/p><div class=\"ce_image attribute image\"><div class=\"ce_image block\"><figure class=\"image_container\"><\/figure><\/div><\/div><\/div><\/div><\/div><div class=\"twae-year twae-year-container elementor-repeater-item-508e7c7\">\n\t\t\t\t\t\t<div class=\"twae-year-label twae-year-text\" >1988<\/div>\n\t\t\t\t\t<\/div><div id=\"twae-508e7c7\" class=\"twae-story elementor-repeater-item-508e7c7 twae-repeater-item twae-story-right twae-story-no-icon\"><div class=\"twae-icondot\"><\/div><div class=\"twae-arrow\" ><\/div><div class=\"twae-content\"  data-aos=\"flip-up\"><div class=\"twae-title\">Pocz\u0105tek w\u0142asnej produkcji<\/div><div class=\"twae-media full\"><img decoding=\"async\" src=\"https:\/\/www.noelken.de\/files\/media\/01-ueber-uns\/01-geschichte\/zeitstrahl\/produktion-noelken-1988.webp\"><\/img><\/div><div class=\"twae-description\"><p>1 stycznia 1988 roku w Bad Honnef-Rottbitze rozpocz\u0119\u0142a si\u0119 pierwsza w\u0142asna produkcja chusteczek do demakija\u017cu pod mark\u0105 BarbaraN. Od tego czasu \u201erodzina N\u00f6lken\u201c stale si\u0119 powi\u0119ksza. Opr\u00f3cz produkcji wilgotnego papieru toaletowego i chusteczek nawil\u017canych z gotowych stos\u00f3w materia\u0142u, pakowano wk\u0142ady laktacyjne.<\/p><div class=\"ce_image attribute image\"><div class=\"ce_image block\"><figure class=\"image_container\"><\/figure><\/div><\/div><div class=\"ce_image attribute image\"><div class=\"ce_image block\"><figure class=\"image_container\"><\/figure><\/div><\/div><\/div><\/div><\/div><div class=\"twae-year twae-year-container elementor-repeater-item-f1f3ed5\">\n\t\t\t\t\t\t<div class=\"twae-year-label twae-year-text\" >1993<\/div>\n\t\t\t\t\t<\/div><div id=\"twae-f1f3ed5\" class=\"twae-story elementor-repeater-item-f1f3ed5 twae-repeater-item twae-story-right twae-story-no-icon\"><div class=\"twae-icondot\"><\/div><div class=\"twae-arrow\" ><\/div><div class=\"twae-content\"  data-aos=\"flip-up\"><div class=\"twae-title\">Za\u0142o\u017cenie polskiej sp\u00f3\u0142ki zale\u017cnej<\/div><div class=\"twae-media full\"><img decoding=\"async\" src=\"https:\/\/www.noelken.de\/assets\/images\/m\/1993-polen-yf9txa28ng825m1.webp\"><\/img><\/div><div class=\"twae-description\"><p>Na pocz\u0105tku lat 90. N\u00f6lken, podobnie jak wiele firm w tamtym czasie, skorzysta\u0142 z okazji do ekspansji w Europie Wschodniej. W 1993 roku za\u0142o\u017cono polsk\u0105 sp\u00f3\u0142k\u0119 zale\u017cn\u0105. Wykonywano tu przede wszystkim pracoch\u0142onne czynno\u015bci, takie jak sk\u0142adanie i ci\u0119cie stos\u00f3w sukna.<\/p><div class=\"ce_image attribute image\"><div class=\"ce_image block\"><figure class=\"image_container\"><\/figure><\/div><\/div><div class=\"ce_image attribute image\"><div class=\"ce_image block\"><figure class=\"image_container\"><\/figure><\/div><\/div><\/div><\/div><\/div><div class=\"twae-year twae-year-container elementor-repeater-item-e231f47\">\n\t\t\t\t\t\t<div class=\"twae-year-label twae-year-text\" >1997<\/div>\n\t\t\t\t\t<\/div><div id=\"twae-e231f47\" class=\"twae-story elementor-repeater-item-e231f47 twae-repeater-item twae-story-right twae-story-no-icon\"><div class=\"twae-icondot\"><\/div><div class=\"twae-arrow\" ><\/div><div class=\"twae-content\"  data-aos=\"flip-up\"><div class=\"twae-title\">Rozpocz\u0119cie produkcji wk\u0142adek laktacyjnych<\/div><div class=\"twae-media full\"><img decoding=\"async\" src=\"https:\/\/www.noelken.de\/assets\/images\/1\/1997-stilleinlagen-c00rpvne05hjyk4.webp\"><\/img><\/div><div class=\"twae-description\"><p>Ekspansja szybko post\u0119powa\u0142a: 1 stycznia 1997 roku N\u00f6lken rozpocz\u0105\u0142 produkcj\u0119 wk\u0142adek laktacyjnych w Windhagen.<\/p><div class=\"ce_image attribute image\"><div class=\"ce_image block\"><figure class=\"image_container\"><\/figure><\/div><\/div><div class=\"ce_image attribute image\"><div class=\"ce_image block\"><figure class=\"image_container\"><\/figure><\/div><\/div><div class=\"ce_image attribute image\"><div class=\"ce_image block\"><figure class=\"image_container\"><\/figure><\/div><\/div><\/div><\/div><\/div><div class=\"twae-year twae-year-container elementor-repeater-item-4629e87\">\n\t\t\t\t\t\t<div class=\"twae-year-label twae-year-text\" >2005<\/div>\n\t\t\t\t\t<\/div><div id=\"twae-4629e87\" class=\"twae-story elementor-repeater-item-4629e87 twae-repeater-item twae-story-right twae-story-no-icon\"><div class=\"twae-icondot\"><\/div><div class=\"twae-arrow\" ><\/div><div class=\"twae-content\"  data-aos=\"flip-up\"><div class=\"twae-title\">Rozpocz\u0119cie nape\u0142niania p\u0142yn\u00f3w<\/div><div class=\"twae-media full\"><img decoding=\"async\" src=\"https:\/\/www.noelken.de\/assets\/images\/9\/2005-fluessigabfuellung-7z8v6ewdj696r76.webp\"><\/img><\/div><div class=\"twae-description\"><p>W 2005 roku rozpocz\u0119to rozlew p\u0142yn\u00f3w. Pozwoli\u0142o to na znacz\u0105ce poszerzenie portfolio produkt\u00f3w i umo\u017cliwienie zaopatrzenia klient\u00f3w w kompletne serie produkt\u00f3w do piel\u0119gnacji niemowl\u0105t (sk\u0142adaj\u0105ce si\u0119 z chusteczek nawil\u017canych, wk\u0142adek laktacyjnych i produkt\u00f3w do piel\u0119gnacji niemowl\u0105t) z jednego \u017ar\u00f3d\u0142a.<\/p><div class=\"ce_image attribute image\"><div class=\"ce_image block\"><figure class=\"image_container\"><\/figure><\/div><\/div><div class=\"ce_image attribute image\"><div class=\"ce_image block\"><figure class=\"image_container\"><\/figure><\/div><\/div><div class=\"ce_image attribute image\"><div class=\"ce_image block\"><figure class=\"image_container\"><\/figure><\/div><\/div><\/div><\/div><\/div><div class=\"twae-year twae-year-container elementor-repeater-item-154f871\">\n\t\t\t\t\t\t<div class=\"twae-year-label twae-year-text\" >2008<\/div>\n\t\t\t\t\t<\/div><div id=\"twae-154f871\" class=\"twae-story elementor-repeater-item-154f871 twae-repeater-item twae-story-right twae-story-no-icon\"><div class=\"twae-icondot\"><\/div><div class=\"twae-arrow\" ><\/div><div class=\"twae-content\"  data-aos=\"flip-up\"><div class=\"twae-title\">Struktura dzia\u0142u formu\u0142owania i mieszania<\/div><div class=\"twae-media full\"><img decoding=\"async\" src=\"https:\/\/www.noelken.de\/assets\/images\/1\/2008-mischbetr-akzm9t8zfpc9w5a.webp\"><\/img><\/div><div class=\"twae-description\"><p>W 2008 roku kolejny kamie\u0144 milowy postawiono wraz z utworzeniem w\u0142asnego dzia\u0142u receptur i mieszania. Od tej pory nie tylko zawarto\u015bci do tygli, tubek i buteleczek mog\u0142y by\u0107 opracowywane i produkowane samodzielnie, ale tak\u017ce p\u0142yny nas\u0105czaj\u0105ce do chusteczek nawil\u017canych, kt\u00f3re do tej pory by\u0142y kupowane na zewn\u0105trz, stopniowo przechodzi\u0142y do w\u0142asnej produkcji.<\/p><div class=\"ce_image attribute image\"><div class=\"ce_image block\"><figure class=\"image_container\"><\/figure><\/div><\/div><div class=\"ce_image attribute image\"><div class=\"ce_image block\"><figure class=\"image_container\"><\/figure><\/div><\/div><div class=\"ce_image attribute image\"><div class=\"ce_image block\"><figure class=\"image_container\"><\/figure><\/div><\/div><div class=\"ce_image attribute image\"><div class=\"ce_image block\"><figure class=\"image_container\"><\/figure><\/div><\/div><\/div><\/div><\/div><div class=\"twae-year twae-year-container elementor-repeater-item-f02447d\">\n\t\t\t\t\t\t<div class=\"twae-year-label twae-year-text\" >2010<\/div>\n\t\t\t\t\t<\/div><div id=\"twae-f02447d\" class=\"twae-story elementor-repeater-item-f02447d twae-repeater-item twae-story-right twae-story-no-icon\"><div class=\"twae-icondot\"><\/div><div class=\"twae-arrow\" ><\/div><div class=\"twae-content\"  data-aos=\"flip-up\"><div class=\"twae-title\">Zmiana pokole\u0144<\/div><div class=\"twae-media full\"><img decoding=\"async\" src=\"https:\/\/www.noelken.de\/assets\/images\/a\/noelken-markus-und-daniel-ntcqbdb29y8gwpq.webp\"><\/img><\/div><div class=\"twae-description\"><p>Rodzinna firma przechodzi do drugiego pokolenia: Ernst N\u00f6lken przekazuje firm\u0119 swoim dw\u00f3m synom, Ulrichowi Danielowi i Ernstowi Markusowi N\u00f6lkenowi.<\/p><div class=\"ce_image attribute image\"><div class=\"ce_image block\"><figure class=\"image_container\"><\/figure><\/div><\/div><div class=\"ce_image attribute image\"><div class=\"ce_image block\"><figure class=\"image_container\"><\/figure><\/div><\/div><div class=\"ce_image attribute image\"><div class=\"ce_image block\"><figure class=\"image_container\"><\/figure><\/div><\/div><div class=\"ce_image attribute image\"><div class=\"ce_image block\"><figure class=\"image_container\"><\/figure><\/div><\/div><div class=\"ce_image attribute image\"><div class=\"ce_image block\"><figure class=\"image_container\"><\/figure><\/div><\/div><\/div><\/div><\/div><div class=\"twae-year twae-year-container elementor-repeater-item-f04e931\">\n\t\t\t\t\t\t<div class=\"twae-year-label twae-year-text\" >2014-2019<\/div>\n\t\t\t\t\t<\/div><div id=\"twae-f04e931\" class=\"twae-story elementor-repeater-item-f04e931 twae-repeater-item twae-story-right twae-story-no-icon\"><div class=\"twae-icondot\"><\/div><div class=\"twae-arrow\" ><\/div><div class=\"twae-content\"  data-aos=\"flip-up\"><div class=\"twae-title\">Rozszerzenie produkcji<\/div><div class=\"twae-media full\"><img decoding=\"async\" src=\"https:\/\/www.noelken.de\/assets\/images\/7\/erweiterung-28atjk3e4vj12pz.webp\"><\/img><\/div><div class=\"twae-description\"><p>Dzi\u0119ki przej\u0119ciu nowych maszyn produkcja wk\u0142adek laktacyjnych w zak\u0142adzie w Windhagen zostanie rozszerzona w nowej hali produkcyjnej w 2014 roku.<\/p><p>W 2015 roku nast\u0105pi\u0142a rozbudowa linii do rozlewania p\u0142yn\u00f3w, co by\u0142o mo\u017cliwe dzi\u0119ki przej\u0119ciu budynku w bezpo\u015brednim s\u0105siedztwie.<\/p><p>W 2018 roku rozbudowano dzia\u0142 mieszania, co pozwoli\u0142o sprosta\u0107 rosn\u0105cemu zapotrzebowaniu, przede wszystkim na p\u0142yny do pojenia. W 2019 roku obie lokalizacje (Windhagen i Polska) zainwestowa\u0142y w kolejne maszyny do produkcji chusteczek nawil\u017canych.<\/p><div class=\"ce_image attribute image\"><div class=\"ce_image block\"><figure class=\"image_container\"><\/figure><\/div><\/div><div class=\"ce_image attribute image\"><div class=\"ce_image block\"><figure class=\"image_container\"><\/figure><\/div><\/div><div class=\"ce_image attribute image\"><div class=\"ce_image block\"><figure class=\"image_container\"><\/figure><\/div><\/div><div class=\"ce_image attribute image\"><div class=\"ce_image block\"><figure class=\"image_container\"><\/figure><\/div><\/div><div class=\"ce_image attribute image\"><div class=\"ce_image block\"><figure class=\"image_container\"><\/figure><\/div><\/div><div class=\"ce_image attribute image\"><div class=\"ce_image block\"><figure class=\"image_container\"><\/figure><\/div><\/div><\/div><\/div><\/div><div class=\"twae-year twae-year-container elementor-repeater-item-3b4d829\">\n\t\t\t\t\t\t<div class=\"twae-year-label twae-year-text\" >2020<\/div>\n\t\t\t\t\t<\/div><div id=\"twae-3b4d829\" class=\"twae-story elementor-repeater-item-3b4d829 twae-repeater-item twae-story-right twae-story-no-icon\"><div class=\"twae-icondot\"><\/div><div class=\"twae-arrow\" ><\/div><div class=\"twae-content\"  data-aos=\"flip-up\"><div class=\"twae-title\">RHEOSOL\/NW-Chemie staje si\u0119 cz\u0119\u015bci\u0105 NOELKEN GROUP<\/div><div class=\"twae-media full\"><img decoding=\"async\" src=\"https:\/\/www.noelken.de\/assets\/images\/k\/2020_NWC-3zqffbka14k67w0.webp\"><\/img><\/div><div class=\"twae-description\"><p>Poprzednia firma Wachendorff GmbH jako NW-Chemie do\u0142\u0105cza do grupy Noelken Group. NW-Chemie GmbH jest markowym producentem, a jednocze\u015bnie kompleksowym dostawc\u0105 niezb\u0119dnych akcesori\u00f3w w zakresie higieny i dezynfekcji.<\/p><div class=\"ce_image attribute image\"><div class=\"ce_image block\"><figure class=\"image_container\"><\/figure><\/div><\/div><div class=\"ce_image attribute image\"><div class=\"ce_image block\"><figure class=\"image_container\"><\/figure><\/div><\/div><div class=\"ce_image attribute image\"><div class=\"ce_image block\"><figure class=\"image_container\"><\/figure><\/div><\/div><div class=\"ce_image attribute image\"><div class=\"ce_image block\"><figure class=\"image_container\"><\/figure><\/div><\/div><div class=\"ce_image attribute image\"><div class=\"ce_image block\"><figure class=\"image_container\"><\/figure><\/div><\/div><div class=\"ce_image attribute image\"><div class=\"ce_image block\"><figure class=\"image_container\"><\/figure><\/div><\/div><div class=\"ce_image attribute image\"><div class=\"ce_image block\"><figure class=\"image_container\"><\/figure><\/div><\/div><\/div><\/div><\/div><div class=\"twae-year twae-year-container elementor-repeater-item-d461d12\">\n\t\t\t\t\t\t<div class=\"twae-year-label twae-year-text\" >2021<\/div>\n\t\t\t\t\t<\/div><div id=\"twae-d461d12\" class=\"twae-story elementor-repeater-item-d461d12 twae-repeater-item twae-story-right twae-story-no-icon\"><div class=\"twae-icondot\"><\/div><div class=\"twae-arrow\" ><\/div><div class=\"twae-content\"  data-aos=\"flip-up\"><div class=\"twae-title\">Utworzenie nowego zak\u0142adu produkcyjnego w Neustadt<\/div><div class=\"twae-media full\"><img decoding=\"async\" src=\"https:\/\/www.noelken.de\/assets\/images\/p\/2021-neustadt-fernthal-0fnvahy8qte0gsa.webp\"><\/img><\/div><div class=\"twae-description\"><p>Dzi\u0119ki nabyciu nowej hali wraz z pomieszczeniami biurowymi w Neustadt\/Wied uda\u0142o si\u0119 rozszerzy\u0107 moce produkcyjne. W 2021 roku rozpocznie si\u0119 produkcja kolejnych wilgotnych chusteczek.<\/p><div class=\"ce_image attribute image\"><div class=\"ce_image block\"><figure class=\"image_container\"><\/figure><\/div><\/div><div class=\"ce_image attribute image\"><div class=\"ce_image block\"><figure class=\"image_container\"><\/figure><\/div><\/div><div class=\"ce_image attribute image\"><div class=\"ce_image block\"><figure class=\"image_container\"><\/figure><\/div><\/div><div class=\"ce_image attribute image\"><div class=\"ce_image block\"><figure class=\"image_container\"><\/figure><\/div><\/div><div class=\"ce_image attribute image\"><div class=\"ce_image block\"><figure class=\"image_container\"><\/figure><\/div><\/div><div class=\"ce_image attribute image\"><div class=\"ce_image block\"><figure class=\"image_container\"><\/figure><\/div><\/div><div class=\"ce_image attribute image\"><div class=\"ce_image block\"><figure class=\"image_container\"><\/figure><\/div><\/div><div class=\"ce_image attribute image\"><div class=\"ce_image block\"><figure class=\"image_container\"><\/figure><\/div><\/div><\/div><\/div><\/div><\/div>\n<div class=\"twae-end\"><\/div><\/div><style type=\"text\/css\">@media (max-width: 1024px){ .twae-vertical.twae-wrapper{--tw-ybx-size: 80px !important;}}<\/style>\t\t\t\t<\/div>\n\t\t\t\t<\/div>\n\t\t\t\t<\/div>\n\t\t\t\t<\/div>","protected":false},"excerpt":{"rendered":"<p>Vom H\u00e4ndler zum Full-Service-Hersteller Eine saubere Erfolgsgeschichte 1982 gr\u00fcndet Ernst N\u00f6lken eine Handelsgesellschaft f\u00fcr feuchtes Toilettenpapier, die sich zu einem der erfolgreichsten Anbieter kosmetischer Pflegeprodukte f\u00fcr Industrie und Handel entwickelte. Schon bald nach der Gr\u00fcndung 1982 w\u00e4chst nicht nur das Portfolio von N\u00f6lken, auch das Unternehmen selbst expandiert und vergr\u00f6\u00dfert sich kontinuierlich durch eigene Produktionseinrichtungen. [&hellip;]<\/p>\n","protected":false},"author":1,"featured_media":0,"parent":48,"menu_order":0,"comment_status":"closed","ping_status":"closed","template":"","meta":{"footnotes":""},"class_list":["post-146","page","type-page","status-publish","hentry"],"aioseo_notices":[],"aioseo_head":"\n\t\t<!-- All in One SEO Pro 5.0.1.1 - aioseo.com -->\n\t<meta name=\"description\" content=\"Erfahren Sie, wie aus der N\u00f6lken GmbH ein international t\u00e4tiger Full-Service-Hersteller f\u00fcr kosmetische Pflegeprodukte und Hygieneartikel wurde.\" \/>\n\t<meta name=\"robots\" content=\"max-image-preview:large\" \/>\n\t<link rel=\"canonical\" href=\"https:\/\/www.noelken.de\/pl\/ueber-uns\/firmengeschichte\/\" \/>\n\t<meta name=\"generator\" content=\"All in One SEO Pro (AIOSEO) 5.0.1.1\" \/>\n\t\t<meta property=\"og:locale\" content=\"pl_PL\" \/>\n\t\t<meta property=\"og:site_name\" content=\"N\u00f6lken Hygiene Products -\" \/>\n\t\t<meta property=\"og:type\" content=\"article\" \/>\n\t\t<meta property=\"og:title\" content=\"Firmengeschichte - N\u00f6lken Hygiene Products\" \/>\n\t\t<meta property=\"og:description\" content=\"Erfahren Sie, wie aus der N\u00f6lken GmbH ein international t\u00e4tiger Full-Service-Hersteller f\u00fcr kosmetische Pflegeprodukte und Hygieneartikel wurde.\" \/>\n\t\t<meta property=\"og:url\" content=\"https:\/\/www.noelken.de\/pl\/ueber-uns\/firmengeschichte\/\" \/>\n\t\t<meta property=\"article:published_time\" content=\"2026-02-10T12:21:28+00:00\" \/>\n\t\t<meta property=\"article:modified_time\" content=\"2026-07-13T10:00:08+00:00\" \/>\n\t\t<meta property=\"article:publisher\" content=\"https:\/\/www.facebook.com\/noelken.de\" \/>\n\t\t<meta name=\"twitter:card\" content=\"summary_large_image\" \/>\n\t\t<meta name=\"twitter:title\" content=\"Firmengeschichte - N\u00f6lken Hygiene Products\" \/>\n\t\t<meta name=\"twitter:description\" content=\"Erfahren Sie, wie aus der N\u00f6lken GmbH ein international t\u00e4tiger Full-Service-Hersteller f\u00fcr kosmetische Pflegeprodukte und Hygieneartikel wurde.\" \/>\n\t\t<script type=\"application\/ld+json\" class=\"aioseo-schema\">\n\t\t\t{\"@context\":\"https:\\\/\\\/schema.org\",\"@graph\":[{\"@type\":\"BreadcrumbList\",\"@id\":\"https:\\\/\\\/www.noelken.de\\\/pl\\\/ueber-uns\\\/firmengeschichte\\\/#breadcrumblist\",\"itemListElement\":[{\"@type\":\"ListItem\",\"@id\":\"https:\\\/\\\/www.noelken.de\\\/pl#listItem\",\"position\":1,\"name\":\"Home\",\"item\":\"https:\\\/\\\/www.noelken.de\\\/pl\",\"nextItem\":{\"@type\":\"ListItem\",\"@id\":\"https:\\\/\\\/www.noelken.de\\\/pl\\\/ueber-uns\\\/#listItem\",\"name\":\"\\u00dcber uns\"}},{\"@type\":\"ListItem\",\"@id\":\"https:\\\/\\\/www.noelken.de\\\/pl\\\/ueber-uns\\\/#listItem\",\"position\":2,\"name\":\"\\u00dcber uns\",\"item\":\"https:\\\/\\\/www.noelken.de\\\/pl\\\/ueber-uns\\\/\",\"nextItem\":{\"@type\":\"ListItem\",\"@id\":\"https:\\\/\\\/www.noelken.de\\\/pl\\\/ueber-uns\\\/firmengeschichte\\\/#listItem\",\"name\":\"Firmengeschichte\"},\"previousItem\":{\"@type\":\"ListItem\",\"@id\":\"https:\\\/\\\/www.noelken.de\\\/pl#listItem\",\"name\":\"Home\"}},{\"@type\":\"ListItem\",\"@id\":\"https:\\\/\\\/www.noelken.de\\\/pl\\\/ueber-uns\\\/firmengeschichte\\\/#listItem\",\"position\":3,\"name\":\"Firmengeschichte\",\"previousItem\":{\"@type\":\"ListItem\",\"@id\":\"https:\\\/\\\/www.noelken.de\\\/pl\\\/ueber-uns\\\/#listItem\",\"name\":\"\\u00dcber uns\"}}]},{\"@type\":\"Organization\",\"@id\":\"https:\\\/\\\/www.noelken.de\\\/pl\\\/#organization\",\"name\":\"N\\u00f6lken Hygiene Products GmbH\",\"description\":\"Die N\\u00f6lken Hygiene Products GmbH wurde 1982 von Ernst N\\u00f6lken gegr\\u00fcndet und wird heute als Familienunternehmen in der zweiten Generation gef\\u00fchrt. Das Unternehmen mit dem Stammsitz im rheinland-pf\\u00e4lzischen Windhagen vollzog die Entwicklung vom Handelsunternehmen zum breit aufgestellten Hersteller und geh\\u00f6rt heute zu den Marktf\\u00fchrenden in den Bereichen kosmetische Pflegemittel und Hygieneprodukte. \\u00dcber 500 Mitarbeitende entwickeln und produzieren an vier Standorten in Deutschland und Polen Feuchtt\\u00fccher, Stilleinlagen und kosmetische Pflegeprodukte f\\u00fcr namhafte Handels- und Industrieunternehmen auf drei Kontinenten.\",\"url\":\"https:\\\/\\\/www.noelken.de\\\/pl\\\/\",\"email\":\"info@noelken.de\",\"telephone\":\"+49264595270\",\"foundingDate\":\"1982-01-01\",\"numberOfEmployees\":{\"@type\":\"QuantitativeValue\",\"value\":500},\"logo\":{\"@type\":\"ImageObject\",\"url\":\"https:\\\/\\\/www.noelken.de\\\/wp-content\\\/uploads\\\/2026\\\/02\\\/favicon-32x32-1.png\",\"@id\":\"https:\\\/\\\/www.noelken.de\\\/pl\\\/ueber-uns\\\/firmengeschichte\\\/#organizationLogo\",\"width\":32,\"height\":32},\"image\":{\"@id\":\"https:\\\/\\\/www.noelken.de\\\/pl\\\/ueber-uns\\\/firmengeschichte\\\/#organizationLogo\"},\"sameAs\":[\"https:\\\/\\\/www.facebook.com\\\/noelken.de\",\"https:\\\/\\\/www.instagram.com\\\/noelkenhygiene\",\"https:\\\/\\\/www.tiktok.com\\\/@noelkenhygiene\",\"https:\\\/\\\/www.youtube.com\\\/channel\\\/UCgE3LbL2-YKqUVFKMmPOUIg\",\"https:\\\/\\\/www.linkedin.com\\\/company\\\/noelken-hygiene\"]},{\"@type\":\"WebPage\",\"@id\":\"https:\\\/\\\/www.noelken.de\\\/pl\\\/ueber-uns\\\/firmengeschichte\\\/#webpage\",\"url\":\"https:\\\/\\\/www.noelken.de\\\/pl\\\/ueber-uns\\\/firmengeschichte\\\/\",\"name\":\"Firmengeschichte - N\\u00f6lken Hygiene Products\",\"description\":\"Erfahren Sie, wie aus der N\\u00f6lken GmbH ein international t\\u00e4tiger Full-Service-Hersteller f\\u00fcr kosmetische Pflegeprodukte und Hygieneartikel wurde.\",\"inLanguage\":\"pl-PL\",\"isPartOf\":{\"@id\":\"https:\\\/\\\/www.noelken.de\\\/pl\\\/#website\"},\"breadcrumb\":{\"@id\":\"https:\\\/\\\/www.noelken.de\\\/pl\\\/ueber-uns\\\/firmengeschichte\\\/#breadcrumblist\"},\"datePublished\":\"2026-02-10T13:21:28+01:00\",\"dateModified\":\"2026-07-13T12:00:08+02:00\"},{\"@type\":\"WebSite\",\"@id\":\"https:\\\/\\\/www.noelken.de\\\/pl\\\/#website\",\"url\":\"https:\\\/\\\/www.noelken.de\\\/pl\\\/\",\"name\":\"N\\u00f6lken Hygiene Products GmbH\",\"inLanguage\":\"pl-PL\",\"publisher\":{\"@id\":\"https:\\\/\\\/www.noelken.de\\\/pl\\\/#organization\"}}]}\n\t\t<\/script>\n\t\t<!-- All in One SEO Pro -->\r\n\t\t<title>Firmengeschichte - N\u00f6lken Hygiene Products<\/title>\n\n","aioseo_head_json":{"title":"Historia firmy \u2013 N\u00f6lken Hygiene Products","description":"Dowiedz si\u0119, jak firma N\u00f6lken GmbH sta\u0142a si\u0119 mi\u0119dzynarodowym producentem kompleksowych us\u0142ug w zakresie kosmetyk\u00f3w piel\u0119gnacyjnych i artyku\u0142\u00f3w higienicznych.","canonical_url":"https:\/\/www.noelken.de\/pl\/ueber-uns\/firmengeschichte\/","robots":"max-image-preview:large","keywords":"","webmasterTools":{"miscellaneous":""},"schema":{"@context":"https:\/\/schema.org","@graph":[{"@type":"BreadcrumbList","@id":"https:\/\/www.noelken.de\/pl\/ueber-uns\/firmengeschichte\/#breadcrumblist","itemListElement":[{"@type":"ListItem","@id":"https:\/\/www.noelken.de\/pl#listItem","position":1,"name":"Home","item":"https:\/\/www.noelken.de\/pl","nextItem":{"@type":"ListItem","@id":"https:\/\/www.noelken.de\/pl\/ueber-uns\/#listItem","name":"\u00dcber uns"}},{"@type":"ListItem","@id":"https:\/\/www.noelken.de\/pl\/ueber-uns\/#listItem","position":2,"name":"\u00dcber uns","item":"https:\/\/www.noelken.de\/pl\/ueber-uns\/","nextItem":{"@type":"ListItem","@id":"https:\/\/www.noelken.de\/pl\/ueber-uns\/firmengeschichte\/#listItem","name":"Firmengeschichte"},"previousItem":{"@type":"ListItem","@id":"https:\/\/www.noelken.de\/pl#listItem","name":"Home"}},{"@type":"ListItem","@id":"https:\/\/www.noelken.de\/pl\/ueber-uns\/firmengeschichte\/#listItem","position":3,"name":"Firmengeschichte","previousItem":{"@type":"ListItem","@id":"https:\/\/www.noelken.de\/pl\/ueber-uns\/#listItem","name":"\u00dcber uns"}}]},{"@type":"Organization","@id":"https:\/\/www.noelken.de\/pl\/#organization","name":"N\u00f6lken Hygiene Products GmbH","description":"Die N\u00f6lken Hygiene Products GmbH wurde 1982 von Ernst N\u00f6lken gegr\u00fcndet und wird heute als Familienunternehmen in der zweiten Generation gef\u00fchrt. Das Unternehmen mit dem Stammsitz im rheinland-pf\u00e4lzischen Windhagen vollzog die Entwicklung vom Handelsunternehmen zum breit aufgestellten Hersteller und geh\u00f6rt heute zu den Marktf\u00fchrenden in den Bereichen kosmetische Pflegemittel und Hygieneprodukte. \u00dcber 500 Mitarbeitende entwickeln und produzieren an vier Standorten in Deutschland und Polen Feuchtt\u00fccher, Stilleinlagen und kosmetische Pflegeprodukte f\u00fcr namhafte Handels- und Industrieunternehmen auf drei Kontinenten.","url":"https:\/\/www.noelken.de\/pl\/","email":"info@noelken.de","telephone":"+49264595270","foundingDate":"1982-01-01","numberOfEmployees":{"@type":"QuantitativeValue","value":500},"logo":{"@type":"ImageObject","url":"https:\/\/www.noelken.de\/wp-content\/uploads\/2026\/02\/favicon-32x32-1.png","@id":"https:\/\/www.noelken.de\/pl\/ueber-uns\/firmengeschichte\/#organizationLogo","width":32,"height":32},"image":{"@id":"https:\/\/www.noelken.de\/pl\/ueber-uns\/firmengeschichte\/#organizationLogo"},"sameAs":["https:\/\/www.facebook.com\/noelken.de","https:\/\/www.instagram.com\/noelkenhygiene","https:\/\/www.tiktok.com\/@noelkenhygiene","https:\/\/www.youtube.com\/channel\/UCgE3LbL2-YKqUVFKMmPOUIg","https:\/\/www.linkedin.com\/company\/noelken-hygiene"]},{"@type":"WebPage","@id":"https:\/\/www.noelken.de\/pl\/ueber-uns\/firmengeschichte\/#webpage","url":"https:\/\/www.noelken.de\/pl\/ueber-uns\/firmengeschichte\/","name":"Firmengeschichte - N\u00f6lken Hygiene Products","description":"Erfahren Sie, wie aus der N\u00f6lken GmbH ein international t\u00e4tiger Full-Service-Hersteller f\u00fcr kosmetische Pflegeprodukte und Hygieneartikel wurde.","inLanguage":"pl-PL","isPartOf":{"@id":"https:\/\/www.noelken.de\/pl\/#website"},"breadcrumb":{"@id":"https:\/\/www.noelken.de\/pl\/ueber-uns\/firmengeschichte\/#breadcrumblist"},"datePublished":"2026-02-10T13:21:28+01:00","dateModified":"2026-07-13T12:00:08+02:00"},{"@type":"WebSite","@id":"https:\/\/www.noelken.de\/pl\/#website","url":"https:\/\/www.noelken.de\/pl\/","name":"N\u00f6lken Hygiene Products GmbH","inLanguage":"pl-PL","publisher":{"@id":"https:\/\/www.noelken.de\/pl\/#organization"}}]},"og:locale":"pl_PL","og:site_name":"N\u00f6lken Hygiene Products -","og:type":"article","og:title":"Firmengeschichte - N\u00f6lken Hygiene Products","og:description":"Erfahren Sie, wie aus der N\u00f6lken GmbH ein international t\u00e4tiger Full-Service-Hersteller f\u00fcr kosmetische Pflegeprodukte und Hygieneartikel wurde.","og:url":"https:\/\/www.noelken.de\/pl\/ueber-uns\/firmengeschichte\/","article:published_time":"2026-02-10T12:21:28+00:00","article:modified_time":"2026-07-13T10:00:08+00:00","article:publisher":"https:\/\/www.facebook.com\/noelken.de","twitter:card":"summary_large_image","twitter:title":"Firmengeschichte - N\u00f6lken Hygiene Products","twitter:description":"Erfahren Sie, wie aus der N\u00f6lken GmbH ein international t\u00e4tiger Full-Service-Hersteller f\u00fcr kosmetische Pflegeprodukte und Hygieneartikel wurde."},"aioseo_meta_data":{"post_id":"146","title":null,"description":"Dowiedz si\u0119, jak firma N\u00f6lken GmbH sta\u0142a si\u0119 mi\u0119dzynarodowym producentem kompleksowych us\u0142ug w zakresie kosmetyk\u00f3w piel\u0119gnacyjnych i artyku\u0142\u00f3w higienicznych.","keywords":null,"keyphrases":{"focus":{"keyphrase":"","score":37,"analysis":{"keyphraseInTitle":{"score":3,"maxScore":9,"error":1},"keyphraseInDescription":{"score":3,"maxScore":9,"error":1},"keyphraseLength":{"score":9,"maxScore":9,"error":0,"length":3},"keyphraseInURL":{"score":1,"maxScore":5,"error":1},"keyphraseInIntroduction":{"score":3,"maxScore":9,"error":1},"keyphraseInSubHeadings":[],"keyphraseInImageAlt":{"score":3,"maxScore":9,"error":1},"keywordDensity":{"score":0,"type":"low","maxScore":9,"error":1}}},"additional":[]},"primary_term":null,"canonical_url":null,"og_title":null,"og_description":null,"og_object_type":"default","og_image_type":"default","og_image_custom_url":null,"og_image_custom_fields":null,"og_image_url":null,"og_image_width":null,"og_image_height":null,"og_video":"","og_custom_url":null,"og_article_section":null,"og_article_tags":null,"twitter_use_og":false,"twitter_card":"default","twitter_image_type":"default","twitter_image_custom_url":null,"twitter_image_custom_fields":null,"twitter_image_url":null,"twitter_title":null,"twitter_description":null,"schema_type":"default","schema_type_options":null,"schema":{"blockGraphs":[],"customGraphs":[],"default":{"data":{"Article":[],"Course":[],"Dataset":[],"FAQPage":[],"Movie":[],"Person":[],"Product":[],"ProductReview":[],"Car":[],"Recipe":[],"Service":[],"SoftwareApplication":[],"WebPage":[]},"graphName":"WebPage","isEnabled":true},"graphs":[]},"pillar_content":false,"robots_default":true,"robots_noindex":false,"robots_noarchive":false,"robots_nosnippet":false,"robots_nofollow":false,"robots_noimageindex":false,"robots_noodp":false,"robots_notranslate":false,"robots_max_snippet":"-1","robots_max_videopreview":"-1","robots_max_imagepreview":"large","priority":null,"frequency":"default","local_seo":null,"limit_modified_date":false,"ai":{"faqs":[],"keyPoints":[],"schemas":[],"titles":[],"descriptions":[],"socialPosts":{"email":{"subject":"","preview":"","content":""},"linkedin":[],"twitter":[],"facebook":[],"instagram":[]}},"breadcrumb_settings":null,"seo_analyzer_scan_date":"2026-07-13 10:00:21","created":"2026-06-18 12:41:55","updated":"2026-07-13 10:51:01","focus_keyword":null,"additional_keywords":null,"truseo_locale":null},"aioseo_breadcrumb":"<div class=\"aioseo-breadcrumbs\"><span class=\"aioseo-breadcrumb\">\n\t<a href=\"https:\/\/www.noelken.de\/pl\" title=\"Home\">Home<\/a>\n<\/span><span class=\"aioseo-breadcrumb-separator\">&raquo;<\/span><span class=\"aioseo-breadcrumb\">\n\t<a href=\"https:\/\/www.noelken.de\/pl\/ueber-uns\/\" title=\"\u00dcber uns\">\u00dcber uns<\/a>\n<\/span><span class=\"aioseo-breadcrumb-separator\">&raquo;<\/span><span class=\"aioseo-breadcrumb\">\n\tFirmengeschichte\n<\/span><\/div>","aioseo_breadcrumb_json":[{"label":"Home","link":"https:\/\/www.noelken.de\/pl"},{"label":"\u00dcber uns","link":"https:\/\/www.noelken.de\/pl\/ueber-uns\/"},{"label":"Firmengeschichte","link":"https:\/\/www.noelken.de\/pl\/ueber-uns\/firmengeschichte\/"}],"_links":{"self":[{"href":"https:\/\/www.noelken.de\/pl\/wp-json\/wp\/v2\/pages\/146","targetHints":{"allow":["GET"]}}],"collection":[{"href":"https:\/\/www.noelken.de\/pl\/wp-json\/wp\/v2\/pages"}],"about":[{"href":"https:\/\/www.noelken.de\/pl\/wp-json\/wp\/v2\/types\/page"}],"author":[{"embeddable":true,"href":"https:\/\/www.noelken.de\/pl\/wp-json\/wp\/v2\/users\/1"}],"replies":[{"embeddable":true,"href":"https:\/\/www.noelken.de\/pl\/wp-json\/wp\/v2\/comments?post=146"}],"version-history":[{"count":59,"href":"https:\/\/www.noelken.de\/pl\/wp-json\/wp\/v2\/pages\/146\/revisions"}],"predecessor-version":[{"id":2756,"href":"https:\/\/www.noelken.de\/pl\/wp-json\/wp\/v2\/pages\/146\/revisions\/2756"}],"up":[{"embeddable":true,"href":"https:\/\/www.noelken.de\/pl\/wp-json\/wp\/v2\/pages\/48"}],"wp:attachment":[{"href":"https:\/\/www.noelken.de\/pl\/wp-json\/wp\/v2\/media?parent=146"}],"curies":[{"name":"wp","href":"https:\/\/api.w.org\/{rel}","templated":true}]}}