{"id":171,"date":"2026-02-10T13:44:07","date_gmt":"2026-02-10T12:44:07","guid":{"rendered":"http:\/\/noelken-backup2.local\/?page_id=171"},"modified":"2026-07-13T10:39:26","modified_gmt":"2026-07-13T08:39:26","slug":"leitbild","status":"publish","type":"page","link":"https:\/\/www.noelken.de\/pl\/ueber-uns\/leitbild\/","title":{"rendered":"Wytyczne"},"content":{"rendered":"<div data-elementor-type=\"wp-page\" data-elementor-id=\"171\" class=\"elementor elementor-171\" data-elementor-post-type=\"page\">\n\t\t\t\t<div class=\"elementor-element elementor-element-924ab4e e-con-full elementor-hidden-mobile e-flex e-con e-parent\" data-id=\"924ab4e\" data-element_type=\"container\" data-e-type=\"container\" data-settings=\"{&quot;background_background&quot;:&quot;classic&quot;}\">\n\t\t\t\t<\/div>\n\t\t<div class=\"elementor-element elementor-element-5713eaa e-flex e-con-boxed e-con e-parent\" data-id=\"5713eaa\" data-element_type=\"container\" data-e-type=\"container\">\n\t\t\t\t\t<div class=\"e-con-inner\">\n\t\t\t\t<div class=\"elementor-element elementor-element-790bacd elementor-hidden-desktop elementor-hidden-tablet elementor-widget elementor-widget-image\" data-id=\"790bacd\" data-element_type=\"widget\" data-e-type=\"widget\" data-widget_type=\"image.default\">\n\t\t\t\t\t\t\t\t\t\t\t\t\t\t\t<img fetchpriority=\"high\" decoding=\"async\" width=\"2560\" height=\"1898\" src=\"https:\/\/www.noelken.de\/wp-content\/uploads\/2026\/07\/Geschaeftsleitung-2026-121-scaled.jpg\" class=\"attachment-full size-full wp-image-2733\" alt=\"Six businessmen in suits posing together in a modern office lobby with a three-panel mural that reads &apos;We are family&apos;.\" srcset=\"https:\/\/www.noelken.de\/wp-content\/uploads\/2026\/07\/Geschaeftsleitung-2026-121-scaled.jpg 2560w, https:\/\/www.noelken.de\/wp-content\/uploads\/2026\/07\/Geschaeftsleitung-2026-121-300x222.jpg 300w, https:\/\/www.noelken.de\/wp-content\/uploads\/2026\/07\/Geschaeftsleitung-2026-121-1024x759.jpg 1024w, https:\/\/www.noelken.de\/wp-content\/uploads\/2026\/07\/Geschaeftsleitung-2026-121-768x569.jpg 768w, https:\/\/www.noelken.de\/wp-content\/uploads\/2026\/07\/Geschaeftsleitung-2026-121-1536x1139.jpg 1536w, https:\/\/www.noelken.de\/wp-content\/uploads\/2026\/07\/Geschaeftsleitung-2026-121-2048x1519.jpg 2048w, https:\/\/www.noelken.de\/wp-content\/uploads\/2026\/07\/Geschaeftsleitung-2026-121-16x12.jpg 16w\" sizes=\"(max-width: 2560px) 100vw, 2560px\" \/>\t\t\t\t\t\t\t\t\t\t\t\t\t\t\t<\/div>\n\t\t\t\t<div class=\"elementor-element elementor-element-cbf9e10 elementor-widget elementor-widget-heading\" data-id=\"cbf9e10\" data-element_type=\"widget\" data-e-type=\"widget\" data-widget_type=\"heading.default\">\n\t\t\t\t\t<h2 class=\"elementor-heading-title elementor-size-default\">Nasze kierownictwo: E. Markus N\u00f6lken, Thomas Schnitter, Thomas M\u00fcller, Manfred Muss, U. Daniel N\u00f6lken, Alexander Strepp (od lewej do prawej)<\/h2>\t\t\t\t<\/div>\n\t\t\t\t<div class=\"elementor-element elementor-element-93cff53 elementor-widget elementor-widget-spacer\" data-id=\"93cff53\" data-element_type=\"widget\" data-e-type=\"widget\" data-widget_type=\"spacer.default\">\n\t\t\t\t\t\t\t<div class=\"elementor-spacer\">\n\t\t\t<div class=\"elementor-spacer-inner\"><\/div>\n\t\t<\/div>\n\t\t\t\t\t\t<\/div>\n\t\t\t\t\t<\/div>\n\t\t\t\t<\/div>\n\t\t<div class=\"elementor-element elementor-element-18410b5 e-con-full e-flex e-con e-parent\" data-id=\"18410b5\" data-element_type=\"container\" data-e-type=\"container\">\n\t\t\t\t<div class=\"elementor-element elementor-element-d2b7013 elementor-widget elementor-widget-heading\" data-id=\"d2b7013\" data-element_type=\"widget\" data-e-type=\"widget\" data-widget_type=\"heading.default\">\n\t\t\t\t\t<h3 class=\"elementor-heading-title elementor-size-default\">Nasza odpowiedzialno\u015b\u0107 jako firma\n<\/h3>\t\t\t\t<\/div>\n\t\t\t\t<div class=\"elementor-element elementor-element-58f578c elementor-widget__width-initial elementor-widget elementor-widget-heading\" data-id=\"58f578c\" data-element_type=\"widget\" data-e-type=\"widget\" data-widget_type=\"heading.default\">\n\t\t\t\t\t<h3 class=\"elementor-heading-title elementor-size-default\">Higiena z pasj\u0105\n<\/h3>\t\t\t\t<\/div>\n\t\t\t\t<div class=\"elementor-element elementor-element-62f5c96 elementor-widget elementor-widget-heading\" data-id=\"62f5c96\" data-element_type=\"widget\" data-e-type=\"widget\" data-widget_type=\"heading.default\">\n\t\t\t\t\t<p class=\"elementor-heading-title elementor-size-default\">Jako wiod\u0105cy producent chcemy nieustannie zachwyca\u0107 innych naszymi chusteczkami nawil\u017canymi, wk\u0142adkami laktacyjnymi i produktami do piel\u0119gnacji kosmetycznej!\n\n<\/p>\t\t\t\t<\/div>\n\t\t\t\t<div class=\"elementor-element elementor-element-84823b0 elementor-widget elementor-widget-spacer\" data-id=\"84823b0\" data-element_type=\"widget\" data-e-type=\"widget\" data-widget_type=\"spacer.default\">\n\t\t\t\t\t\t\t<div class=\"elementor-spacer\">\n\t\t\t<div class=\"elementor-spacer-inner\"><\/div>\n\t\t<\/div>\n\t\t\t\t\t\t<\/div>\n\t\t\t\t<div class=\"elementor-element elementor-element-908dd24 elementor-widget elementor-widget-text-editor\" data-id=\"908dd24\" data-element_type=\"widget\" data-e-type=\"widget\" data-widget_type=\"text-editor.default\">\n\t\t\t\t\t\t\t\t\t<p>Jako firma rodzinna od 40 lat jeste\u015bmy synonimem niezawodno\u015bci, obs\u0142ugi, innowacji i ci\u0105g\u0142ego rozwoju. K\u0142adziemy nacisk na otwart\u0105 komunikacj\u0119 z naszymi klientami i dostawcami, aby zapewni\u0107 d\u0142ugoterminow\u0105 i udan\u0105 wsp\u00f3\u0142prac\u0119.<\/p><p>Ludzie s\u0105 kamieniem w\u0119gielnym naszej firmy i kluczem do sukcesu. Dlatego stworzyli\u015bmy atrakcyjne i bezpieczne \u015brodowisko pracy dla wszystkich pracownik\u00f3w.<\/p><p>Jako\u015b\u0107 i zr\u00f3wnowa\u017cony rozw\u00f3j nale\u017c\u0105 do naszej misji. My\u015blenie i dzia\u0142anie w spos\u00f3b zr\u00f3wnowa\u017cony oznacza dla nas przyj\u0119cie odpowiedzialno\u015bci wobec spo\u0142ecze\u0144stwa i \u015brodowiska.<br \/>W N\u00f6lken podchodzimy do tej odpowiedzialno\u015bci z powag\u0105. Jeste\u015bmy z tego dumni.<\/p>\t\t\t\t\t\t\t\t<\/div>\n\t\t\t\t<\/div>\n\t\t<div class=\"elementor-element elementor-element-0d7a99b e-con-full e-flex e-con e-parent\" data-id=\"0d7a99b\" data-element_type=\"container\" data-e-type=\"container\">\n\t\t\t\t<div class=\"elementor-element elementor-element-5a427ad elementor-widget__width-initial elementor-widget elementor-widget-heading\" data-id=\"5a427ad\" data-element_type=\"widget\" data-e-type=\"widget\" data-widget_type=\"heading.default\">\n\t\t\t\t\t<h3 class=\"elementor-heading-title elementor-size-default\">Nasza wizja<\/h3>\t\t\t\t<\/div>\n\t\t\t\t<div class=\"elementor-element elementor-element-ddb27db elementor-widget elementor-widget-text-editor\" data-id=\"ddb27db\" data-element_type=\"widget\" data-e-type=\"widget\" data-widget_type=\"text-editor.default\">\n\t\t\t\t\t\t\t\t\t<p>Celem N\u00f6lken jest d\u0142ugoterminowe ukierunkowanie wszystkich decyzji biznesowych, oszcz\u0119dne gospodarowanie zasobami naturalnymi oraz \u017cycie w harmonii spo\u0142ecznej.<\/p><p>Produkowane przez nas artyku\u0142y higieniczne i kosmetyczne u\u0142atwiaj\u0105 codzienne \u017cycie wielu ludziom na ca\u0142ym \u015bwiecie. Nasze dzia\u0142ania ukierunkowane s\u0105 na ochron\u0119 przysz\u0142ych pokole\u0144.<\/p><p>\u201eTworzy\u0107 pasj\u0119 klient\u00f3w\u201c to nasze motto, kt\u00f3rym kierujemy si\u0119 na co dzie\u0144. D\u0105\u017cymy do ci\u0105g\u0142ego doskonalenia we wszystkich obszarach firmy.<br \/>Zr\u00f3wnowa\u017cony rozw\u00f3j mo\u017cemy osi\u0105gn\u0105\u0107 tylko wsp\u00f3lnie z naszymi pracownikami. Rozw\u00f3j indywidualnych kompetencji ka\u017cdego z nich jest dla nas kluczowy.<\/p>\t\t\t\t\t\t\t\t<\/div>\n\t\t\t\t<\/div>\n\t\t<div class=\"elementor-element elementor-element-2bb0d3d e-con-full e-flex e-con e-parent\" data-id=\"2bb0d3d\" data-element_type=\"container\" data-e-type=\"container\" data-settings=\"{&quot;background_background&quot;:&quot;classic&quot;}\">\n\t\t<div class=\"elementor-element elementor-element-d9b93c7 e-flex e-con-boxed e-con e-child\" data-id=\"d9b93c7\" data-element_type=\"container\" data-e-type=\"container\">\n\t\t\t\t\t<div class=\"e-con-inner\">\n\t\t\t\t<div class=\"elementor-element elementor-element-ed9bc4b elementor-widget elementor-widget-heading\" data-id=\"ed9bc4b\" data-element_type=\"widget\" data-e-type=\"widget\" data-widget_type=\"heading.default\">\n\t\t\t\t\t<h2 class=\"elementor-heading-title elementor-size-default\">Bezproblemowe zapewnienie jako\u015bci\n<\/h2>\t\t\t\t<\/div>\n\t\t\t\t<div class=\"elementor-element elementor-element-1d43033 elementor-widget elementor-widget-heading\" data-id=\"1d43033\" data-element_type=\"widget\" data-e-type=\"widget\" data-widget_type=\"heading.default\">\n\t\t\t\t\t<p class=\"elementor-heading-title elementor-size-default\">Od pozyskiwania surowc\u00f3w po dostaw\u0119 gotowych produkt\u00f3w.\n\n<\/p>\t\t\t\t<\/div>\n\t\t\t\t\t<\/div>\n\t\t\t\t<\/div>\n\t\t<div class=\"elementor-element elementor-element-16cb382 e-flex e-con-boxed e-con e-child\" data-id=\"16cb382\" data-element_type=\"container\" data-e-type=\"container\">\n\t\t\t\t\t<div class=\"e-con-inner\">\n\t\t\t\t<div class=\"elementor-element elementor-element-8f30a1c elementor-widget elementor-widget-heading\" data-id=\"8f30a1c\" data-element_type=\"widget\" data-e-type=\"widget\" data-widget_type=\"heading.default\">\n\t\t\t\t\t<h2 class=\"elementor-heading-title elementor-size-default\">Certyfikowane procesy\n<\/h2>\t\t\t\t<\/div>\n\t\t\t\t<div class=\"elementor-element elementor-element-1498a34 elementor-widget elementor-widget-heading\" data-id=\"1498a34\" data-element_type=\"widget\" data-e-type=\"widget\" data-widget_type=\"heading.default\">\n\t\t\t\t\t<p class=\"elementor-heading-title elementor-size-default\">Nasza produkcja i procesy spe\u0142niaj\u0105 wymagania r\u00f3\u017cnych norm DIN EN ISO.\n\n<\/p>\t\t\t\t<\/div>\n\t\t\t\t\t<\/div>\n\t\t\t\t<\/div>\n\t\t<div class=\"elementor-element elementor-element-6e8f364 e-flex e-con-boxed e-con e-child\" data-id=\"6e8f364\" data-element_type=\"container\" data-e-type=\"container\">\n\t\t\t\t\t<div class=\"e-con-inner\">\n\t\t\t\t<div class=\"elementor-element elementor-element-d984059 elementor-widget elementor-widget-heading\" data-id=\"d984059\" data-element_type=\"widget\" data-e-type=\"widget\" data-widget_type=\"heading.default\">\n\t\t\t\t\t<h2 class=\"elementor-heading-title elementor-size-default\">Ekologiczna produkcja\n<\/h2>\t\t\t\t<\/div>\n\t\t\t\t<div class=\"elementor-element elementor-element-fc68db1 elementor-widget elementor-widget-heading\" data-id=\"fc68db1\" data-element_type=\"widget\" data-e-type=\"widget\" data-widget_type=\"heading.default\">\n\t\t\t\t\t<p class=\"elementor-heading-title elementor-size-default\">Wiele zak\u0142ad\u00f3w N\u00f6lken produkuje ju\u017c w spos\u00f3b neutralny dla klimatu.\n\n<\/p>\t\t\t\t<\/div>\n\t\t\t\t\t<\/div>\n\t\t\t\t<\/div>\n\t\t\t\t<\/div>\n\t\t<div class=\"elementor-element elementor-element-ccbaec8 e-flex e-con-boxed e-con e-parent\" data-id=\"ccbaec8\" data-element_type=\"container\" data-e-type=\"container\">\n\t\t\t\t\t<div class=\"e-con-inner\">\n\t\t\t\t<div class=\"elementor-element elementor-element-486ff7f elementor-widget elementor-widget-spacer\" data-id=\"486ff7f\" data-element_type=\"widget\" data-e-type=\"widget\" data-widget_type=\"spacer.default\">\n\t\t\t\t\t\t\t<div class=\"elementor-spacer\">\n\t\t\t<div class=\"elementor-spacer-inner\"><\/div>\n\t\t<\/div>\n\t\t\t\t\t\t<\/div>\n\t\t\t\t\t<\/div>\n\t\t\t\t<\/div>\n\t\t\t\t<\/div>","protected":false},"excerpt":{"rendered":"<p>Unsere Gesch\u00e4ftsf\u00fchrung: E. Markus N\u00f6lken, Thomas Schnitter, Thomas M\u00fcller, Manfred Muss, U. Daniel N\u00f6lken, Alexander Strepp (v.l.n.r.) Unsere Verantwortung als Unternehmen Hygiene mit Leidenschaft Als f\u00fchrender Hersteller wollen wir andere mit unseren Feuchtt\u00fcchern, Stilleinlagen und kosmetischen Pflegemitteln immer wieder neu begeistern! Als Familienunternehmen stehen wir seit 40 Jahren f\u00fcr Zuverl\u00e4ssigkeit, Service, Innovation und kontinuierliche Weiterentwicklung. [&hellip;]<\/p>\n","protected":false},"author":1,"featured_media":0,"parent":48,"menu_order":0,"comment_status":"closed","ping_status":"closed","template":"","meta":{"footnotes":""},"class_list":["post-171","page","type-page","status-publish","hentry"],"aioseo_notices":[],"aioseo_head":"\n\t\t<!-- All in One SEO Pro 5.0.1.1 - aioseo.com -->\n\t<meta name=\"description\" content=\"N\u00f6lken verbindet Hygiene mit Leidenschaft, Qualit\u00e4t und Nachhaltigkeit \u2013 mit Verantwortung f\u00fcr Mitarbeitende, Gesellschaft und Umwelt.\" \/>\n\t<meta name=\"robots\" content=\"max-image-preview:large\" \/>\n\t<link rel=\"canonical\" href=\"https:\/\/www.noelken.de\/pl\/ueber-uns\/leitbild\/\" \/>\n\t<meta name=\"generator\" content=\"All in One SEO Pro (AIOSEO) 5.0.1.1\" \/>\n\t\t<meta property=\"og:locale\" content=\"pl_PL\" \/>\n\t\t<meta property=\"og:site_name\" content=\"N\u00f6lken Hygiene Products -\" \/>\n\t\t<meta property=\"og:type\" content=\"article\" \/>\n\t\t<meta property=\"og:title\" content=\"Leitbild &amp; Vision - N\u00f6lken Hygiene Products\" \/>\n\t\t<meta property=\"og:description\" content=\"N\u00f6lken verbindet Hygiene mit Leidenschaft, Qualit\u00e4t und Nachhaltigkeit \u2013 mit Verantwortung f\u00fcr Mitarbeitende, Gesellschaft und Umwelt.\" \/>\n\t\t<meta property=\"og:url\" content=\"https:\/\/www.noelken.de\/pl\/ueber-uns\/leitbild\/\" \/>\n\t\t<meta property=\"article:published_time\" content=\"2026-02-10T12:44:07+00:00\" \/>\n\t\t<meta property=\"article:modified_time\" content=\"2026-07-13T08:39:26+00:00\" \/>\n\t\t<meta property=\"article:publisher\" content=\"https:\/\/www.facebook.com\/noelken.de\" \/>\n\t\t<meta name=\"twitter:card\" content=\"summary_large_image\" \/>\n\t\t<meta name=\"twitter:title\" content=\"Leitbild &amp; Vision - N\u00f6lken Hygiene Products\" \/>\n\t\t<meta name=\"twitter:description\" content=\"N\u00f6lken verbindet Hygiene mit Leidenschaft, Qualit\u00e4t und Nachhaltigkeit \u2013 mit Verantwortung f\u00fcr Mitarbeitende, Gesellschaft und Umwelt.\" \/>\n\t\t<script type=\"application\/ld+json\" class=\"aioseo-schema\">\n\t\t\t{\"@context\":\"https:\\\/\\\/schema.org\",\"@graph\":[{\"@type\":\"BreadcrumbList\",\"@id\":\"https:\\\/\\\/www.noelken.de\\\/pl\\\/ueber-uns\\\/leitbild\\\/#breadcrumblist\",\"itemListElement\":[{\"@type\":\"ListItem\",\"@id\":\"https:\\\/\\\/www.noelken.de\\\/pl#listItem\",\"position\":1,\"name\":\"Home\",\"item\":\"https:\\\/\\\/www.noelken.de\\\/pl\",\"nextItem\":{\"@type\":\"ListItem\",\"@id\":\"https:\\\/\\\/www.noelken.de\\\/pl\\\/ueber-uns\\\/#listItem\",\"name\":\"\\u00dcber uns\"}},{\"@type\":\"ListItem\",\"@id\":\"https:\\\/\\\/www.noelken.de\\\/pl\\\/ueber-uns\\\/#listItem\",\"position\":2,\"name\":\"\\u00dcber uns\",\"item\":\"https:\\\/\\\/www.noelken.de\\\/pl\\\/ueber-uns\\\/\",\"nextItem\":{\"@type\":\"ListItem\",\"@id\":\"https:\\\/\\\/www.noelken.de\\\/pl\\\/ueber-uns\\\/leitbild\\\/#listItem\",\"name\":\"Leitbild\"},\"previousItem\":{\"@type\":\"ListItem\",\"@id\":\"https:\\\/\\\/www.noelken.de\\\/pl#listItem\",\"name\":\"Home\"}},{\"@type\":\"ListItem\",\"@id\":\"https:\\\/\\\/www.noelken.de\\\/pl\\\/ueber-uns\\\/leitbild\\\/#listItem\",\"position\":3,\"name\":\"Leitbild\",\"previousItem\":{\"@type\":\"ListItem\",\"@id\":\"https:\\\/\\\/www.noelken.de\\\/pl\\\/ueber-uns\\\/#listItem\",\"name\":\"\\u00dcber uns\"}}]},{\"@type\":\"Organization\",\"@id\":\"https:\\\/\\\/www.noelken.de\\\/pl\\\/#organization\",\"name\":\"N\\u00f6lken Hygiene Products GmbH\",\"description\":\"Die N\\u00f6lken Hygiene Products GmbH wurde 1982 von Ernst N\\u00f6lken gegr\\u00fcndet und wird heute als Familienunternehmen in der zweiten Generation gef\\u00fchrt. Das Unternehmen mit dem Stammsitz im rheinland-pf\\u00e4lzischen Windhagen vollzog die Entwicklung vom Handelsunternehmen zum breit aufgestellten Hersteller und geh\\u00f6rt heute zu den Marktf\\u00fchrenden in den Bereichen kosmetische Pflegemittel und Hygieneprodukte. \\u00dcber 500 Mitarbeitende entwickeln und produzieren an vier Standorten in Deutschland und Polen Feuchtt\\u00fccher, Stilleinlagen und kosmetische Pflegeprodukte f\\u00fcr namhafte Handels- und Industrieunternehmen auf drei Kontinenten.\",\"url\":\"https:\\\/\\\/www.noelken.de\\\/pl\\\/\",\"email\":\"info@noelken.de\",\"telephone\":\"+49264595270\",\"foundingDate\":\"1982-01-01\",\"numberOfEmployees\":{\"@type\":\"QuantitativeValue\",\"value\":500},\"logo\":{\"@type\":\"ImageObject\",\"url\":\"https:\\\/\\\/www.noelken.de\\\/wp-content\\\/uploads\\\/2026\\\/02\\\/favicon-32x32-1.png\",\"@id\":\"https:\\\/\\\/www.noelken.de\\\/pl\\\/ueber-uns\\\/leitbild\\\/#organizationLogo\",\"width\":32,\"height\":32},\"image\":{\"@id\":\"https:\\\/\\\/www.noelken.de\\\/pl\\\/ueber-uns\\\/leitbild\\\/#organizationLogo\"},\"sameAs\":[\"https:\\\/\\\/www.facebook.com\\\/noelken.de\",\"https:\\\/\\\/www.instagram.com\\\/noelkenhygiene\",\"https:\\\/\\\/www.tiktok.com\\\/@noelkenhygiene\",\"https:\\\/\\\/www.youtube.com\\\/channel\\\/UCgE3LbL2-YKqUVFKMmPOUIg\",\"https:\\\/\\\/www.linkedin.com\\\/company\\\/noelken-hygiene\"]},{\"@type\":\"WebPage\",\"@id\":\"https:\\\/\\\/www.noelken.de\\\/pl\\\/ueber-uns\\\/leitbild\\\/#webpage\",\"url\":\"https:\\\/\\\/www.noelken.de\\\/pl\\\/ueber-uns\\\/leitbild\\\/\",\"name\":\"Leitbild & Vision - N\\u00f6lken Hygiene Products\",\"description\":\"N\\u00f6lken verbindet Hygiene mit Leidenschaft, Qualit\\u00e4t und Nachhaltigkeit \\u2013 mit Verantwortung f\\u00fcr Mitarbeitende, Gesellschaft und Umwelt.\",\"inLanguage\":\"pl-PL\",\"isPartOf\":{\"@id\":\"https:\\\/\\\/www.noelken.de\\\/pl\\\/#website\"},\"breadcrumb\":{\"@id\":\"https:\\\/\\\/www.noelken.de\\\/pl\\\/ueber-uns\\\/leitbild\\\/#breadcrumblist\"},\"datePublished\":\"2026-02-10T13:44:07+01:00\",\"dateModified\":\"2026-07-13T10:39:26+02:00\"},{\"@type\":\"WebSite\",\"@id\":\"https:\\\/\\\/www.noelken.de\\\/pl\\\/#website\",\"url\":\"https:\\\/\\\/www.noelken.de\\\/pl\\\/\",\"name\":\"N\\u00f6lken Hygiene Products GmbH\",\"inLanguage\":\"pl-PL\",\"publisher\":{\"@id\":\"https:\\\/\\\/www.noelken.de\\\/pl\\\/#organization\"}}]}\n\t\t<\/script>\n\t\t<!-- All in One SEO Pro -->\r\n\t\t<title>Leitbild &amp; Vision - N\u00f6lken Hygiene Products<\/title>\n\n","aioseo_head_json":{"title":"Wytyczne i wizja - N\u00f6lken Hygiene Products","description":"N\u00f6lken \u0142\u0105czy higien\u0119 z pasj\u0105, jako\u015bci\u0105 i zr\u00f3wnowa\u017conym rozwojem \u2013 z odpowiedzialno\u015bci\u0105 za pracownik\u00f3w, spo\u0142ecze\u0144stwo i \u015brodowisko.","canonical_url":"https:\/\/www.noelken.de\/pl\/ueber-uns\/leitbild\/","robots":"max-image-preview:large","keywords":"","webmasterTools":{"miscellaneous":""},"schema":{"@context":"https:\/\/schema.org","@graph":[{"@type":"BreadcrumbList","@id":"https:\/\/www.noelken.de\/pl\/ueber-uns\/leitbild\/#breadcrumblist","itemListElement":[{"@type":"ListItem","@id":"https:\/\/www.noelken.de\/pl#listItem","position":1,"name":"Home","item":"https:\/\/www.noelken.de\/pl","nextItem":{"@type":"ListItem","@id":"https:\/\/www.noelken.de\/pl\/ueber-uns\/#listItem","name":"\u00dcber uns"}},{"@type":"ListItem","@id":"https:\/\/www.noelken.de\/pl\/ueber-uns\/#listItem","position":2,"name":"\u00dcber uns","item":"https:\/\/www.noelken.de\/pl\/ueber-uns\/","nextItem":{"@type":"ListItem","@id":"https:\/\/www.noelken.de\/pl\/ueber-uns\/leitbild\/#listItem","name":"Leitbild"},"previousItem":{"@type":"ListItem","@id":"https:\/\/www.noelken.de\/pl#listItem","name":"Home"}},{"@type":"ListItem","@id":"https:\/\/www.noelken.de\/pl\/ueber-uns\/leitbild\/#listItem","position":3,"name":"Leitbild","previousItem":{"@type":"ListItem","@id":"https:\/\/www.noelken.de\/pl\/ueber-uns\/#listItem","name":"\u00dcber uns"}}]},{"@type":"Organization","@id":"https:\/\/www.noelken.de\/pl\/#organization","name":"N\u00f6lken Hygiene Products GmbH","description":"Die N\u00f6lken Hygiene Products GmbH wurde 1982 von Ernst N\u00f6lken gegr\u00fcndet und wird heute als Familienunternehmen in der zweiten Generation gef\u00fchrt. Das Unternehmen mit dem Stammsitz im rheinland-pf\u00e4lzischen Windhagen vollzog die Entwicklung vom Handelsunternehmen zum breit aufgestellten Hersteller und geh\u00f6rt heute zu den Marktf\u00fchrenden in den Bereichen kosmetische Pflegemittel und Hygieneprodukte. \u00dcber 500 Mitarbeitende entwickeln und produzieren an vier Standorten in Deutschland und Polen Feuchtt\u00fccher, Stilleinlagen und kosmetische Pflegeprodukte f\u00fcr namhafte Handels- und Industrieunternehmen auf drei Kontinenten.","url":"https:\/\/www.noelken.de\/pl\/","email":"info@noelken.de","telephone":"+49264595270","foundingDate":"1982-01-01","numberOfEmployees":{"@type":"QuantitativeValue","value":500},"logo":{"@type":"ImageObject","url":"https:\/\/www.noelken.de\/wp-content\/uploads\/2026\/02\/favicon-32x32-1.png","@id":"https:\/\/www.noelken.de\/pl\/ueber-uns\/leitbild\/#organizationLogo","width":32,"height":32},"image":{"@id":"https:\/\/www.noelken.de\/pl\/ueber-uns\/leitbild\/#organizationLogo"},"sameAs":["https:\/\/www.facebook.com\/noelken.de","https:\/\/www.instagram.com\/noelkenhygiene","https:\/\/www.tiktok.com\/@noelkenhygiene","https:\/\/www.youtube.com\/channel\/UCgE3LbL2-YKqUVFKMmPOUIg","https:\/\/www.linkedin.com\/company\/noelken-hygiene"]},{"@type":"WebPage","@id":"https:\/\/www.noelken.de\/pl\/ueber-uns\/leitbild\/#webpage","url":"https:\/\/www.noelken.de\/pl\/ueber-uns\/leitbild\/","name":"Leitbild & Vision - N\u00f6lken Hygiene Products","description":"N\u00f6lken verbindet Hygiene mit Leidenschaft, Qualit\u00e4t und Nachhaltigkeit \u2013 mit Verantwortung f\u00fcr Mitarbeitende, Gesellschaft und Umwelt.","inLanguage":"pl-PL","isPartOf":{"@id":"https:\/\/www.noelken.de\/pl\/#website"},"breadcrumb":{"@id":"https:\/\/www.noelken.de\/pl\/ueber-uns\/leitbild\/#breadcrumblist"},"datePublished":"2026-02-10T13:44:07+01:00","dateModified":"2026-07-13T10:39:26+02:00"},{"@type":"WebSite","@id":"https:\/\/www.noelken.de\/pl\/#website","url":"https:\/\/www.noelken.de\/pl\/","name":"N\u00f6lken Hygiene Products GmbH","inLanguage":"pl-PL","publisher":{"@id":"https:\/\/www.noelken.de\/pl\/#organization"}}]},"og:locale":"pl_PL","og:site_name":"N\u00f6lken Hygiene Products -","og:type":"article","og:title":"Leitbild &amp; Vision - N\u00f6lken Hygiene Products","og:description":"N\u00f6lken verbindet Hygiene mit Leidenschaft, Qualit\u00e4t und Nachhaltigkeit \u2013 mit Verantwortung f\u00fcr Mitarbeitende, Gesellschaft und Umwelt.","og:url":"https:\/\/www.noelken.de\/pl\/ueber-uns\/leitbild\/","article:published_time":"2026-02-10T12:44:07+00:00","article:modified_time":"2026-07-13T08:39:26+00:00","article:publisher":"https:\/\/www.facebook.com\/noelken.de","twitter:card":"summary_large_image","twitter:title":"Leitbild &amp; Vision - N\u00f6lken Hygiene Products","twitter:description":"N\u00f6lken verbindet Hygiene mit Leidenschaft, Qualit\u00e4t und Nachhaltigkeit \u2013 mit Verantwortung f\u00fcr Mitarbeitende, Gesellschaft und Umwelt."},"aioseo_meta_data":{"post_id":"171","title":"Misja i wizja #separator_sa #site_title","description":"N\u00f6lken \u0142\u0105czy higien\u0119 z pasj\u0105, jako\u015bci\u0105 i zr\u00f3wnowa\u017conym rozwojem \u2013 z odpowiedzialno\u015bci\u0105 za pracownik\u00f3w, spo\u0142ecze\u0144stwo i \u015brodowisko.","keywords":null,"keyphrases":{"focus":{"keyphrase":"","score":0,"analysis":{"keyphraseInTitle":{"score":0,"maxScore":9,"error":1}}},"additional":[]},"primary_term":null,"canonical_url":null,"og_title":null,"og_description":null,"og_object_type":"default","og_image_type":"default","og_image_custom_url":null,"og_image_custom_fields":null,"og_image_url":null,"og_image_width":null,"og_image_height":null,"og_video":"","og_custom_url":null,"og_article_section":null,"og_article_tags":null,"twitter_use_og":false,"twitter_card":"default","twitter_image_type":"default","twitter_image_custom_url":null,"twitter_image_custom_fields":null,"twitter_image_url":null,"twitter_title":null,"twitter_description":null,"schema_type":"default","schema_type_options":null,"schema":{"blockGraphs":[],"customGraphs":[],"default":{"data":{"Article":[],"Course":[],"Dataset":[],"FAQPage":[],"Movie":[],"Person":[],"Product":[],"ProductReview":[],"Car":[],"Recipe":[],"Service":[],"SoftwareApplication":[],"WebPage":[]},"graphName":"WebPage","isEnabled":true},"graphs":[]},"pillar_content":false,"robots_default":true,"robots_noindex":false,"robots_noarchive":false,"robots_nosnippet":false,"robots_nofollow":false,"robots_noimageindex":false,"robots_noodp":false,"robots_notranslate":false,"robots_max_snippet":"-1","robots_max_videopreview":"-1","robots_max_imagepreview":"large","priority":null,"frequency":"default","local_seo":null,"limit_modified_date":false,"ai":{"faqs":[],"keyPoints":[],"schemas":[],"titles":[],"descriptions":[],"socialPosts":{"email":{"subject":"","preview":"","content":""},"linkedin":[],"twitter":[],"facebook":[],"instagram":[]}},"breadcrumb_settings":null,"seo_analyzer_scan_date":"2026-07-13 08:39:56","created":"2026-06-18 12:41:55","updated":"2026-07-13 09:41:27","focus_keyword":null,"additional_keywords":null,"truseo_locale":null},"aioseo_breadcrumb":"<div class=\"aioseo-breadcrumbs\"><span class=\"aioseo-breadcrumb\">\n\t<a href=\"https:\/\/www.noelken.de\/pl\" title=\"Home\">Home<\/a>\n<\/span><span class=\"aioseo-breadcrumb-separator\">&raquo;<\/span><span class=\"aioseo-breadcrumb\">\n\t<a href=\"https:\/\/www.noelken.de\/pl\/ueber-uns\/\" title=\"\u00dcber uns\">\u00dcber uns<\/a>\n<\/span><span class=\"aioseo-breadcrumb-separator\">&raquo;<\/span><span class=\"aioseo-breadcrumb\">\n\tLeitbild\n<\/span><\/div>","aioseo_breadcrumb_json":[{"label":"Home","link":"https:\/\/www.noelken.de\/pl"},{"label":"\u00dcber uns","link":"https:\/\/www.noelken.de\/pl\/ueber-uns\/"},{"label":"Leitbild","link":"https:\/\/www.noelken.de\/pl\/ueber-uns\/leitbild\/"}],"_links":{"self":[{"href":"https:\/\/www.noelken.de\/pl\/wp-json\/wp\/v2\/pages\/171","targetHints":{"allow":["GET"]}}],"collection":[{"href":"https:\/\/www.noelken.de\/pl\/wp-json\/wp\/v2\/pages"}],"about":[{"href":"https:\/\/www.noelken.de\/pl\/wp-json\/wp\/v2\/types\/page"}],"author":[{"embeddable":true,"href":"https:\/\/www.noelken.de\/pl\/wp-json\/wp\/v2\/users\/1"}],"replies":[{"embeddable":true,"href":"https:\/\/www.noelken.de\/pl\/wp-json\/wp\/v2\/comments?post=171"}],"version-history":[{"count":79,"href":"https:\/\/www.noelken.de\/pl\/wp-json\/wp\/v2\/pages\/171\/revisions"}],"predecessor-version":[{"id":2747,"href":"https:\/\/www.noelken.de\/pl\/wp-json\/wp\/v2\/pages\/171\/revisions\/2747"}],"up":[{"embeddable":true,"href":"https:\/\/www.noelken.de\/pl\/wp-json\/wp\/v2\/pages\/48"}],"wp:attachment":[{"href":"https:\/\/www.noelken.de\/pl\/wp-json\/wp\/v2\/media?parent=171"}],"curies":[{"name":"wp","href":"https:\/\/api.w.org\/{rel}","templated":true}]}}