{"id":1835,"date":"2026-04-30T08:54:26","date_gmt":"2026-04-30T06:54:26","guid":{"rendered":"http:\/\/n321.hosting203555.a2ef1.netcup.net\/?page_id=1835"},"modified":"2026-06-25T14:12:25","modified_gmt":"2026-06-25T12:12:25","slug":"datenschutzhinweise","status":"publish","type":"page","link":"https:\/\/www.noelken.de\/pl\/datenschutzhinweise\/","title":{"rendered":"Informacje o ochronie danych"},"content":{"rendered":"<div data-elementor-type=\"wp-page\" data-elementor-id=\"1835\" class=\"elementor elementor-1835\" data-elementor-post-type=\"page\">\n\t\t\t\t<div class=\"elementor-element elementor-element-9c51f31 e-con-full e-flex e-con e-parent\" data-id=\"9c51f31\" data-element_type=\"container\" data-e-type=\"container\" data-settings=\"{&quot;background_background&quot;:&quot;classic&quot;}\">\n\t\t\t\t<\/div>\n\t\t<div class=\"elementor-element elementor-element-da04733 e-con-full e-flex e-con e-parent\" data-id=\"da04733\" data-element_type=\"container\" data-e-type=\"container\">\n\t\t\t\t<div class=\"elementor-element elementor-element-5efa0cb elementor-widget__width-initial elementor-widget elementor-widget-heading\" data-id=\"5efa0cb\" data-element_type=\"widget\" data-e-type=\"widget\" data-widget_type=\"heading.default\">\n\t\t\t\t\t<h1 class=\"elementor-heading-title elementor-size-default\">Polityka prywatno\u015bci<\/h1>\t\t\t\t<\/div>\n\t\t\t\t<div class=\"elementor-element elementor-element-47031b8 elementor-widget__width-initial elementor-widget elementor-widget-heading\" data-id=\"47031b8\" data-element_type=\"widget\" data-e-type=\"widget\" data-widget_type=\"heading.default\">\n\t\t\t\t\t<h2 class=\"elementor-heading-title elementor-size-default\">1. Nazwa i dane kontaktowe administratora oraz inspektora ochrony danych\n<\/h2>\t\t\t\t<\/div>\n\t\t\t\t<div class=\"elementor-element elementor-element-b94f934 elementor-widget elementor-widget-text-editor\" data-id=\"b94f934\" data-element_type=\"widget\" data-e-type=\"widget\" data-widget_type=\"text-editor.default\">\n\t\t\t\t\t\t\t\t\t<p>Niniejsza informacja o ochronie danych osobowych dotyczy przetwarzania danych przez:<\/p><p>Osoba odpowiedzialna<\/p><p>Firma N\u00f6lken Hygiene Products GmbH (zwana dalej: N\u00f6lken)<\/p><p>Klarenplatz 2, 53578 Windhagen<\/p><p>Telefon: +49 2645 9527-0<\/p><p>Faks: +49 2645 9527-33<\/p><p>E-mail: info@noelken.de<\/p><p>Zak\u0142adowy inspektor ochrony danych N\u00f6lken jest dost\u0119pny pod adresem<\/p><p>dhpg IT-Services GmbH, Bunsenstr. 10a, 51647 Gummersbach, do wiadomo\u015bci Pana dr Christiana Lenza, lub dost\u0119pny pod adresem datenschutz@dhpg.de lub numerem telefonu 02261-8195-0.<\/p>\t\t\t\t\t\t\t\t<\/div>\n\t\t\t\t<div class=\"elementor-element elementor-element-80ed18f elementor-widget__width-initial elementor-widget elementor-widget-heading\" data-id=\"80ed18f\" data-element_type=\"widget\" data-e-type=\"widget\" data-widget_type=\"heading.default\">\n\t\t\t\t\t<h2 class=\"elementor-heading-title elementor-size-default\">2. Prawa os\u00f3b, kt\u00f3rych dane dotycz\u0105<\/h2>\t\t\t\t<\/div>\n\t\t\t\t<div class=\"elementor-element elementor-element-6de780a elementor-widget elementor-widget-text-editor\" data-id=\"6de780a\" data-element_type=\"widget\" data-e-type=\"widget\" data-widget_type=\"text-editor.default\">\n\t\t\t\t\t\t\t\t\t<p>Masz prawo:<\/p><ul><li>zgodnie z art. 15 RODO \u017c\u0105da\u0107 informacji o przetwarzanych przez nas danych osobowych. Je\u015bli przetwarzamy Twoje dane, mo\u017cesz w szczeg\u00f3lno\u015bci za\u017c\u0105da\u0107 informacji o celach przetwarzania, kategorii danych osobowych, kategoriach odbiorc\u00f3w, kt\u00f3rym Twoje dane zosta\u0142y lub zostan\u0105 ujawnione, w szczeg\u00f3lno\u015bci o odbiorcach w krajach trzecich, planowanym okresie przechowywania lub kryteriach ustalania tego okresu, istnieniu prawa do sprostowania, usuni\u0119cia, ograniczenia przetwarzania lub wniesienia sprzeciwu wobec przetwarzania, istnieniu prawa wniesienia skargi do organu nadzorczego, pochodzeniu Twoich danych, je\u017celi nie zosta\u0142y one zebrane u nas, a tak\u017ce o istnieniu zautomatyzowanego podejmowania decyzji, w tym profilowania, oraz, w stosownych przypadkach, o istotnych informacjach dotycz\u0105cych jego szczeg\u00f3\u0142\u00f3w;<br \/><br \/><\/li><li>zgodnie z art. 16 RODO \u017c\u0105danie niezw\u0142ocznego sprostowania nieprawid\u0142owych lub uzupe\u0142nienia Pa\u0144stwa przechowywanych u nas danych osobowych;<\/li><\/ul><div>\u00a0<\/div><ul><li>zgodnie z art. 17 RODO \u017c\u0105dania usuni\u0119cia zgromadzonych u nas danych osobowych, o ile przetwarzanie nie jest niezb\u0119dne w szczeg\u00f3lno\u015bci do korzystania z prawa do wolno\u015bci wypowiedzi i informacji, do wywi\u0105zania si\u0119 z obowi\u0105zku prawnego, ze wzgl\u0119du na interes publiczny lub do ustalenia, dochodzenia albo obrony roszcze\u0144;<br \/><br \/><\/li><li>zgodnie z art. 18 RODO \u017c\u0105dania ograniczenia przetwarzania Twoich danych osobowych, w przypadku gdy: kwestionujesz prawid\u0142owo\u015b\u0107 danych; przetwarzanie jest niezgodne z prawem, ale sprzeciwiasz si\u0119 ich usuni\u0119ciu, a my nie potrzebujemy ju\u017c tych danych, potrzebujesz ich jednak do ustalenia, dochodzenia lub obrony roszcze\u0144 prawnych; lub wnios\u0142e\u015b sprzeciw wobec przetwarzania na mocy art. 21 RODO i nie ustalono jeszcze, czy nasze uzasadnione podstawy przewa\u017caj\u0105 nad Twoimi interesami;<br \/><br \/><\/li><li>zgodnie z art. 20 RODO otrzyma\u0107 w ustrukturyzowanym, powszechnie u\u017cywanym i mo\u017cliwym do odczytu maszynowego formacie dane osobowe Pa\u0144stwa, kt\u00f3re nam Pa\u0144stwo dostarczyli, lub za\u017c\u0105da\u0107 przes\u0142ania ich innemu administratorowi, o ile przetwarzanie odbywa si\u0119 na podstawie Pa\u0144stwa zgody lub umowy i odbywa si\u0119 za pomoc\u0105 zautomatyzowanych \u015brodk\u00f3w;<br \/><br \/><\/li><li>zgodnie z art. 7 ust. 3 RODO, aby wycofa\u0107 swoj\u0105 zgod\u0119 w.<\/li><\/ul>\t\t\t\t\t\t\t\t<\/div>\n\t\t\t\t<div class=\"elementor-element elementor-element-919b14f elementor-widget__width-initial elementor-widget elementor-widget-heading\" data-id=\"919b14f\" data-element_type=\"widget\" data-e-type=\"widget\" data-widget_type=\"heading.default\">\n\t\t\t\t\t<h2 class=\"elementor-heading-title elementor-size-default\">3. Prawo do sprzeciwu\n<\/h2>\t\t\t\t<\/div>\n\t\t\t\t<div class=\"elementor-element elementor-element-0aecf7e elementor-widget elementor-widget-text-editor\" data-id=\"0aecf7e\" data-element_type=\"widget\" data-e-type=\"widget\" data-widget_type=\"text-editor.default\">\n\t\t\t\t\t\t\t\t\t<p>Je\u017celi Pa\u0144stwa dane osobowe s\u0105 przetwarzane na podstawie uzasadnionego interesu zgodnie z art. 6 ust. 1 zdanie 1 lit. e lub f RODO, maj\u0105 Pa\u0144stwo prawo wnie\u015b\u0107 sprzeciw wobec przetwarzania Pa\u0144stwa danych osobowych zgodnie z art. 21 RODO, o ile istniej\u0105 ku temu powody wynikaj\u0105ce z Pa\u0144stwa szczeg\u00f3lnej sytuacji lub sprzeciw dotyczy marketingu bezpo\u015bredniego. W pierwszym przypadku nie b\u0119dziemy ju\u017c przetwarza\u0107 Pa\u0144stwa danych, chyba \u017ce wyka\u017cemy istnienie przekonuj\u0105cych uzasadnionych podstaw, kt\u00f3re przewa\u017caj\u0105 nad Pa\u0144stwa interesami, wolno\u015bciami i prawami lub nasze przetwarzanie s\u0142u\u017cy dochodzeniu, wykonywaniu lub obronie roszcze\u0144 prawnych. W tym ostatnim przypadku przys\u0142uguje Pa\u0144stwu og\u00f3lne prawo sprzeciwu, kt\u00f3re zostanie przez nas uwzgl\u0119dnione bez podawania szczeg\u00f3lnej sytuacji. Je\u015bli chc\u0105 Pa\u0144stwo skorzysta\u0107 z prawa do wycofania zgody lub prawa do sprzeciwu, wystarczy wys\u0142a\u0107 e-mail na adres info@noelken.de.<\/p>\t\t\t\t\t\t\t\t<\/div>\n\t\t\t\t<div class=\"elementor-element elementor-element-d4d9bc9 elementor-widget__width-initial elementor-widget elementor-widget-heading\" data-id=\"d4d9bc9\" data-element_type=\"widget\" data-e-type=\"widget\" data-widget_type=\"heading.default\">\n\t\t\t\t\t<h2 class=\"elementor-heading-title elementor-size-default\">4. Udost\u0119pnianie danych\n<\/h2>\t\t\t\t<\/div>\n\t\t\t\t<div class=\"elementor-element elementor-element-4873cb2 elementor-widget elementor-widget-text-editor\" data-id=\"4873cb2\" data-element_type=\"widget\" data-e-type=\"widget\" data-widget_type=\"text-editor.default\">\n\t\t\t\t\t\t\t\t\t<p>Nie nast\u0105pi przekazanie Twoich danych osobowych stronom trzecim do cel\u00f3w innych ni\u017c wymienione poni\u017cej. Twoje dane osobowe udost\u0119pniamy stronom trzecim tylko wtedy, gdy:<\/p><ul><li>Wyra\u017anie wyrazili\u015bcie zgod\u0119 zgodnie z art. 6 ust. 1 zdanie 1 lit. a RODO,<br \/><br \/><\/li><li>przekazanie danych zgodnie z art. 6 ust. 1 zdanie pierwsze lit. f RODO jest konieczne do dochodzenia, wykonania lub obrony roszcze\u0144 prawnych i nie ma podstaw do przyj\u0119cia, \u017ce masz nadrz\u0119dny, godny ochrony interes w nieprzekazywaniu swoich danych,<br \/><br \/><\/li><li>w przypadku, gdy istnieje prawny obowi\u0105zek udost\u0119pnienia danych zgodnie z art. 6 ust. 1 zdanie pierwsze lit. c RODO, jak r\u00f3wnie\u017c<br \/><br \/><\/li><li>jest prawnie dozwolone i niezb\u0119dne do realizacji umowy z Tob\u0105 zgodnie z art. 6 ust. 1 lit. b RODO.<br \/><br \/><\/li><\/ul><p><span style=\"background-color: transparent;\">Opr\u00f3cz tego, nasi podwykonawcy przetwarzaj\u0105 Pa\u0144stwa dane osobowe zgodnie z naszymi poleceniami, w zakresie niezb\u0119dnym do realizacji zlecenia. Nasi podwykonawcy nie maj\u0105 w\u0142asnego prawa do korzystania z Pa\u0144stwa danych.<\/span><\/p>\t\t\t\t\t\t\t\t<\/div>\n\t\t\t\t<div class=\"elementor-element elementor-element-ef8740e elementor-widget__width-initial elementor-widget elementor-widget-heading\" data-id=\"ef8740e\" data-element_type=\"widget\" data-e-type=\"widget\" data-widget_type=\"heading.default\">\n\t\t\t\t\t<h2 class=\"elementor-heading-title elementor-size-default\">5. Bezpiecze\u0144stwo danych\n<\/h2>\t\t\t\t<\/div>\n\t\t\t\t<div class=\"elementor-element elementor-element-f68c64a elementor-widget elementor-widget-text-editor\" data-id=\"f68c64a\" data-element_type=\"widget\" data-e-type=\"widget\" data-widget_type=\"text-editor.default\">\n\t\t\t\t\t\t\t\t\tPodczas wizyty na stronie internetowej stosujemy powszechnie znany mechanizm SSL (Secure Socket Layer) w po\u0142\u0105czeniu z najwy\u017cszym poziomem szyfrowania obs\u0142ugiwanym przez przegl\u0105dark\u0119. Zazwyczaj jest to szyfrowanie 256-bitowe. Je\u015bli przegl\u0105darka nie obs\u0142uguje szyfrowania 256-bitowego, stosujemy technologi\u0119 v3 128-bitow\u0105. Mo\u017cna pozna\u0107, czy pojedyncza strona naszej witryny jest przesy\u0142ana w spos\u00f3b zaszyfrowany, po zamkni\u0119tym symbolu klucza lub k\u0142\u00f3dki, albo po u\u017cyciu protoko\u0142u https przed adresem naszej (pod)strony. Poza tym stosujemy odpowiednie techniczne i organizacyjne \u015brodki bezpiecze\u0144stwa, aby chroni\u0107 Pa\u0144stwa dane przed przypadkowym lub celowym manipulowaniem, cz\u0119\u015bciow\u0105 lub ca\u0142kowit\u0105 utrat\u0105, zniszczeniem lub nieuprawnionym dost\u0119pem os\u00f3b trzecich. Nasze \u015brodki bezpiecze\u0144stwa s\u0105 stale udoskonalane zgodnie z rozwojem technologii.\n\t\t\t\t\t\t\t\t<\/div>\n\t\t\t\t<div class=\"elementor-element elementor-element-19c25af elementor-widget__width-initial elementor-widget elementor-widget-heading\" data-id=\"19c25af\" data-element_type=\"widget\" data-e-type=\"widget\" data-widget_type=\"heading.default\">\n\t\t\t\t\t<h2 class=\"elementor-heading-title elementor-size-default\">6. Kraje trzecie\n<\/h2>\t\t\t\t<\/div>\n\t\t\t\t<div class=\"elementor-element elementor-element-d12b029 elementor-widget elementor-widget-text-editor\" data-id=\"d12b029\" data-element_type=\"widget\" data-e-type=\"widget\" data-widget_type=\"text-editor.default\">\n\t\t\t\t\t\t\t\t\tDane przekazujemy wy\u0142\u0105cznie do kraj\u00f3w trzecich zgodnie z obowi\u0105zuj\u0105cymi przepisami prawa.\n\nDopuszczalno\u015b\u0107 przekazywania danych do kraj\u00f3w trzecich reguluj\u0105 art. 44 i nast\u0119pne RODO. Je\u017celi przekazujemy Pa\u0144stwa dane do kraju trzeciego, zostan\u0105 Pa\u0144stwo o tym poinformowani w szczeg\u00f3\u0142owych informacjach dotycz\u0105cych ochrony danych dla danego procesu przetwarzania, wraz ze wskazaniem odpowiednich przepis\u00f3w prawa.\t\t\t\t\t\t\t\t<\/div>\n\t\t\t\t<div class=\"elementor-element elementor-element-017c238 elementor-widget__width-initial elementor-widget elementor-widget-heading\" data-id=\"017c238\" data-element_type=\"widget\" data-e-type=\"widget\" data-widget_type=\"heading.default\">\n\t\t\t\t\t<h2 class=\"elementor-heading-title elementor-size-default\">Szczeg\u00f3\u0142owe informacje o ochronie danych osobowych dotycz\u0105ce proces\u00f3w przetwarzania danych na stronie internetowej\n<\/h2>\t\t\t\t<\/div>\n\t\t\t\t<div class=\"elementor-element elementor-element-37b83e1 elementor-widget__width-initial elementor-widget elementor-widget-heading\" data-id=\"37b83e1\" data-element_type=\"widget\" data-e-type=\"widget\" data-widget_type=\"heading.default\">\n\t\t\t\t\t<h2 class=\"elementor-heading-title elementor-size-default\">1. Podczas odwiedzania strony internetowej\n<\/h2>\t\t\t\t<\/div>\n\t\t\t\t<div class=\"elementor-element elementor-element-7325d4d elementor-widget elementor-widget-text-editor\" data-id=\"7325d4d\" data-element_type=\"widget\" data-e-type=\"widget\" data-widget_type=\"text-editor.default\">\n\t\t\t\t\t\t\t\t\t<p>Podczas wizyty na naszej stronie internetowej przegl\u0105darka u\u017cywana na Twoim urz\u0105dzeniu ko\u0144cowym automatycznie przesy\u0142a informacje na serwer naszej strony. Informacje te s\u0105 tymczasowo przechowywane w tzw. pliku dziennika. Bez Twojego udzia\u0142u zbierane s\u0105 nast\u0119puj\u0105ce informacje i przechowywane do momentu ich automatycznego usuni\u0119cia:<\/p><ul><li>Adres IP komputera \u017c\u0105daj\u0105cego,<\/li><li>Data i godzina dost\u0119pu,<\/li><li>Nazwa i adres URL pobranego pliku,<\/li><li>Witryna, z kt\u00f3rej nast\u0105pi\u0142o po\u0142\u0105czenie (URL referencyjny),<\/li><li>u\u017cywan\u0105 przegl\u0105dark\u0119 i ewentualnie system operacyjny komputera oraz nazw\u0119 dostawcy us\u0142ug internetowych.<\/li><\/ul><p>\u00a0<\/p><p>Przetwarzamy podane dane w nast\u0119puj\u0105cych celach:<\/p><ul><li>Zapewnienie p\u0142ynnego nawi\u0105zywania po\u0142\u0105czenia ze stron\u0105 internetow\u0105,<\/li><li>Zapewnienie komfortowego korzystania z naszej strony internetowej,<\/li><li>Ocena bezpiecze\u0144stwa i stabilno\u015bci systemu oraz<\/li><li>do dalszych cel\u00f3w administracyjnych.<br \/>Podstaw\u0105 prawn\u0105 przetwarzania danych jest art. 6 ust. 1 zdanie 1 lit. f RODO. Naszym uzasadnionym interesem jest prowadzenie naszej strony internetowej i zwi\u0105zane z tym przedstawienie naszej firmy.<\/li><\/ul><p>Twoje dane zostan\u0105 usuni\u0119te, gdy przestan\u0105 by\u0107 potrzebne do wskazanych cel\u00f3w, nie p\u00f3\u017aniej ni\u017c po 6 miesi\u0105cach.<\/p>\t\t\t\t\t\t\t\t<\/div>\n\t\t\t\t<div class=\"elementor-element elementor-element-c3b4653 elementor-widget__width-initial elementor-widget elementor-widget-heading\" data-id=\"c3b4653\" data-element_type=\"widget\" data-e-type=\"widget\" data-widget_type=\"heading.default\">\n\t\t\t\t\t<h2 class=\"elementor-heading-title elementor-size-default\">2. Podczas korzystania z naszego formularza kontaktowego\n<\/h2>\t\t\t\t<\/div>\n\t\t\t\t<div class=\"elementor-element elementor-element-279dcb1 elementor-widget elementor-widget-text-editor\" data-id=\"279dcb1\" data-element_type=\"widget\" data-e-type=\"widget\" data-widget_type=\"text-editor.default\">\n\t\t\t\t\t\t\t\t\t<ul><li>W przypadku pyta\u0144 wszelkiego rodzaju, prosimy o kontakt za po\u015brednictwem formularza dost\u0119pnego na naszej stronie internetowej. Wymagane jest podanie wa\u017cnego adresu e-mail oraz swojego imienia i nazwiska, aby\u015bmy wiedzieli, od kogo pochodzi zapytanie i mogli na nie odpowiedzie\u0107.<\/li><\/ul><p>Podczas wype\u0142niania formularza kontaktowego przetwarzamy udost\u0119pnione przez Ciebie dane osobowe wy\u0142\u0105cznie w celu odpowiedzi na Twoje zapytanie i\/lub w celu nawi\u0105zania, uzasadnienia, zmiany i realizacji tre\u015bci ewentualnych stosunk\u00f3w umownych, chyba \u017ce<\/p><ul><li>zostali Pa\u0144stwo wyra\u017anie poinformowani o dalszych celach i wyrazili na nie zgod\u0119,<br \/><br \/><\/li><li>przetwarzanie w celu, kt\u00f3ry jest bezpo\u015brednio zwi\u0105zany z pierwotnym celem, dla kt\u00f3rego dane osobowe zosta\u0142y zebrane,<br \/><br \/><\/li><li>przetwarzanie nast\u0119puje w zwi\u0105zku z obowi\u0105zkiem prawnym lub na mocy nakazu organu lub orzeczenia s\u0105dowego, lub<br \/><br \/><\/li><li>w celu dochodzenia lub ochrony roszcze\u0144 prawnych lub w celu przeciwdzia\u0142ania bezprawnym dzia\u0142aniom.<\/li><\/ul><p>\u00a0<\/p><p>Nie b\u0119dziemy sprzedawa\u0107, udost\u0119pnia\u0107 ani w \u017caden inny spos\u00f3b przekazywa\u0107 Twoich danych osobowych stronom trzecim.<\/p><div>\u00a0<\/div><p>Wysy\u0142aj\u0105c wiadomo\u015b\u0107, wyra\u017casz zgod\u0119 na przetwarzanie podanych przez Ciebie danych w celu rozpatrzenia Twojego zapytania i\/lub nawi\u0105zania, uzasadnienia, zmiany i kszta\u0142towania tre\u015bci ewentualnych stosunk\u00f3w umownych. Przetwarzanie danych w celu kontaktu z nami odbywa si\u0119 zgodnie z art. 6 ust. 1 pkt 1 lit. a RODO na podstawie dobrowolnie udzielonej zgody lub w celu nawi\u0105zania lub realizacji stosunk\u00f3w umownych zgodnie z art. 6 ust. 1 pkt 1 lit. b RODO. Dane osobowe zbierane przez nas w celu korzystania z formularza kontaktowego s\u0105 automatycznie usuwane po za\u0142atwieniu Twojego zapytania i s\u0105 przechowywane tylko przez czas trwania obowi\u0105zkowych okres\u00f3w przechowywania wynikaj\u0105cych z przepis\u00f3w prawa.<\/p>\t\t\t\t\t\t\t\t<\/div>\n\t\t\t\t<div class=\"elementor-element elementor-element-7452d20 elementor-widget__width-initial elementor-widget elementor-widget-heading\" data-id=\"7452d20\" data-element_type=\"widget\" data-e-type=\"widget\" data-widget_type=\"heading.default\">\n\t\t\t\t\t<h2 class=\"elementor-heading-title elementor-size-default\">3.\n<\/h2>\t\t\t\t<\/div>\n\t\t\t\t<div class=\"elementor-element elementor-element-e544665 elementor-widget elementor-widget-text-editor\" data-id=\"e544665\" data-element_type=\"widget\" data-e-type=\"widget\" data-widget_type=\"text-editor.default\">\n\t\t\t\t\t\t\t\t\t<p>Sk\u0142adaj\u0105c u nas podanie, maj\u0105 Pa\u0144stwo mo\u017cliwo\u015b\u0107 skorzystania z dedykowanego formularza aplikacyjnego znajduj\u0105cego si\u0119 pod og\u0142oszeniami o prac\u0119. Alternatywnie, nadal ch\u0119tnie przyjmujemy podania drog\u0105 mailow\u0105 lub tradycyjnie \u2013 w formie papierowej poczt\u0105. W ka\u017cdym przypadku Pa\u0144stwa dane kandydata b\u0119d\u0105 u nas traktowane i przetwarzane zgodnie z poni\u017cszymi zasadami.<\/p><p>Firma N\u00f6lken przyk\u0142ada szczeg\u00f3ln\u0105 wag\u0119 do zapewnienia najwy\u017cszego mo\u017cliwego poziomu ochrony Pa\u0144stwa danych osobowych. Wszystkie dane osobowe gromadzone i przetwarzane w ramach procesu rekrutacji w firmie N\u00f6lken s\u0105 chronione przed nieuprawnionym dost\u0119pem i manipulacj\u0105 za pomoc\u0105 \u015brodk\u00f3w technicznych i organizacyjnych. Potrzebujemy Pa\u0144stwa danych osobowych zawartych w dokumentach aplikacyjnych, aby m\u00f3c uwzgl\u0119dni\u0107 Pa\u0144stwa jako kandydata w procesie rekrutacji oraz oceni\u0107, czy mog\u0105 Pa\u0144stwo zosta\u0107 pracownikiem naszej firmy. Je\u015bli podaj\u0105 nam Pa\u0144stwo informacje wykraczaj\u0105ce poza te wymagane, przekazuj\u0105 nam Pa\u0144stwo te dane dobrowolnie i zgadzaj\u0105 si\u0119 na ich przetwarzanie.<\/p><p>Podstaw\u0105 prawn\u0105 przetwarzania danych jest zatem art. 6 ust. 1 zdanie 1 lit. a i b RODO. Odwo\u0142anie zgody jest mo\u017cliwe w ka\u017cdym czasie. Swoje odwo\u0142anie mo\u017cna przes\u0142a\u0107 w dowolnym momencie drog\u0105 mailow\u0105 na adres HR@noelken.de.<\/p><p>Po zako\u0144czeniu procesu rekrutacji przechowujemy dokumenty przez kolejne dwa miesi\u0105ce w celach dowodowych.<\/p><p>Do ewentualnego zawarcia umowy wymagane jest, aby\u015bcie Pa\u0144stwo podali nam swoje dane osobowe w dokumentach aplikacyjnych. W przeciwnym razie nie b\u0119dziemy mogli uwzgl\u0119dni\u0107 Pa\u0144stwa w procesie rekrutacyjnym.<\/p>\t\t\t\t\t\t\t\t<\/div>\n\t\t\t\t<div class=\"elementor-element elementor-element-0cab82d elementor-widget__width-initial elementor-widget elementor-widget-heading\" data-id=\"0cab82d\" data-element_type=\"widget\" data-e-type=\"widget\" data-widget_type=\"heading.default\">\n\t\t\t\t\t<h2 class=\"elementor-heading-title elementor-size-default\">4. Pliki cookie, narz\u0119dzia analityczne, wtyczki i inne elementy stron trzecich\n<\/h2>\t\t\t\t<\/div>\n\t\t\t\t<div class=\"elementor-element elementor-element-d228af7 elementor-widget elementor-widget-text-editor\" data-id=\"d228af7\" data-element_type=\"widget\" data-e-type=\"widget\" data-widget_type=\"text-editor.default\">\n\t\t\t\t\t\t\t\t\t<p>U\u017cywamy plik\u00f3w cookie na naszej stronie internetowej. S\u0105 to ma\u0142e pliki, kt\u00f3re Twoja przegl\u0105darka automatycznie tworzy i zapisuje na Twoim urz\u0105dzeniu ko\u0144cowym (laptop, tablet, smartfon itp.). Pliki cookie nie wyrz\u0105dzaj\u0105 szk\u00f3d na Twoim urz\u0105dzeniu ko\u0144cowym i nie zawieraj\u0105 wirus\u00f3w, koni troja\u0144skich ani innego z\u0142o\u015bliwego oprogramowania. W pliku cookie przechowywane s\u0105 informacje zwi\u0105zane z konkretnym u\u017cywanym urz\u0105dzeniem ko\u0144cowym. Nie oznacza to jednak, \u017ce natychmiast uzyskujemy wiedz\u0119 o Twojej to\u017csamo\u015bci. Narz\u0119dzia analityczne analizuj\u0105.<\/p>\t\t\t\t\t\t\t\t<\/div>\n\t\t\t\t<div class=\"elementor-element elementor-element-17deb21 elementor-widget__width-initial elementor-widget elementor-widget-heading\" data-id=\"17deb21\" data-element_type=\"widget\" data-e-type=\"widget\" data-widget_type=\"heading.default\">\n\t\t\t\t\t<h2 class=\"elementor-heading-title elementor-size-default\">a) Niezb\u0119dne pliki cookie w\u0142asne\n<\/h2>\t\t\t\t<\/div>\n\t\t\t\t<div class=\"elementor-element elementor-element-fe33cae elementor-widget elementor-widget-text-editor\" data-id=\"fe33cae\" data-element_type=\"widget\" data-e-type=\"widget\" data-widget_type=\"text-editor.default\">\n\t\t\t\t\t\t\t\t\t<p>U\u017cycie naszych niezb\u0119dnych plik\u00f3w cookie w\u0142asnych s\u0142u\u017cy temu, aby korzystanie z naszej oferty by\u0142o dla Ciebie przyjemniejsze. Obecnie u\u017cywamy w tym celu nast\u0119puj\u0105cych plik\u00f3w cookie: PHPSESSID i csrf_https-contao_csrf_token.<\/p><p>Nadal korzystamy z tymczasowych plik\u00f3w cookie w celu optymalizacji przyjazno\u015bci dla u\u017cytkownika, kt\u00f3re s\u0105 przechowywane na Twoim urz\u0105dzeniu przez okre\u015blony czas. Po ponownym odwiedzeniu naszej strony w celu skorzystania z naszych us\u0142ug, system automatycznie rozpozna, \u017ce ju\u017c nas odwiedza\u0142e\u015b i czy zaakceptowa\u0142e\u015b, czy odrzuci\u0142e\u015b ustawianie plik\u00f3w cookie, aby\u015b nie musia\u0142 ponownie dokonywa\u0107 tego wyboru. Dane te zostan\u0105 usuni\u0119te najp\u00f3\u017aniej po 6 miesi\u0105cach.<\/p><p>Przetwarzamy Pa\u0144stwa dane z powodu naszego uzasadnionego interesu w zakresie prezentacji zewn\u0119trznej naszej firmy za po\u015brednictwem odwiedzanej przez Pa\u0144stwa strony internetowej oraz w celu poprawy jej przyjazno\u015bci dla u\u017cytkownika. Podstaw\u0105 prawn\u0105 przetwarzania jest art. 6 ust. 1 zdanie 1 lit. f RODO.<\/p><p>Wi\u0119kszo\u015b\u0107 przegl\u0105darek automatycznie akceptuje te pliki cookie. Mo\u017cesz jednak skonfigurowa\u0107 przegl\u0105dark\u0119 tak, aby nie zapisywa\u0142a \u017cadnych plik\u00f3w cookie na Twoim komputerze lub zawsze wy\u015bwietla\u0142a powiadomienie przed utworzeniem takiego pliku cookie. Ca\u0142kowite wy\u0142\u0105czenie plik\u00f3w cookie mo\u017ce jednak spowodowa\u0107 nieprawid\u0142owe wy\u015bwietlanie strony internetowej lub uniemo\u017cliwi\u0107 korzystanie ze wszystkich funkcji naszej strony internetowej.<\/p>\t\t\t\t\t\t\t\t<\/div>\n\t\t\t\t<div class=\"elementor-element elementor-element-3b7e816 elementor-widget__width-initial elementor-widget elementor-widget-heading\" data-id=\"3b7e816\" data-element_type=\"widget\" data-e-type=\"widget\" data-widget_type=\"heading.default\">\n\t\t\t\t\t<h2 class=\"elementor-heading-title elementor-size-default\">b) Pliki cookie stron trzecich, narz\u0119dzia analityczne, wtyczki i inne elementy stron trzecich\n<\/h2>\t\t\t\t<\/div>\n\t\t\t\t<div class=\"elementor-element elementor-element-944395c elementor-widget elementor-widget-text-editor\" data-id=\"944395c\" data-element_type=\"widget\" data-e-type=\"widget\" data-widget_type=\"text-editor.default\">\n\t\t\t\t\t\t\t\t\t<p>Osadzone przez nas pliki cookie stron trzecich, narz\u0119dzia analityczne, wtyczki i inne elementy stron trzecich, wymienione poni\u017cej, s\u0105 u\u017cywane wy\u0142\u0105cznie za Twoj\u0105 wyra\u017an\u0105 zgod\u0105, a tym samym na podstawie art. 6 ust. 1 zdanie 1 lit. a RODO. Swoj\u0105 udzielon\u0105 zgod\u0119 mo\u017cesz odwo\u0142a\u0107 w dowolnym momencie ze skutkiem na przysz\u0142o\u015b\u0107. Niewyra\u017cenie zgody lub jej odwo\u0142anie mo\u017ce spowodowa\u0107, \u017ce strona internetowa nie b\u0119dzie wy\u015bwietlana poprawnie lub nie b\u0119dziesz m\u00f3g\u0142 korzysta\u0107 ze wszystkich jej funkcji.<\/p><p>Wykorzystuj\u0105c pliki cookie stron trzecich, narz\u0119dzia analityczne, wtyczki i inne elementy pochodz\u0105ce od podmiot\u00f3w zewn\u0119trznych, d\u0105\u017cymy do dostosowania naszej strony internetowej do potrzeb u\u017cytkownik\u00f3w oraz jej ci\u0105g\u0142ej optymalizacji. Ponadto stosujemy narz\u0119dzia \u015bledz\u0105ce w celu statystycznego rejestrowania korzystania z naszej strony internetowej oraz analizowania tych danych w celu optymalizacji naszej oferty dla Pa\u0144stwa.<\/p><p>Szczeg\u00f3\u0142owe opisy funkcji, potencjalni odbiorcy danych, informacje o mo\u017cliwym przekazaniu do kraju trzeciego oraz okres przechowywania danych znajduj\u0105 si\u0119 w poni\u017cszych informacjach dotycz\u0105cych poszczeg\u00f3lnych proces\u00f3w przetwarzania z wykorzystaniem plik\u00f3w cookie stron trzecich, narz\u0119dzi analitycznych, wtyczek i innych element\u00f3w stron trzecich.<\/p><p>Google Analytics<\/p><p>W celu dostosowania naszych stron do potrzeb u\u017cytkownik\u00f3w oraz ich ci\u0105g\u0142ej optymalizacji korzystamy z Google Analytics, us\u0142ugi analizy internetowej \u015bwiadczonej przez Google Ireland Limited (Gordon House, Barrow Street, Dublin 4, Irlandia; dalej \u201eGoogle\u201c). W tym kontek\u015bcie tworzone s\u0105 pseudonimizowane profile u\u017cytkownik\u00f3w i wykorzystywane s\u0105 pliki cookie (patrz pkt 4). Informacje generowane przez pliki cookie dotycz\u0105ce korzystania przez Pa\u0144stwa z tej strony internetowej, takie jak<\/p><p>Typ\/wersja przegl\u0105darki,<br \/>System operacyjny,<br \/>URL polecaj\u0105cego (poprzednio odwiedzana strona),<br \/>Nazwa hosta komputera uzyskuj\u0105cego dost\u0119p (adres IP),<br \/>Godzina zapytania serwera<br \/>s\u0105 przesy\u0142ane na serwer Google i tam przechowywane.<\/p><p>Informacje te s\u0142u\u017c\u0105 do oceny korzystania z witryny, sporz\u0105dzania raport\u00f3w na temat aktywno\u015bci na stronie oraz \u015bwiadczenia innych us\u0142ug zwi\u0105zanych z korzystaniem z witryny i Internetu w celach bada\u0144 rynkowych i dostosowania tych stron internetowych do potrzeb. Pa\u0144stwa adres IP w \u017cadnym wypadku nie zostanie po\u0142\u0105czony z innymi danymi Google. Adresy IP s\u0105 anonimizowane, co uniemo\u017cliwia ich powi\u0105zanie (maskowanie adres\u00f3w IP).<\/p><p>W ka\u017cdej chwili mog\u0105 Pa\u0144stwo wycofa\u0107 swoj\u0105 zgod\u0119 za pomoc\u0105 banera dotycz\u0105cego plik\u00f3w cookie, kt\u00f3ry udost\u0119pniamy. Wi\u0119cej informacji na temat ochrony danych w zwi\u0105zku z Google Analytics mo\u017cna znale\u017a\u0107 m.in. w pomocy Google Analytics (https:\/\/support.google.com\/analytics\/answer\/6004245?hl=de).<\/p><p>Google wykorzystuje zebrane dane r\u00f3wnie\u017c do w\u0142asnych cel\u00f3w. Polityk\u0119 prywatno\u015bci i warunki korzystania z us\u0142ug Google znajdziesz pod adresem https:\/\/policies.google.com\/privacy<\/p><p>(2) YouTube<\/p><p>Na naszej stronie internetowej korzystamy z wtyczek spo\u0142eczno\u015bciowych YouTube LLC (901 Cherry Avenue, San Bruno, CA 94066, USA), sp\u00f3\u0142ki zale\u017cnej Google LLC (1600 Amphitheatre Parkway, Mountain View, CA 94043, USA), aby promowa\u0107 nasz\u0105 firm\u0119.<\/p><p>Wtyczki s\u0105 oznaczone logo YouTube, na przyk\u0142ad w postaci \u201ekamery YouTube\u201c lub przycisku \u201eOdtw\u00f3rz\u201c.<\/p><p>Osadzanie tych wtyczek odbywa si\u0119 za pomoc\u0105 tak zwanej metody dwuklikowej, aby jak najlepiej chroni\u0107 odwiedzaj\u0105cych nasz\u0105 stron\u0119 internetow\u0105. Oznacza to, \u017ce Twoje dane osobowe (w szczeg\u00f3lno\u015bci Tw\u00f3j adres IP) nie s\u0105 przesy\u0142ane do YouTube ju\u017c podczas odwiedzania strony internetowej. Zamiast tego musisz najpierw aktywowa\u0107 osadzone \u201eprzyciski\u201c i filmy poprzez klikni\u0119cie. Klikni\u0119cie to stanowi Twoj\u0105 zgod\u0119 na nawi\u0105zanie po\u0142\u0105czenia z serwerami YouTube. Mo\u017cesz odwo\u0142a\u0107 swoj\u0105 zgod\u0119, od\u015bwie\u017caj\u0105c stron\u0119 internetow\u0105.<\/p><p>Dzi\u0119ki tej integracji YouTube otrzymuje informacj\u0119, \u017ce Twoja przegl\u0105darka wywo\u0142a\u0142a odpowiedni\u0105 stron\u0119 naszej witryny, nawet je\u015bli nie masz profilu w YouTube ani nie jeste\u015b aktualnie zalogowany.<\/p><p>Te informacje (w tym Tw\u00f3j adres IP) s\u0105 przesy\u0142ane przez Twoj\u0105 przegl\u0105dark\u0119 bezpo\u015brednio na serwer YouTube w USA i tam przechowywane. Je\u015bli jeste\u015b zalogowany na YouTube, YouTube mo\u017ce natychmiast przypisa\u0107 wizyt\u0119 na naszej stronie do Twojego konta YouTube. Je\u015bli wchodzisz w interakcj\u0119 z wtyczkami, na przyk\u0142ad naciskaj\u0105c przycisk \u201eYouTube\u201c, te informacje s\u0105 r\u00f3wnie\u017c przesy\u0142ane bezpo\u015brednio na serwer YouTube i tam przechowywane. Informacje te zostan\u0105 r\u00f3wnie\u017c opublikowane na Twoim koncie YouTube i wy\u015bwietlone tam Twoim kontaktom.<\/p><p>Je\u015bli nie chcesz, aby YouTube od razu przypisywa\u0142 dane zebrane za po\u015brednictwem naszej strony internetowej do Twojego konta YouTube, musisz wylogowa\u0107 si\u0119 z YouTube przed aktywacj\u0105 wtyczek.<\/p><p>Wi\u0119cej informacji na ten temat mo\u017cna znale\u017a\u0107 w polityce prywatno\u015bci serwisu YouTube (https:\/\/www.youtube.de\/t\/privacy).<\/p><p>Dane s\u0105 przekazywane do Stan\u00f3w Zjednoczonych jako kraju trzeciego zgodnie z art. 49 ust. 1 lit. a) RODO za Twoj\u0105 zgod\u0105, je\u015bli j\u0105 wyrazisz po tym, jak zostali\u015bmy poinformowani o ewentualnym braku lub ograniczeniu mo\u017cliwo\u015bci ochrony prawnej oraz o ni\u017cszym poziomie ochrony danych w Stanach Zjednoczonych w por\u00f3wnaniu do UE.<\/p>\t\t\t\t\t\t\t\t<\/div>\n\t\t\t\t<div class=\"elementor-element elementor-element-34a7edd elementor-widget__width-initial elementor-widget elementor-widget-heading\" data-id=\"34a7edd\" data-element_type=\"widget\" data-e-type=\"widget\" data-widget_type=\"heading.default\">\n\t\t\t\t\t<h2 class=\"elementor-heading-title elementor-size-default\">5. Aktualno\u015b\u0107 i zmiana polityki prywatno\u015bci\n<\/h2>\t\t\t\t<\/div>\n\t\t\t\t<div class=\"elementor-element elementor-element-a15bba7 elementor-widget elementor-widget-text-editor\" data-id=\"a15bba7\" data-element_type=\"widget\" data-e-type=\"widget\" data-widget_type=\"text-editor.default\">\n\t\t\t\t\t\t\t\t\tNiniejsza polityka prywatno\u015bci jest aktualna i obowi\u0105zuje od maja 2022 r. W zwi\u0105zku z rozwojem naszej strony internetowej i oferowanych na niej us\u0142ug lub ze wzgl\u0119du na zmiany przepis\u00f3w prawnych lub wytycznych organ\u00f3w administracji mo\u017ce zaistnie\u0107 konieczno\u015b\u0107 wprowadzenia zmian w niniejszej polityce prywatno\u015bci. Aktualn\u0105 wersj\u0119 polityki prywatno\u015bci mo\u017cna w ka\u017cdej chwili wy\u015bwietli\u0107 i wydrukowa\u0107 na stronie internetowej pod adresem www.noelken.de\/kontakt\/copyright-datenschutz\/.\n\n\t\t\t\t\t\t\t\t<\/div>\n\t\t\t\t<\/div>\n\t\t\t\t<\/div>","protected":false},"excerpt":{"rendered":"<p>Datenschutzerkl\u00e4rung 1. Name und Kontaktdaten des f\u00fcr die Verarbeitung Verantwortlichen sowie des betrieblichen Datenschutzbeauftragten Diese Datenschutz-Information gilt f\u00fcr die Datenverarbeitung durch: Verantwortlicher: Firma N\u00f6lken Hygiene Products GmbH (im Folgenden: N\u00f6lken) Klarenplatz 2, 53578 Windhagen Telefon: +49 2645 9527-0 Telefax: +49 2645 9527-33 E-Mail: info@noelken.de Der betriebliche Datenschutzbeauftragte von N\u00f6lken ist unter der Anschrift dhpg IT-Services [&hellip;]<\/p>\n","protected":false},"author":1,"featured_media":0,"parent":0,"menu_order":0,"comment_status":"closed","ping_status":"closed","template":"","meta":{"footnotes":""},"class_list":["post-1835","page","type-page","status-publish","hentry"],"aioseo_notices":[],"aioseo_head":"\n\t\t<!-- All in One SEO Pro 5.0.1.1 - aioseo.com -->\n\t<meta name=\"description\" content=\"Erfahren Sie, wie N\u00f6lken Hygiene Products GmbH personenbezogene Daten verarbeitet und welche Rechte Sie nach der DSGVO haben.\" \/>\n\t<meta name=\"robots\" content=\"max-image-preview:large\" \/>\n\t<link rel=\"canonical\" href=\"https:\/\/www.noelken.de\/pl\/datenschutzhinweise\/\" \/>\n\t<meta name=\"generator\" content=\"All in One SEO Pro (AIOSEO) 5.0.1.1\" \/>\n\t\t<meta property=\"og:locale\" content=\"pl_PL\" \/>\n\t\t<meta property=\"og:site_name\" content=\"N\u00f6lken Hygiene Products -\" \/>\n\t\t<meta property=\"og:type\" content=\"article\" \/>\n\t\t<meta property=\"og:title\" content=\"Datenschutzhinweise - N\u00f6lken Hygiene Products\" \/>\n\t\t<meta property=\"og:description\" content=\"Erfahren Sie, wie N\u00f6lken Hygiene Products GmbH personenbezogene Daten verarbeitet und welche Rechte Sie nach der DSGVO haben.\" \/>\n\t\t<meta property=\"og:url\" content=\"https:\/\/www.noelken.de\/pl\/datenschutzhinweise\/\" \/>\n\t\t<meta property=\"article:published_time\" content=\"2026-04-30T06:54:26+00:00\" \/>\n\t\t<meta property=\"article:modified_time\" content=\"2026-06-25T12:12:25+00:00\" \/>\n\t\t<meta property=\"article:publisher\" content=\"https:\/\/www.facebook.com\/noelken.de\" \/>\n\t\t<meta name=\"twitter:card\" content=\"summary_large_image\" \/>\n\t\t<meta name=\"twitter:title\" content=\"Datenschutzhinweise - N\u00f6lken Hygiene Products\" \/>\n\t\t<meta name=\"twitter:description\" content=\"Erfahren Sie, wie N\u00f6lken Hygiene Products GmbH personenbezogene Daten verarbeitet und welche Rechte Sie nach der DSGVO haben.\" \/>\n\t\t<script type=\"application\/ld+json\" class=\"aioseo-schema\">\n\t\t\t{\"@context\":\"https:\\\/\\\/schema.org\",\"@graph\":[{\"@type\":\"BreadcrumbList\",\"@id\":\"https:\\\/\\\/www.noelken.de\\\/pl\\\/datenschutzhinweise\\\/#breadcrumblist\",\"itemListElement\":[{\"@type\":\"ListItem\",\"@id\":\"https:\\\/\\\/www.noelken.de\\\/pl#listItem\",\"position\":1,\"name\":\"Home\",\"item\":\"https:\\\/\\\/www.noelken.de\\\/pl\",\"nextItem\":{\"@type\":\"ListItem\",\"@id\":\"https:\\\/\\\/www.noelken.de\\\/pl\\\/datenschutzhinweise\\\/#listItem\",\"name\":\"Datenschutzhinweise\"}},{\"@type\":\"ListItem\",\"@id\":\"https:\\\/\\\/www.noelken.de\\\/pl\\\/datenschutzhinweise\\\/#listItem\",\"position\":2,\"name\":\"Datenschutzhinweise\",\"previousItem\":{\"@type\":\"ListItem\",\"@id\":\"https:\\\/\\\/www.noelken.de\\\/pl#listItem\",\"name\":\"Home\"}}]},{\"@type\":\"Organization\",\"@id\":\"https:\\\/\\\/www.noelken.de\\\/pl\\\/#organization\",\"name\":\"N\\u00f6lken Hygiene Products GmbH\",\"description\":\"Die N\\u00f6lken Hygiene Products GmbH wurde 1982 von Ernst N\\u00f6lken gegr\\u00fcndet und wird heute als Familienunternehmen in der zweiten Generation gef\\u00fchrt. Das Unternehmen mit dem Stammsitz im rheinland-pf\\u00e4lzischen Windhagen vollzog die Entwicklung vom Handelsunternehmen zum breit aufgestellten Hersteller und geh\\u00f6rt heute zu den Marktf\\u00fchrenden in den Bereichen kosmetische Pflegemittel und Hygieneprodukte. \\u00dcber 500 Mitarbeitende entwickeln und produzieren an vier Standorten in Deutschland und Polen Feuchtt\\u00fccher, Stilleinlagen und kosmetische Pflegeprodukte f\\u00fcr namhafte Handels- und Industrieunternehmen auf drei Kontinenten.\",\"url\":\"https:\\\/\\\/www.noelken.de\\\/pl\\\/\",\"email\":\"info@noelken.de\",\"telephone\":\"+49264595270\",\"foundingDate\":\"1982-01-01\",\"numberOfEmployees\":{\"@type\":\"QuantitativeValue\",\"value\":500},\"logo\":{\"@type\":\"ImageObject\",\"url\":\"https:\\\/\\\/www.noelken.de\\\/wp-content\\\/uploads\\\/2026\\\/02\\\/favicon-32x32-1.png\",\"@id\":\"https:\\\/\\\/www.noelken.de\\\/pl\\\/datenschutzhinweise\\\/#organizationLogo\",\"width\":32,\"height\":32},\"image\":{\"@id\":\"https:\\\/\\\/www.noelken.de\\\/pl\\\/datenschutzhinweise\\\/#organizationLogo\"},\"sameAs\":[\"https:\\\/\\\/www.facebook.com\\\/noelken.de\",\"https:\\\/\\\/www.instagram.com\\\/noelkenhygiene\",\"https:\\\/\\\/www.tiktok.com\\\/@noelkenhygiene\",\"https:\\\/\\\/www.youtube.com\\\/channel\\\/UCgE3LbL2-YKqUVFKMmPOUIg\",\"https:\\\/\\\/www.linkedin.com\\\/company\\\/noelken-hygiene\"]},{\"@type\":\"WebPage\",\"@id\":\"https:\\\/\\\/www.noelken.de\\\/pl\\\/datenschutzhinweise\\\/#webpage\",\"url\":\"https:\\\/\\\/www.noelken.de\\\/pl\\\/datenschutzhinweise\\\/\",\"name\":\"Datenschutzhinweise - N\\u00f6lken Hygiene Products\",\"description\":\"Erfahren Sie, wie N\\u00f6lken Hygiene Products GmbH personenbezogene Daten verarbeitet und welche Rechte Sie nach der DSGVO haben.\",\"inLanguage\":\"pl-PL\",\"isPartOf\":{\"@id\":\"https:\\\/\\\/www.noelken.de\\\/pl\\\/#website\"},\"breadcrumb\":{\"@id\":\"https:\\\/\\\/www.noelken.de\\\/pl\\\/datenschutzhinweise\\\/#breadcrumblist\"},\"datePublished\":\"2026-04-30T08:54:26+02:00\",\"dateModified\":\"2026-06-25T14:12:25+02:00\"},{\"@type\":\"WebSite\",\"@id\":\"https:\\\/\\\/www.noelken.de\\\/pl\\\/#website\",\"url\":\"https:\\\/\\\/www.noelken.de\\\/pl\\\/\",\"name\":\"N\\u00f6lken Hygiene Products GmbH\",\"inLanguage\":\"pl-PL\",\"publisher\":{\"@id\":\"https:\\\/\\\/www.noelken.de\\\/pl\\\/#organization\"}}]}\n\t\t<\/script>\n\t\t<!-- All in One SEO Pro -->\r\n\t\t<title>Datenschutzhinweise - N\u00f6lken Hygiene Products<\/title>\n\n","aioseo_head_json":{"title":"Informacje o ochronie danych - N\u00f6lken Hygiene Products","description":"Dowiedz si\u0119, w jaki spos\u00f3b N\u00f6lken Hygiene Products GmbH przetwarza dane osobowe i jakie masz prawa wynikaj\u0105ce z RODO.","canonical_url":"https:\/\/www.noelken.de\/pl\/datenschutzhinweise\/","robots":"max-image-preview:large","keywords":"","webmasterTools":{"miscellaneous":""},"schema":{"@context":"https:\/\/schema.org","@graph":[{"@type":"BreadcrumbList","@id":"https:\/\/www.noelken.de\/pl\/datenschutzhinweise\/#breadcrumblist","itemListElement":[{"@type":"ListItem","@id":"https:\/\/www.noelken.de\/pl#listItem","position":1,"name":"Home","item":"https:\/\/www.noelken.de\/pl","nextItem":{"@type":"ListItem","@id":"https:\/\/www.noelken.de\/pl\/datenschutzhinweise\/#listItem","name":"Datenschutzhinweise"}},{"@type":"ListItem","@id":"https:\/\/www.noelken.de\/pl\/datenschutzhinweise\/#listItem","position":2,"name":"Datenschutzhinweise","previousItem":{"@type":"ListItem","@id":"https:\/\/www.noelken.de\/pl#listItem","name":"Home"}}]},{"@type":"Organization","@id":"https:\/\/www.noelken.de\/pl\/#organization","name":"N\u00f6lken Hygiene Products GmbH","description":"Die N\u00f6lken Hygiene Products GmbH wurde 1982 von Ernst N\u00f6lken gegr\u00fcndet und wird heute als Familienunternehmen in der zweiten Generation gef\u00fchrt. Das Unternehmen mit dem Stammsitz im rheinland-pf\u00e4lzischen Windhagen vollzog die Entwicklung vom Handelsunternehmen zum breit aufgestellten Hersteller und geh\u00f6rt heute zu den Marktf\u00fchrenden in den Bereichen kosmetische Pflegemittel und Hygieneprodukte. \u00dcber 500 Mitarbeitende entwickeln und produzieren an vier Standorten in Deutschland und Polen Feuchtt\u00fccher, Stilleinlagen und kosmetische Pflegeprodukte f\u00fcr namhafte Handels- und Industrieunternehmen auf drei Kontinenten.","url":"https:\/\/www.noelken.de\/pl\/","email":"info@noelken.de","telephone":"+49264595270","foundingDate":"1982-01-01","numberOfEmployees":{"@type":"QuantitativeValue","value":500},"logo":{"@type":"ImageObject","url":"https:\/\/www.noelken.de\/wp-content\/uploads\/2026\/02\/favicon-32x32-1.png","@id":"https:\/\/www.noelken.de\/pl\/datenschutzhinweise\/#organizationLogo","width":32,"height":32},"image":{"@id":"https:\/\/www.noelken.de\/pl\/datenschutzhinweise\/#organizationLogo"},"sameAs":["https:\/\/www.facebook.com\/noelken.de","https:\/\/www.instagram.com\/noelkenhygiene","https:\/\/www.tiktok.com\/@noelkenhygiene","https:\/\/www.youtube.com\/channel\/UCgE3LbL2-YKqUVFKMmPOUIg","https:\/\/www.linkedin.com\/company\/noelken-hygiene"]},{"@type":"WebPage","@id":"https:\/\/www.noelken.de\/pl\/datenschutzhinweise\/#webpage","url":"https:\/\/www.noelken.de\/pl\/datenschutzhinweise\/","name":"Datenschutzhinweise - N\u00f6lken Hygiene Products","description":"Erfahren Sie, wie N\u00f6lken Hygiene Products GmbH personenbezogene Daten verarbeitet und welche Rechte Sie nach der DSGVO haben.","inLanguage":"pl-PL","isPartOf":{"@id":"https:\/\/www.noelken.de\/pl\/#website"},"breadcrumb":{"@id":"https:\/\/www.noelken.de\/pl\/datenschutzhinweise\/#breadcrumblist"},"datePublished":"2026-04-30T08:54:26+02:00","dateModified":"2026-06-25T14:12:25+02:00"},{"@type":"WebSite","@id":"https:\/\/www.noelken.de\/pl\/#website","url":"https:\/\/www.noelken.de\/pl\/","name":"N\u00f6lken Hygiene Products GmbH","inLanguage":"pl-PL","publisher":{"@id":"https:\/\/www.noelken.de\/pl\/#organization"}}]},"og:locale":"pl_PL","og:site_name":"N\u00f6lken Hygiene Products -","og:type":"article","og:title":"Datenschutzhinweise - N\u00f6lken Hygiene Products","og:description":"Erfahren Sie, wie N\u00f6lken Hygiene Products GmbH personenbezogene Daten verarbeitet und welche Rechte Sie nach der DSGVO haben.","og:url":"https:\/\/www.noelken.de\/pl\/datenschutzhinweise\/","article:published_time":"2026-04-30T06:54:26+00:00","article:modified_time":"2026-06-25T12:12:25+00:00","article:publisher":"https:\/\/www.facebook.com\/noelken.de","twitter:card":"summary_large_image","twitter:title":"Datenschutzhinweise - N\u00f6lken Hygiene Products","twitter:description":"Erfahren Sie, wie N\u00f6lken Hygiene Products GmbH personenbezogene Daten verarbeitet und welche Rechte Sie nach der DSGVO haben."},"aioseo_meta_data":{"post_id":"1835","title":null,"description":"Dowiedz si\u0119, w jaki spos\u00f3b N\u00f6lken Hygiene Products GmbH przetwarza dane osobowe i jakie masz prawa wynikaj\u0105ce z RODO.","keywords":null,"keyphrases":{"focus":{"keyphrase":"","score":0,"analysis":{"keyphraseInTitle":{"score":0,"maxScore":9,"error":1}}},"additional":[]},"primary_term":null,"canonical_url":null,"og_title":null,"og_description":null,"og_object_type":"default","og_image_type":"default","og_image_custom_url":null,"og_image_custom_fields":null,"og_image_url":null,"og_image_width":null,"og_image_height":null,"og_video":"","og_custom_url":null,"og_article_section":null,"og_article_tags":null,"twitter_use_og":false,"twitter_card":"default","twitter_image_type":"default","twitter_image_custom_url":null,"twitter_image_custom_fields":null,"twitter_image_url":null,"twitter_title":null,"twitter_description":null,"schema_type":"default","schema_type_options":null,"schema":{"blockGraphs":[],"customGraphs":[],"default":{"data":{"Article":[],"Course":[],"Dataset":[],"FAQPage":[],"Movie":[],"Person":[],"Product":[],"ProductReview":[],"Car":[],"Recipe":[],"Service":[],"SoftwareApplication":[],"WebPage":[]},"graphName":"WebPage","isEnabled":true},"graphs":[]},"pillar_content":false,"robots_default":true,"robots_noindex":false,"robots_noarchive":false,"robots_nosnippet":false,"robots_nofollow":false,"robots_noimageindex":false,"robots_noodp":false,"robots_notranslate":false,"robots_max_snippet":"-1","robots_max_videopreview":"-1","robots_max_imagepreview":"large","priority":null,"frequency":"default","local_seo":null,"limit_modified_date":false,"ai":{"faqs":[],"keyPoints":[],"schemas":[],"titles":[],"descriptions":[],"socialPosts":{"email":{"subject":"","preview":"","content":""},"linkedin":[],"twitter":[],"facebook":[],"instagram":[]}},"breadcrumb_settings":null,"seo_analyzer_scan_date":"2026-06-25 12:34:19","created":"2026-06-18 12:47:58","updated":"2026-06-25 13:03:15","focus_keyword":null,"additional_keywords":null,"truseo_locale":null},"aioseo_breadcrumb":"<div class=\"aioseo-breadcrumbs\"><span class=\"aioseo-breadcrumb\">\n\t<a href=\"https:\/\/www.noelken.de\/pl\" title=\"Home\">Home<\/a>\n<\/span><span class=\"aioseo-breadcrumb-separator\">&raquo;<\/span><span class=\"aioseo-breadcrumb\">\n\tDatenschutzhinweise\n<\/span><\/div>","aioseo_breadcrumb_json":[{"label":"Home","link":"https:\/\/www.noelken.de\/pl"},{"label":"Datenschutzhinweise","link":"https:\/\/www.noelken.de\/pl\/datenschutzhinweise\/"}],"_links":{"self":[{"href":"https:\/\/www.noelken.de\/pl\/wp-json\/wp\/v2\/pages\/1835","targetHints":{"allow":["GET"]}}],"collection":[{"href":"https:\/\/www.noelken.de\/pl\/wp-json\/wp\/v2\/pages"}],"about":[{"href":"https:\/\/www.noelken.de\/pl\/wp-json\/wp\/v2\/types\/page"}],"author":[{"embeddable":true,"href":"https:\/\/www.noelken.de\/pl\/wp-json\/wp\/v2\/users\/1"}],"replies":[{"embeddable":true,"href":"https:\/\/www.noelken.de\/pl\/wp-json\/wp\/v2\/comments?post=1835"}],"version-history":[{"count":4,"href":"https:\/\/www.noelken.de\/pl\/wp-json\/wp\/v2\/pages\/1835\/revisions"}],"predecessor-version":[{"id":1839,"href":"https:\/\/www.noelken.de\/pl\/wp-json\/wp\/v2\/pages\/1835\/revisions\/1839"}],"wp:attachment":[{"href":"https:\/\/www.noelken.de\/pl\/wp-json\/wp\/v2\/media?parent=1835"}],"curies":[{"name":"wp","href":"https:\/\/api.w.org\/{rel}","templated":true}]}}