{"id":294,"date":"2026-02-12T11:29:13","date_gmt":"2026-02-12T10:29:13","guid":{"rendered":"http:\/\/noelken-backup2.local\/?page_id=294"},"modified":"2026-07-22T08:35:14","modified_gmt":"2026-07-22T06:35:14","slug":"nachhaltigkeit","status":"publish","type":"page","link":"https:\/\/www.noelken.de\/pl\/nachhaltigkeit\/","title":{"rendered":"Zr\u00f3wnowa\u017cony rozw\u00f3j"},"content":{"rendered":"<div data-elementor-type=\"wp-page\" data-elementor-id=\"294\" class=\"elementor elementor-294\" data-elementor-post-type=\"page\">\n\t\t\t\t<div class=\"elementor-element elementor-element-fc2df4f e-con-full e-flex e-con e-parent\" data-id=\"fc2df4f\" data-element_type=\"container\" data-e-type=\"container\" data-settings=\"{&quot;background_background&quot;:&quot;classic&quot;}\">\n\t\t\t\t<\/div>\n\t\t<div class=\"elementor-element elementor-element-1e9559f e-con-full e-flex e-con e-parent\" data-id=\"1e9559f\" data-element_type=\"container\" data-e-type=\"container\">\n\t\t\t\t<div class=\"elementor-element elementor-element-ef620dd elementor-widget elementor-widget-heading\" data-id=\"ef620dd\" data-element_type=\"widget\" data-e-type=\"widget\" data-widget_type=\"heading.default\">\n\t\t\t\t\t<h3 class=\"elementor-heading-title elementor-size-default\">Polityka zr\u00f3wnowa\u017conego rozwoju<\/h3>\t\t\t\t<\/div>\n\t\t\t\t<div class=\"elementor-element elementor-element-26b06cc elementor-widget__width-initial elementor-widget elementor-widget-heading\" data-id=\"26b06cc\" data-element_type=\"widget\" data-e-type=\"widget\" data-widget_type=\"heading.default\">\n\t\t\t\t\t<h3 class=\"elementor-heading-title elementor-size-default\">Bierzemy odpowiedzialno\u015b\u0107\n<\/h3>\t\t\t\t<\/div>\n\t\t\t\t<div class=\"elementor-element elementor-element-f101d59 elementor-widget elementor-widget-text-editor\" data-id=\"f101d59\" data-element_type=\"widget\" data-e-type=\"widget\" data-widget_type=\"text-editor.default\">\n\t\t\t\t\t\t\t\t\t<p><strong>Anga\u017cujemy si\u0119 w zr\u00f3wnowa\u017cony rozw\u00f3j, kt\u00f3ry \u0142\u0105czy cele ekonomiczne z odpowiedzialnym spo\u0142ecznie i ekologicznie dzia\u0142aniem. W ten spos\u00f3b mo\u017cemy wsp\u00f3lnie tworzy\u0107 lepszy \u015bwiat, m\u0105drzej wykorzystuj\u0105c zasoby, a jednocze\u015bnie dbaj\u0105c o stabilno\u015b\u0107 spo\u0142eczn\u0105. Cz\u0142owiek jest dla nas zawsze priorytetem.<\/strong><\/p><p>Bycie przysz\u0142o\u015bciowym dla N\u00f6lken Hygiene Products oznacza ju\u017c dzi\u015b dostrzega\u0107 zmiany i trendy, kt\u00f3re w przysz\u0142o\u015bci b\u0119d\u0105 wp\u0142ywa\u0107 na \u015brodowisko, spo\u0142ecze\u0144stwo i gospodark\u0119, oraz dostosowywa\u0107 do nich nasz\u0105 dzia\u0142alno\u015b\u0107 gospodarcz\u0105.<\/p><p>Dzia\u0142aj\u0105c sumiennie i odpowiedzialnie w naszej dzia\u0142alno\u015bci gospodarczej oraz chroni\u0105c interesy naszych interesariuszy, budujemy zaufanie, a tym samym podstaw\u0119 naszego d\u0142ugoterminowego sukcesu biznesowego. Tylko przejmuj\u0105c odpowiedzialno\u015b\u0107 za ludzi i przyrod\u0119, mo\u017cemy odnie\u015b\u0107 sukces ekonomiczny. A tylko dzi\u0119ki sukcesowi ekonomicznemu mo\u017cemy stworzy\u0107 warto\u015b\u0107 dodan\u0105 dla spo\u0142ecze\u0144stwa i \u015brodowiska.<\/p>\t\t\t\t\t\t\t\t<\/div>\n\t\t\t\t<div class=\"elementor-element elementor-element-2fac5f6 elementor-widget__width-initial elementor-widget elementor-widget-heading\" data-id=\"2fac5f6\" data-element_type=\"widget\" data-e-type=\"widget\" data-widget_type=\"heading.default\">\n\t\t\t\t\t<h3 class=\"elementor-heading-title elementor-size-default\">Nasze obszary fokusu\n<\/h3>\t\t\t\t<\/div>\n\t\t\t\t<div class=\"elementor-element elementor-element-f7e9c50 elementor-widget elementor-widget-text-editor\" data-id=\"f7e9c50\" data-element_type=\"widget\" data-e-type=\"widget\" data-widget_type=\"text-editor.default\">\n\t\t\t\t\t\t\t\t\t<p>W N\u00f6lken zdajemy sobie spraw\u0119 ze znaczenia zr\u00f3wnowa\u017conego rozwoju i odpowiedzialnego zarz\u0105dzania przedsi\u0119biorstwem. Dok\u0142adamy wszelkich stara\u0144, aby \u015bledzi\u0107 nasze wp\u0142ywy we wszystkich dzia\u0142aniach biznesowych, koncentruj\u0105c si\u0119 w szczeg\u00f3lno\u015bci na trzech r\u00f3wnie wa\u017cnych obszarach: produkty, \u015brodowisko i ludzie.<\/p><p><a href=\"\/pl\/nachhaltigkeit\/fokusfelder\/\">Wi\u0119cej informacji na temat naszych obszar\u00f3w zainteresowania znajd\u0105 Pa\u0144stwo tutaj &gt;&gt;<\/a><\/p>\t\t\t\t\t\t\t\t<\/div>\n\t\t\t\t<div class=\"elementor-element elementor-element-956a157 elementor-widget elementor-widget-html\" data-id=\"956a157\" data-element_type=\"widget\" data-e-type=\"widget\" data-widget_type=\"html.default\">\n\t\t\t\t\t<section class=\"noelken-focusfields\">\n  <div class=\"focus-stage\">\n\n    <img decoding=\"async\"\n      class=\"focus-stage-image\"\n      src=\"https:\/\/www.noelken.de\/assets\/images\/c\/pic_24-5ggn3jnw0jgwpvm.png\"\n      alt=\"Fokusfelder\"\n    >\n\n    <!-- PRODUKTE -->\n    <a class=\"focus-card focus-card-top\" href=\"\/pl\/nachhaltigkeit\/fokusfeld-produkte\/\">\n      <span class=\"focus-front\">\n        <img decoding=\"async\" class=\"focus-icon\" src=\"https:\/\/www.noelken.de\/assets\/images\/5\/Element%206-14bzrxbzmeh8zgv.svg\" alt=\"Fokusfeld Produkte\">\n        <span class=\"focus-title\">Pole fokusowe produkty<\/span>\n      <\/span>\n      <span class=\"focus-back\">\n        <span class=\"focus-text\">\n          Produkcja wysokiej jako\u015bci i zr\u00f3wnowa\u017conych artyku\u0142\u00f3w piel\u0119gnacyjnych.\n        <\/span>\n      <\/span>\n    <\/a>\n\n    <!-- UMWELT -->\n    <a class=\"focus-card focus-card-left\" href=\"\/pl\/nachhaltigkeit\/fokusfeld-umwelt\/\">\n      <span class=\"focus-front\">\n        <img decoding=\"async\" class=\"focus-icon\" src=\"https:\/\/www.noelken.de\/assets\/images\/4\/Element%205-zc69987fmahxkve.svg\" alt=\"Fokusfeld Umwelt\">\n        <span class=\"focus-title\">Dziedzina skupienia: \u015arodowisko<\/span>\n      <\/span>\n      <span class=\"focus-back\">\n        <span class=\"focus-text\">\n          Przyj\u0105\u0107 odpowiedzialno\u015b\u0107 za nasze \u015brodowisko ekologiczne.\n        <\/span>\n      <\/span>\n    <\/a>\n\n    <!-- MENSCHEN -->\n    <a class=\"focus-card focus-card-right\" href=\"\/pl\/nachhaltigkeit\/fokusfeld-mensch\/\">\n      <span class=\"focus-front\">\n        <img decoding=\"async\" class=\"focus-icon\" src=\"https:\/\/www.noelken.de\/assets\/images\/7\/Element%207-jfmnvcryr6zechq.svg\" alt=\"Fokusfeld Menschen\">\n        <span class=\"focus-title\">Obszar zainteresowa\u0144 ludzi<\/span>\n      <\/span>\n      <span class=\"focus-back\">\n        <span class=\"focus-text\">\n          Odpowiedzialny partner dla wszystkich, kt\u00f3rzy maj\u0105 kontakt z nami i naszymi projektami.\n        <\/span>\n      <\/span>\n    <\/a>\n\n  <\/div>\n<\/section>\n\n<style>\n.noelken-focusfields {\n  width: 100%;\n  padding: 0;\n  margin: 0;\n}\n\n.focus-stage {\n  position: relative;\n  width: min(1120px, 100%);\n  margin: 0 auto;\n  line-height: 1;\n}\n\n.focus-stage-image {\n  width: 100%;\n  display: block;\n  height: auto;\n  pointer-events: none;\n  user-select: none;\n}\n\n\/* Karten *\/\n.focus-card {\n  position: absolute;\n  width: 28.2%;\n  aspect-ratio: 1.44 \/ 1;\n  background: #63ad2f;\n  border-radius: 10px;\n  overflow: hidden;\n  text-decoration: none;\n  color: #fff;\n  z-index: 3;\n}\n\n.focus-front,\n.focus-back {\n  position: absolute;\n  inset: 0;\n  display: flex;\n  flex-direction: column;\n  align-items: center;\n  justify-content: center;\n  text-align: center;\n  padding: 10%;\n  transition: opacity 0.3s ease, transform 0.3s ease;\n}\n\n.focus-front {\n  background: #63ad2f;\n  opacity: 1;\n  transform: translateY(0);\n  z-index: 2;\n}\n\n.focus-back {\n  background: #7abd57;\n  opacity: 0;\n  transform: translateY(10px);\n  z-index: 1;\n}\n\n.focus-card:hover .focus-front {\n  opacity: 0;\n  transform: translateY(-10px);\n}\n\n.focus-card:hover .focus-back {\n  opacity: 1;\n  transform: translateY(0);\n}\n\n.focus-icon {\n  width: 78px;\n  height: auto;\n  margin-bottom: 18px;\n  display: block;\n}\n\n.focus-title {\n  display: block;\n  font-size: 18px;\n  font-weight: 400;\n  line-height: 1.2;\n  color: #fff;\n}\n\n.focus-text {\n  display: block;\n  font-size: 15px;\n  line-height: 1.45;\n  color: #fff;\n  max-width: 92%;\n}\n\n\/* FEINPOSITIONIERUNG *\/\n.focus-card-top {\n  left: 50%;\n  top: -25.8%;\n  transform: translateX(-50%);\n}\n\n.focus-card-left {\n  left: -10.7%;\n  top: 66.8%;\n  transform: translateY(-50%);\n}\n\n.focus-card-right {\n  right: -10.7%;\n  top: 66.8%;\n  transform: translateY(-50%);\n}\n\n\/* Hover darf Grundposition nicht zerst\u00f6ren *\/\n.focus-card-top:hover,\n.focus-card-top:focus {\n  transform: translateX(-50%);\n}\n\n.focus-card-left:hover,\n.focus-card-left:focus {\n  transform: translateY(-50%);\n}\n\n.focus-card-right:hover,\n.focus-card-right:focus {\n  transform: translateY(-50%);\n}\n\n\/* Mobile *\/\n@media (max-width: 768px) {\n  .focus-stage-image {\n    display: none;\n  }\n\n  .focus-stage {\n    display: flex;\n    flex-direction: column;\n    gap: 20px;\n  }\n\n  .focus-card {\n    position: relative;\n    width: 100%;\n    max-width: 350px;\n    margin: 0 auto;\n    aspect-ratio: 1.5 \/ 1;\n    transform: none !important;\n    left: auto !important;\n    right: auto !important;\n    top: auto !important;\n  }\n}\n<\/style>\t\t\t\t<\/div>\n\t\t\t\t<\/div>\n\t\t<div class=\"elementor-element elementor-element-3b04847 e-flex e-con-boxed e-con e-parent\" data-id=\"3b04847\" data-element_type=\"container\" data-e-type=\"container\" data-settings=\"{&quot;background_background&quot;:&quot;classic&quot;}\">\n\t\t\t\t\t<div class=\"e-con-inner\">\n\t\t\t\t<div class=\"elementor-element elementor-element-804a1b1 elementor-widget elementor-widget-heading\" data-id=\"804a1b1\" data-element_type=\"widget\" data-e-type=\"widget\" data-widget_type=\"heading.default\">\n\t\t\t\t\t<h2 class=\"elementor-heading-title elementor-size-default\">Cele Zr\u00f3wnowa\u017conego Rozwoju<\/h2>\t\t\t\t<\/div>\n\t\t\t\t<div class=\"elementor-element elementor-element-4df267a elementor-widget__width-initial elementor-widget elementor-widget-heading\" data-id=\"4df267a\" data-element_type=\"widget\" data-e-type=\"widget\" data-widget_type=\"heading.default\">\n\t\t\t\t\t<h3 class=\"elementor-heading-title elementor-size-default\">Cele Zr\u00f3wnowa\u017conego Rozwoju\n<\/h3>\t\t\t\t<\/div>\n\t\t\t\t<div class=\"elementor-element elementor-element-6e1f0d3 elementor-widget elementor-widget-text-editor\" data-id=\"6e1f0d3\" data-element_type=\"widget\" data-e-type=\"widget\" data-widget_type=\"text-editor.default\">\n\t\t\t\t\t\t\t\t\t<p>Strategia zr\u00f3wnowa\u017conego rozwoju firmy N\u00f6lken obejmuje zar\u00f3wno kr\u00f3tkoterminowe cele roczne, jak i cele d\u0142ugoterminowe, do kt\u00f3rych d\u0105\u017cymy do 2030 roku i kt\u00f3re s\u0105 regularnie ustalane.<\/p><p>Cele przypisane s\u0105 do trzech obszar\u00f3w dzia\u0142ania: produkt\u00f3w, \u015brodowiska i ludzi, i przyczyniaj\u0105 si\u0119 do realizacji Cel\u00f3w Zr\u00f3wnowa\u017conego Rozwoju Organizacji Narod\u00f3w Zjednoczonych (SDG).<\/p><p>Cele Zr\u00f3wnowa\u017conego Rozwoju i zasady Global Compactu Organizacji Narod\u00f3w Zjednoczonych (UNGC) stanowi\u0105 fundament naszej strategii zr\u00f3wnowa\u017conego rozwoju.<\/p><p><a href=\"\/pl\/nachhaltigkeit\/fokusfelder\/sustainable-development-goals\/\"><strong>Wi\u0119cej informacji &gt;&gt;<\/strong><\/a><\/p>\t\t\t\t\t\t\t\t<\/div>\n\t\t\t\t\t<\/div>\n\t\t\t\t<\/div>\n\t\t\t\t<\/div>","protected":false},"excerpt":{"rendered":"<p>Nachhaltigkeitspolitik Wir \u00fcbernehmen Verantwortung Wir engagieren uns f\u00fcr eine nachhaltige Entwicklung, die wirtschaftliche Ziele mit sozial und \u00f6kologisch verantwortungsvollem Handeln verbindet. So k\u00f6nnen wir gemeinsam eine bessere Welt schaffen, indem wir die Ressourcen kl\u00fcger nutzen und gleichzeitig die Stabilit\u00e4t in der Gesellschaft erhalten. Dabei steht der Mensch f\u00fcr uns immer an erster Stelle. Zukunftsf\u00e4hig zu [&hellip;]<\/p>\n","protected":false},"author":1,"featured_media":0,"parent":0,"menu_order":0,"comment_status":"closed","ping_status":"closed","template":"","meta":{"footnotes":""},"class_list":["post-294","page","type-page","status-publish","hentry"],"aioseo_notices":[],"aioseo_head":"\n\t\t<!-- All in One SEO Pro 5.0.1.1 - aioseo.com -->\n\t<meta name=\"description\" content=\"Erfahren Sie, wie N\u00f6lken wirtschaftliche Ziele mit sozialer und \u00f6kologischer Verantwortung verbindet \u2013 f\u00fcr Produkte, Umwelt und Menschen.\" \/>\n\t<meta name=\"robots\" content=\"max-image-preview:large\" \/>\n\t<link rel=\"canonical\" href=\"https:\/\/www.noelken.de\/pl\/nachhaltigkeit\/\" \/>\n\t<meta name=\"generator\" content=\"All in One SEO Pro (AIOSEO) 5.0.1.1\" \/>\n\t\t<meta property=\"og:locale\" content=\"pl_PL\" \/>\n\t\t<meta property=\"og:site_name\" content=\"N\u00f6lken Hygiene Products -\" \/>\n\t\t<meta property=\"og:type\" content=\"article\" \/>\n\t\t<meta property=\"og:title\" content=\"Nachhaltigkeit &amp; Verantwortung - N\u00f6lken Hygiene Products\" \/>\n\t\t<meta property=\"og:description\" content=\"Erfahren Sie, wie N\u00f6lken wirtschaftliche Ziele mit sozialer und \u00f6kologischer Verantwortung verbindet \u2013 f\u00fcr Produkte, Umwelt und Menschen.\" \/>\n\t\t<meta property=\"og:url\" content=\"https:\/\/www.noelken.de\/pl\/nachhaltigkeit\/\" \/>\n\t\t<meta property=\"article:published_time\" content=\"2026-02-12T10:29:13+00:00\" \/>\n\t\t<meta property=\"article:modified_time\" content=\"2026-07-22T06:35:14+00:00\" \/>\n\t\t<meta property=\"article:publisher\" content=\"https:\/\/www.facebook.com\/noelken.de\" \/>\n\t\t<meta name=\"twitter:card\" content=\"summary_large_image\" \/>\n\t\t<meta name=\"twitter:title\" content=\"Nachhaltigkeit &amp; Verantwortung - N\u00f6lken Hygiene Products\" \/>\n\t\t<meta name=\"twitter:description\" content=\"Erfahren Sie, wie N\u00f6lken wirtschaftliche Ziele mit sozialer und \u00f6kologischer Verantwortung verbindet \u2013 f\u00fcr Produkte, Umwelt und Menschen.\" \/>\n\t\t<script type=\"application\/ld+json\" class=\"aioseo-schema\">\n\t\t\t{\"@context\":\"https:\\\/\\\/schema.org\",\"@graph\":[{\"@type\":\"BreadcrumbList\",\"@id\":\"https:\\\/\\\/www.noelken.de\\\/pl\\\/nachhaltigkeit\\\/#breadcrumblist\",\"itemListElement\":[{\"@type\":\"ListItem\",\"@id\":\"https:\\\/\\\/www.noelken.de\\\/pl#listItem\",\"position\":1,\"name\":\"Home\",\"item\":\"https:\\\/\\\/www.noelken.de\\\/pl\",\"nextItem\":{\"@type\":\"ListItem\",\"@id\":\"https:\\\/\\\/www.noelken.de\\\/pl\\\/nachhaltigkeit\\\/#listItem\",\"name\":\"Nachhaltigkeit\"}},{\"@type\":\"ListItem\",\"@id\":\"https:\\\/\\\/www.noelken.de\\\/pl\\\/nachhaltigkeit\\\/#listItem\",\"position\":2,\"name\":\"Nachhaltigkeit\",\"previousItem\":{\"@type\":\"ListItem\",\"@id\":\"https:\\\/\\\/www.noelken.de\\\/pl#listItem\",\"name\":\"Home\"}}]},{\"@type\":\"Organization\",\"@id\":\"https:\\\/\\\/www.noelken.de\\\/pl\\\/#organization\",\"name\":\"N\\u00f6lken Hygiene Products GmbH\",\"description\":\"Die N\\u00f6lken Hygiene Products GmbH wurde 1982 von Ernst N\\u00f6lken gegr\\u00fcndet und wird heute als Familienunternehmen in der zweiten Generation gef\\u00fchrt. Das Unternehmen mit dem Stammsitz im rheinland-pf\\u00e4lzischen Windhagen vollzog die Entwicklung vom Handelsunternehmen zum breit aufgestellten Hersteller und geh\\u00f6rt heute zu den Marktf\\u00fchrenden in den Bereichen kosmetische Pflegemittel und Hygieneprodukte. \\u00dcber 500 Mitarbeitende entwickeln und produzieren an vier Standorten in Deutschland und Polen Feuchtt\\u00fccher, Stilleinlagen und kosmetische Pflegeprodukte f\\u00fcr namhafte Handels- und Industrieunternehmen auf drei Kontinenten.\",\"url\":\"https:\\\/\\\/www.noelken.de\\\/pl\\\/\",\"email\":\"info@noelken.de\",\"telephone\":\"+49264595270\",\"foundingDate\":\"1982-01-01\",\"numberOfEmployees\":{\"@type\":\"QuantitativeValue\",\"value\":500},\"logo\":{\"@type\":\"ImageObject\",\"url\":\"https:\\\/\\\/www.noelken.de\\\/wp-content\\\/uploads\\\/2026\\\/02\\\/favicon-32x32-1.png\",\"@id\":\"https:\\\/\\\/www.noelken.de\\\/pl\\\/nachhaltigkeit\\\/#organizationLogo\",\"width\":32,\"height\":32},\"image\":{\"@id\":\"https:\\\/\\\/www.noelken.de\\\/pl\\\/nachhaltigkeit\\\/#organizationLogo\"},\"sameAs\":[\"https:\\\/\\\/www.facebook.com\\\/noelken.de\",\"https:\\\/\\\/www.instagram.com\\\/noelkenhygiene\",\"https:\\\/\\\/www.tiktok.com\\\/@noelkenhygiene\",\"https:\\\/\\\/www.youtube.com\\\/channel\\\/UCgE3LbL2-YKqUVFKMmPOUIg\",\"https:\\\/\\\/www.linkedin.com\\\/company\\\/noelken-hygiene\"]},{\"@type\":\"WebPage\",\"@id\":\"https:\\\/\\\/www.noelken.de\\\/pl\\\/nachhaltigkeit\\\/#webpage\",\"url\":\"https:\\\/\\\/www.noelken.de\\\/pl\\\/nachhaltigkeit\\\/\",\"name\":\"Nachhaltigkeit & Verantwortung - N\\u00f6lken Hygiene Products\",\"description\":\"Erfahren Sie, wie N\\u00f6lken wirtschaftliche Ziele mit sozialer und \\u00f6kologischer Verantwortung verbindet \\u2013 f\\u00fcr Produkte, Umwelt und Menschen.\",\"inLanguage\":\"pl-PL\",\"isPartOf\":{\"@id\":\"https:\\\/\\\/www.noelken.de\\\/pl\\\/#website\"},\"breadcrumb\":{\"@id\":\"https:\\\/\\\/www.noelken.de\\\/pl\\\/nachhaltigkeit\\\/#breadcrumblist\"},\"datePublished\":\"2026-02-12T11:29:13+01:00\",\"dateModified\":\"2026-07-22T08:35:14+02:00\"},{\"@type\":\"WebSite\",\"@id\":\"https:\\\/\\\/www.noelken.de\\\/pl\\\/#website\",\"url\":\"https:\\\/\\\/www.noelken.de\\\/pl\\\/\",\"name\":\"N\\u00f6lken Hygiene Products GmbH\",\"inLanguage\":\"pl-PL\",\"publisher\":{\"@id\":\"https:\\\/\\\/www.noelken.de\\\/pl\\\/#organization\"}}]}\n\t\t<\/script>\n\t\t<!-- All in One SEO Pro -->\r\n\t\t<title>Nachhaltigkeit &amp; Verantwortung - N\u00f6lken Hygiene Products<\/title>\n\n","aioseo_head_json":{"title":"Zr\u00f3wnowa\u017cony rozw\u00f3j i Odpowiedzialno\u015b\u0107 - N\u00f6lken Hygiene Products","description":"Dowiedz si\u0119, jak N\u00f6lken \u0142\u0105czy cele gospodarcze z odpowiedzialno\u015bci\u0105 spo\u0142eczn\u0105 i \u015brodowiskow\u0105 \u2013 dla produkt\u00f3w, \u015brodowiska i ludzi.","canonical_url":"https:\/\/www.noelken.de\/pl\/nachhaltigkeit\/","robots":"max-image-preview:large","keywords":"","webmasterTools":{"miscellaneous":""},"schema":{"@context":"https:\/\/schema.org","@graph":[{"@type":"BreadcrumbList","@id":"https:\/\/www.noelken.de\/pl\/nachhaltigkeit\/#breadcrumblist","itemListElement":[{"@type":"ListItem","@id":"https:\/\/www.noelken.de\/pl#listItem","position":1,"name":"Home","item":"https:\/\/www.noelken.de\/pl","nextItem":{"@type":"ListItem","@id":"https:\/\/www.noelken.de\/pl\/nachhaltigkeit\/#listItem","name":"Nachhaltigkeit"}},{"@type":"ListItem","@id":"https:\/\/www.noelken.de\/pl\/nachhaltigkeit\/#listItem","position":2,"name":"Nachhaltigkeit","previousItem":{"@type":"ListItem","@id":"https:\/\/www.noelken.de\/pl#listItem","name":"Home"}}]},{"@type":"Organization","@id":"https:\/\/www.noelken.de\/pl\/#organization","name":"N\u00f6lken Hygiene Products GmbH","description":"Die N\u00f6lken Hygiene Products GmbH wurde 1982 von Ernst N\u00f6lken gegr\u00fcndet und wird heute als Familienunternehmen in der zweiten Generation gef\u00fchrt. Das Unternehmen mit dem Stammsitz im rheinland-pf\u00e4lzischen Windhagen vollzog die Entwicklung vom Handelsunternehmen zum breit aufgestellten Hersteller und geh\u00f6rt heute zu den Marktf\u00fchrenden in den Bereichen kosmetische Pflegemittel und Hygieneprodukte. \u00dcber 500 Mitarbeitende entwickeln und produzieren an vier Standorten in Deutschland und Polen Feuchtt\u00fccher, Stilleinlagen und kosmetische Pflegeprodukte f\u00fcr namhafte Handels- und Industrieunternehmen auf drei Kontinenten.","url":"https:\/\/www.noelken.de\/pl\/","email":"info@noelken.de","telephone":"+49264595270","foundingDate":"1982-01-01","numberOfEmployees":{"@type":"QuantitativeValue","value":500},"logo":{"@type":"ImageObject","url":"https:\/\/www.noelken.de\/wp-content\/uploads\/2026\/02\/favicon-32x32-1.png","@id":"https:\/\/www.noelken.de\/pl\/nachhaltigkeit\/#organizationLogo","width":32,"height":32},"image":{"@id":"https:\/\/www.noelken.de\/pl\/nachhaltigkeit\/#organizationLogo"},"sameAs":["https:\/\/www.facebook.com\/noelken.de","https:\/\/www.instagram.com\/noelkenhygiene","https:\/\/www.tiktok.com\/@noelkenhygiene","https:\/\/www.youtube.com\/channel\/UCgE3LbL2-YKqUVFKMmPOUIg","https:\/\/www.linkedin.com\/company\/noelken-hygiene"]},{"@type":"WebPage","@id":"https:\/\/www.noelken.de\/pl\/nachhaltigkeit\/#webpage","url":"https:\/\/www.noelken.de\/pl\/nachhaltigkeit\/","name":"Nachhaltigkeit & Verantwortung - N\u00f6lken Hygiene Products","description":"Erfahren Sie, wie N\u00f6lken wirtschaftliche Ziele mit sozialer und \u00f6kologischer Verantwortung verbindet \u2013 f\u00fcr Produkte, Umwelt und Menschen.","inLanguage":"pl-PL","isPartOf":{"@id":"https:\/\/www.noelken.de\/pl\/#website"},"breadcrumb":{"@id":"https:\/\/www.noelken.de\/pl\/nachhaltigkeit\/#breadcrumblist"},"datePublished":"2026-02-12T11:29:13+01:00","dateModified":"2026-07-22T08:35:14+02:00"},{"@type":"WebSite","@id":"https:\/\/www.noelken.de\/pl\/#website","url":"https:\/\/www.noelken.de\/pl\/","name":"N\u00f6lken Hygiene Products GmbH","inLanguage":"pl-PL","publisher":{"@id":"https:\/\/www.noelken.de\/pl\/#organization"}}]},"og:locale":"pl_PL","og:site_name":"N\u00f6lken Hygiene Products -","og:type":"article","og:title":"Nachhaltigkeit &amp; Verantwortung - N\u00f6lken Hygiene Products","og:description":"Erfahren Sie, wie N\u00f6lken wirtschaftliche Ziele mit sozialer und \u00f6kologischer Verantwortung verbindet \u2013 f\u00fcr Produkte, Umwelt und Menschen.","og:url":"https:\/\/www.noelken.de\/pl\/nachhaltigkeit\/","article:published_time":"2026-02-12T10:29:13+00:00","article:modified_time":"2026-07-22T06:35:14+00:00","article:publisher":"https:\/\/www.facebook.com\/noelken.de","twitter:card":"summary_large_image","twitter:title":"Nachhaltigkeit &amp; Verantwortung - N\u00f6lken Hygiene Products","twitter:description":"Erfahren Sie, wie N\u00f6lken wirtschaftliche Ziele mit sozialer und \u00f6kologischer Verantwortung verbindet \u2013 f\u00fcr Produkte, Umwelt und Menschen."},"aioseo_meta_data":{"post_id":"294","title":"Zr\u00f3wnowa\u017cony rozw\u00f3j i odpowiedzialno\u015b\u0107 #separator_sa #site_title","description":"Dowiedz si\u0119, jak N\u00f6lken \u0142\u0105czy cele gospodarcze z odpowiedzialno\u015bci\u0105 spo\u0142eczn\u0105 i \u015brodowiskow\u0105 \u2013 dla produkt\u00f3w, \u015brodowiska i ludzi.","keywords":null,"keyphrases":{"focus":{"keyphrase":"","score":0,"analysis":{"keyphraseInTitle":{"score":0,"maxScore":9,"error":1}}},"additional":[]},"primary_term":null,"canonical_url":null,"og_title":null,"og_description":null,"og_object_type":"default","og_image_type":"default","og_image_custom_url":null,"og_image_custom_fields":null,"og_image_url":null,"og_image_width":null,"og_image_height":null,"og_video":"","og_custom_url":null,"og_article_section":null,"og_article_tags":null,"twitter_use_og":false,"twitter_card":"default","twitter_image_type":"default","twitter_image_custom_url":null,"twitter_image_custom_fields":null,"twitter_image_url":null,"twitter_title":null,"twitter_description":null,"schema_type":"default","schema_type_options":null,"schema":{"blockGraphs":[],"customGraphs":[],"default":{"data":{"Article":[],"Course":[],"Dataset":[],"FAQPage":[],"Movie":[],"Person":[],"Product":[],"ProductReview":[],"Car":[],"Recipe":[],"Service":[],"SoftwareApplication":[],"WebPage":[]},"graphName":"WebPage","isEnabled":true},"graphs":[]},"pillar_content":false,"robots_default":true,"robots_noindex":false,"robots_noarchive":false,"robots_nosnippet":false,"robots_nofollow":false,"robots_noimageindex":false,"robots_noodp":false,"robots_notranslate":false,"robots_max_snippet":"-1","robots_max_videopreview":"-1","robots_max_imagepreview":"large","priority":null,"frequency":"default","local_seo":null,"limit_modified_date":false,"ai":{"faqs":[],"keyPoints":[],"schemas":[],"titles":[],"descriptions":[],"socialPosts":{"email":{"subject":"","preview":"","content":""},"linkedin":[],"twitter":[],"facebook":[],"instagram":[]}},"breadcrumb_settings":null,"seo_analyzer_scan_date":"2026-07-22 06:35:15","created":"2026-06-18 12:41:55","updated":"2026-07-22 08:57:17","focus_keyword":null,"additional_keywords":null,"truseo_locale":null},"aioseo_breadcrumb":"<div class=\"aioseo-breadcrumbs\"><span class=\"aioseo-breadcrumb\">\n\t<a href=\"https:\/\/www.noelken.de\/pl\" title=\"Home\">Home<\/a>\n<\/span><span class=\"aioseo-breadcrumb-separator\">&raquo;<\/span><span class=\"aioseo-breadcrumb\">\n\tNachhaltigkeit\n<\/span><\/div>","aioseo_breadcrumb_json":[{"label":"Home","link":"https:\/\/www.noelken.de\/pl"},{"label":"Nachhaltigkeit","link":"https:\/\/www.noelken.de\/pl\/nachhaltigkeit\/"}],"_links":{"self":[{"href":"https:\/\/www.noelken.de\/pl\/wp-json\/wp\/v2\/pages\/294","targetHints":{"allow":["GET"]}}],"collection":[{"href":"https:\/\/www.noelken.de\/pl\/wp-json\/wp\/v2\/pages"}],"about":[{"href":"https:\/\/www.noelken.de\/pl\/wp-json\/wp\/v2\/types\/page"}],"author":[{"embeddable":true,"href":"https:\/\/www.noelken.de\/pl\/wp-json\/wp\/v2\/users\/1"}],"replies":[{"embeddable":true,"href":"https:\/\/www.noelken.de\/pl\/wp-json\/wp\/v2\/comments?post=294"}],"version-history":[{"count":71,"href":"https:\/\/www.noelken.de\/pl\/wp-json\/wp\/v2\/pages\/294\/revisions"}],"predecessor-version":[{"id":2821,"href":"https:\/\/www.noelken.de\/pl\/wp-json\/wp\/v2\/pages\/294\/revisions\/2821"}],"wp:attachment":[{"href":"https:\/\/www.noelken.de\/pl\/wp-json\/wp\/v2\/media?parent=294"}],"curies":[{"name":"wp","href":"https:\/\/api.w.org\/{rel}","templated":true}]}}