{"id":375,"date":"2026-02-12T14:37:01","date_gmt":"2026-02-12T13:37:01","guid":{"rendered":"http:\/\/noelken-backup2.local\/?page_id=375"},"modified":"2026-07-13T09:50:58","modified_gmt":"2026-07-13T07:50:58","slug":"design-verpackung","status":"publish","type":"page","link":"https:\/\/www.noelken.de\/pl\/full-service\/design-verpackung\/","title":{"rendered":"Projekt i opakowanie"},"content":{"rendered":"<div data-elementor-type=\"wp-page\" data-elementor-id=\"375\" class=\"elementor elementor-375\" data-elementor-post-type=\"page\">\n\t\t\t\t<div class=\"elementor-element elementor-element-79d20a6 e-con-full e-flex e-con e-parent\" data-id=\"79d20a6\" data-element_type=\"container\" data-e-type=\"container\" data-settings=\"{&quot;background_background&quot;:&quot;classic&quot;}\">\n\t\t\t\t<\/div>\n\t\t<div class=\"elementor-element elementor-element-de17b56 e-con-full e-flex e-con e-parent\" data-id=\"de17b56\" data-element_type=\"container\" data-e-type=\"container\">\n\t\t\t\t<div class=\"elementor-element elementor-element-ee31721 elementor-widget elementor-widget-heading\" data-id=\"ee31721\" data-element_type=\"widget\" data-e-type=\"widget\" data-widget_type=\"heading.default\">\n\t\t\t\t\t<h3 class=\"elementor-heading-title elementor-size-default\">Dla przekonuj\u0105cej prezentacji produktu\n<\/h3>\t\t\t\t<\/div>\n\t\t\t\t<div class=\"elementor-element elementor-element-3afc666 elementor-widget__width-initial elementor-widget elementor-widget-heading\" data-id=\"3afc666\" data-element_type=\"widget\" data-e-type=\"widget\" data-widget_type=\"heading.default\">\n\t\t\t\t\t<h3 class=\"elementor-heading-title elementor-size-default\">Wewn\u0119trzne warto\u015bci atrakcyjnie opakowane\n<\/h3>\t\t\t\t<\/div>\n\t\t\t\t<\/div>\n\t\t<div class=\"elementor-element elementor-element-acc0da4 e-flex e-con-boxed e-con e-parent\" data-id=\"acc0da4\" data-element_type=\"container\" data-e-type=\"container\">\n\t\t\t\t\t<div class=\"e-con-inner\">\n\t\t<div class=\"elementor-element elementor-element-1522009 e-con-full e-flex e-con e-child\" data-id=\"1522009\" data-element_type=\"container\" data-e-type=\"container\">\n\t\t\t\t<div class=\"elementor-element elementor-element-9b153db elementor-widget elementor-widget-text-editor\" data-id=\"9b153db\" data-element_type=\"widget\" data-e-type=\"widget\" data-widget_type=\"text-editor.default\">\n\t\t\t\t\t\t\t\t\t<p><strong>Dobre wzornictwo jest kluczem do serca konsument\u00f3w. W ko\u0144cu to w\u0142a\u015bnie podczas zakup\u00f3w w drogerii lub supermarkecie cz\u0119sto decyduj\u0105, jaki produkt kupi\u0105.<\/strong><\/p>\t\t\t\t\t\t\t\t<\/div>\n\t\t\t\t<div class=\"elementor-element elementor-element-1677d96 elementor-widget elementor-widget-text-editor\" data-id=\"1677d96\" data-element_type=\"widget\" data-e-type=\"widget\" data-widget_type=\"text-editor.default\">\n\t\t\t\t\t\t\t\t\t<div class=\"column col_6\"><div class=\"attributes\"><div class=\"ce_text format-p-large block\" data-animate=\"fadeInUp\"><p>Opakowanie odgrywa w tym kluczow\u0105 rol\u0119, wykraczaj\u0105c\u0105 daleko poza sam\u0105 funkcj\u0119 ochronn\u0105 dla zawarto\u015bci. Wygl\u0105d i dotyk s\u0105 wa\u017cnymi czynnikami i maj\u0105 elementarny wp\u0142yw na pozytywne do\u015bwiadczenie zakupowe. Przekonuj\u0105ce opakowania nawi\u0105zuj\u0105 do swojej zawarto\u015bci, podkre\u015blaj\u0105 jako\u015b\u0107 produktu i nadaj\u0105 mu atrakcyjn\u0105 warto\u015b\u0107.<\/p><p>Dzi\u0119ki tym celom nasz do\u015bwiadczony zesp\u00f3\u0142 wspiera Pa\u0144stwa od pierwszej koncepcji przez projektowanie powierzchni, techniczn\u0105 realizacj\u0119 a\u017c po gotowe opakowanie. Z wielk\u0105 pasj\u0105 do doskona\u0142ego wzornictwa wykorzystujemy wszystkie mo\u017cliwo\u015bci nowoczesnej technologii opakowaniowej, eksperymentujemy z innowacjami materia\u0142owymi i wsp\u00f3lnie z Pa\u0144stwem opracowujemy kompleksowe koncepcje, kt\u00f3re optymalnie \u0142\u0105cz\u0105 funkcjonalno\u015b\u0107, design i jako\u015b\u0107.<\/p><p>Tak b\u0119dziemy ekscytowa\u0107 Pa\u0144stwa klient\u00f3w nie tylko podczas zakupu, ale przy ka\u017cdym u\u017cyciu Pa\u0144stwa produkt\u00f3w, podczas ogl\u0105dania, dotykania i otwierania.<\/p><p>Chcesz samodzielnie zaj\u0105\u0107 si\u0119 projektowaniem swoich produkt\u00f3w? \u017baden problem, ch\u0119tnie wsp\u00f3\u0142pracujemy z Twoim dzia\u0142em fachowym lub zewn\u0119trznymi agencjami.<\/p><\/div><\/div><\/div>\t\t\t\t\t\t\t\t<\/div>\n\t\t\t\t<\/div>\n\t\t<div class=\"elementor-element elementor-element-798be80 e-con-full e-flex e-con e-child\" data-id=\"798be80\" data-element_type=\"container\" data-e-type=\"container\" data-settings=\"{&quot;background_background&quot;:&quot;classic&quot;}\">\n\t\t\t\t<\/div>\n\t\t\t\t\t<\/div>\n\t\t\t\t<\/div>\n\t\t<div class=\"elementor-element elementor-element-af15044 e-flex e-con-boxed e-con e-parent\" data-id=\"af15044\" data-element_type=\"container\" data-e-type=\"container\">\n\t\t\t\t\t<div class=\"e-con-inner\">\n\t\t\t\t<div class=\"elementor-element elementor-element-0d2a01f elementor-widget elementor-widget-spacer\" data-id=\"0d2a01f\" data-element_type=\"widget\" data-e-type=\"widget\" data-widget_type=\"spacer.default\">\n\t\t\t\t\t\t\t<div class=\"elementor-spacer\">\n\t\t\t<div class=\"elementor-spacer-inner\"><\/div>\n\t\t<\/div>\n\t\t\t\t\t\t<\/div>\n\t\t\t\t\t<\/div>\n\t\t\t\t<\/div>\n\t\t<div class=\"elementor-element elementor-element-b4bab6e e-flex e-con-boxed e-con e-parent\" data-id=\"b4bab6e\" data-element_type=\"container\" data-e-type=\"container\" data-settings=\"{&quot;background_background&quot;:&quot;classic&quot;}\">\n\t\t\t\t\t<div class=\"e-con-inner\">\n\t\t\t\t<div class=\"elementor-element elementor-element-7f39359 elementor-widget__width-initial elementor-view-default elementor-widget elementor-widget-icon\" data-id=\"7f39359\" data-element_type=\"widget\" data-e-type=\"widget\" data-widget_type=\"icon.default\">\n\t\t\t\t\t\t\t<div class=\"elementor-icon-wrapper\">\n\t\t\t<div class=\"elementor-icon\">\n\t\t\t<svg aria-hidden=\"true\" class=\"e-font-icon-svg e-fas-quote-right\" viewbox=\"0 0 512 512\" xmlns=\"http:\/\/www.w3.org\/2000\/svg\"><path d=\"M464 32H336c-26.5 0-48 21.5-48 48v128c0 26.5 21.5 48 48 48h80v64c0 35.3-28.7 64-64 64h-8c-13.3 0-24 10.7-24 24v48c0 13.3 10.7 24 24 24h8c88.4 0 160-71.6 160-160V80c0-26.5-21.5-48-48-48zm-288 0H48C21.5 32 0 53.5 0 80v128c0 26.5 21.5 48 48 48h80v64c0 35.3-28.7 64-64 64h-8c-13.3 0-24 10.7-24 24v48c0 13.3 10.7 24 24 24h8c88.4 0 160-71.6 160-160V80c0-26.5-21.5-48-48-48z\"><\/path><\/svg>\t\t\t<\/div>\n\t\t<\/div>\n\t\t\t\t\t\t<\/div>\n\t\t\t\t<div class=\"elementor-element elementor-element-9749865 elementor-testimonial--layout-image_right elementor-testimonial--align-right elementor-testimonial--skin-default elementor-widget elementor-widget-testimonial-carousel\" data-id=\"9749865\" data-element_type=\"widget\" data-e-type=\"widget\" data-settings=\"{&quot;space_between&quot;:{&quot;unit&quot;:&quot;px&quot;,&quot;size&quot;:5,&quot;sizes&quot;:[]},&quot;speed&quot;:500,&quot;space_between_tablet&quot;:{&quot;unit&quot;:&quot;px&quot;,&quot;size&quot;:10,&quot;sizes&quot;:[]},&quot;space_between_mobile&quot;:{&quot;unit&quot;:&quot;px&quot;,&quot;size&quot;:10,&quot;sizes&quot;:[]}}\" data-widget_type=\"testimonial-carousel.default\">\n\t\t\t\t\t\t\t\t\t\t<div class=\"elementor-main-swiper swiper\" role=\"region\" aria-roledescription=\"carousel\" aria-label=\"Slajdy\">\n\t\t\t\t<div class=\"swiper-wrapper\">\n\t\t\t\t\t\t\t\t\t\t\t<div class=\"swiper-slide\" role=\"group\" aria-roledescription=\"slide\">\n\t\t\t\t\t\t\t\t\t<div class=\"elementor-testimonial\">\n\t\t\t\t\t\t\t<div class=\"elementor-testimonial__content\">\n\t\t\t\t\t<div class=\"elementor-testimonial__text\">\n\t\t\t\t\t\t\u015awietny design i doskona\u0142e rezultaty druku to moja pasja. Czy to marka w\u0142asna, czy znana marka \u2013 w punkcie sprzeda\u017cy wygl\u0105d zewn\u0119trzny ma kluczowe znaczenie.\n\n\t\t\t\t\t<\/div>\n\t\t\t\t\t<cite class=\"elementor-testimonial__cite\"><span class=\"elementor-testimonial__name\">Dorothee Wiedemann<\/span><span class=\"elementor-testimonial__title\">Kierownictwo ds. Marketingu i Zarz\u0105dzania Projektami<\/span><\/cite>\t\t\t\t<\/div>\n\t\t\t\t\t\t<div class=\"elementor-testimonial__footer\">\n\t\t\t\t\t\t\t\t\t<div class=\"elementor-testimonial__image\">\n\t\t\t\t\t\t<img decoding=\"async\" src=\"https:\/\/www.noelken.de\/assets\/images\/k\/Dorothee_Wiedemann_700-4y956bk5am7en55.webp\" alt=\"Dorothee Wiedemann\">\n\t\t\t\t\t\t\t\t\t\t\t<\/div>\n\t\t\t\t\t\t\t\t\t\t\t<\/div>\n\t\t<\/div>\n\t\t\t\t\t\t\t\t<\/div>\n\t\t\t\t\t\t\t\t\t<\/div>\n\t\t\t\t\t\t\t<\/div>\n\t\t\t\t\t\t\t\t<\/div>\n\t\t\t\t\t<\/div>\n\t\t\t\t<\/div>\n\t\t<div class=\"elementor-element elementor-element-713f695 e-flex e-con-boxed e-con e-parent\" data-id=\"713f695\" data-element_type=\"container\" data-e-type=\"container\">\n\t\t\t\t\t<div class=\"e-con-inner\">\n\t\t\t\t<div class=\"elementor-element elementor-element-87f0b3c elementor-widget elementor-widget-spacer\" data-id=\"87f0b3c\" data-element_type=\"widget\" data-e-type=\"widget\" data-widget_type=\"spacer.default\">\n\t\t\t\t\t\t\t<div class=\"elementor-spacer\">\n\t\t\t<div class=\"elementor-spacer-inner\"><\/div>\n\t\t<\/div>\n\t\t\t\t\t\t<\/div>\n\t\t\t\t\t<\/div>\n\t\t\t\t<\/div>\n\t\t<div class=\"elementor-element elementor-element-dbbb084 e-con-full e-flex e-con e-parent\" data-id=\"dbbb084\" data-element_type=\"container\" data-e-type=\"container\" data-settings=\"{&quot;background_background&quot;:&quot;classic&quot;}\">\n\t\t<div class=\"elementor-element elementor-element-4c1b7de e-flex e-con-boxed e-con e-child\" data-id=\"4c1b7de\" data-element_type=\"container\" data-e-type=\"container\">\n\t\t\t\t\t<div class=\"e-con-inner\">\n\t\t\t\t<div class=\"elementor-element elementor-element-a77e5f9 elementor-widget elementor-widget-heading\" data-id=\"a77e5f9\" data-element_type=\"widget\" data-e-type=\"widget\" data-widget_type=\"heading.default\">\n\t\t\t\t\t<h2 class=\"elementor-heading-title elementor-size-default\">Recykling i zr\u00f3wnowa\u017cony rozw\u00f3j\n<\/h2>\t\t\t\t<\/div>\n\t\t\t\t<div class=\"elementor-element elementor-element-6cdd1ab elementor-widget elementor-widget-heading\" data-id=\"6cdd1ab\" data-element_type=\"widget\" data-e-type=\"widget\" data-widget_type=\"heading.default\">\n\t\t\t\t\t<p class=\"elementor-heading-title elementor-size-default\">Jeste\u015bmy pionierami w opracowywaniu i produkcji zr\u00f3wnowa\u017conych rozwi\u0105za\u0144 opakowaniowych.\n\n<\/p>\t\t\t\t<\/div>\n\t\t\t\t\t<\/div>\n\t\t\t\t<\/div>\n\t\t<div class=\"elementor-element elementor-element-3b1e911 e-flex e-con-boxed e-con e-child\" data-id=\"3b1e911\" data-element_type=\"container\" data-e-type=\"container\">\n\t\t\t\t\t<div class=\"e-con-inner\">\n\t\t\t\t<div class=\"elementor-element elementor-element-b082e14 elementor-widget elementor-widget-heading\" data-id=\"b082e14\" data-element_type=\"widget\" data-e-type=\"widget\" data-widget_type=\"heading.default\">\n\t\t\t\t\t<h2 class=\"elementor-heading-title elementor-size-default\">Projekt i Informacja\n<\/h2>\t\t\t\t<\/div>\n\t\t\t\t<div class=\"elementor-element elementor-element-1b6be43 elementor-widget elementor-widget-heading\" data-id=\"1b6be43\" data-element_type=\"widget\" data-e-type=\"widget\" data-widget_type=\"heading.default\">\n\t\t\t\t\t<p class=\"elementor-heading-title elementor-size-default\">Nasze opakowania \u0142\u0105cz\u0105 atrakcyjny design ze wszystkimi wa\u017cnymi informacjami.\n\n<\/p>\t\t\t\t<\/div>\n\t\t\t\t\t<\/div>\n\t\t\t\t<\/div>\n\t\t<div class=\"elementor-element elementor-element-dab9555 e-flex e-con-boxed e-con e-child\" data-id=\"dab9555\" data-element_type=\"container\" data-e-type=\"container\">\n\t\t\t\t\t<div class=\"e-con-inner\">\n\t\t\t\t<div class=\"elementor-element elementor-element-39c24e7 elementor-widget elementor-widget-heading\" data-id=\"39c24e7\" data-element_type=\"widget\" data-e-type=\"widget\" data-widget_type=\"heading.default\">\n\t\t\t\t\t<h2 class=\"elementor-heading-title elementor-size-default\">Us\u0142ugi i doradztwo\n<\/h2>\t\t\t\t<\/div>\n\t\t\t\t<div class=\"elementor-element elementor-element-1670226 elementor-widget elementor-widget-heading\" data-id=\"1670226\" data-element_type=\"widget\" data-e-type=\"widget\" data-widget_type=\"heading.default\">\n\t\t\t\t\t<p class=\"elementor-heading-title elementor-size-default\">Oczywi\u015bcie ch\u0119tnie wsp\u00f3\u0142pracujemy z Pa\u0144stwa zespo\u0142em lub zewn\u0119trznym dostawc\u0105 us\u0142ug.\n\n<\/p>\t\t\t\t<\/div>\n\t\t\t\t\t<\/div>\n\t\t\t\t<\/div>\n\t\t\t\t<\/div>\n\t\t<div class=\"elementor-element elementor-element-47c0653 e-con-full e-flex e-con e-parent\" data-id=\"47c0653\" data-element_type=\"container\" data-e-type=\"container\">\n\t\t\t\t<div class=\"elementor-element elementor-element-3b30834 elementor-widget elementor-widget-text-editor\" data-id=\"3b30834\" data-element_type=\"widget\" data-e-type=\"widget\" data-widget_type=\"text-editor.default\">\n\t\t\t\t\t\t\t\t\t<p>Podstaw\u0105 naszego ekologicznie odpowiedzialnego rozwoju opakowa\u0144 jest cel minimalizacji negatywnych skutk\u00f3w, takich jak stosy odpad\u00f3w i mikroplastik, oraz wzmocnienia pozytywnych efekt\u00f3w, takich jak rezygnacja z opakowa\u0144 i wynikaj\u0105ce z tego oszcz\u0119dno\u015bci energii i zasob\u00f3w.<\/p><p>Od 2019 roku wewn\u0119trzna grupa robocza zajmuje si\u0119 aspektami utylizacji i ponownego wykorzystania, koncentruj\u0105c si\u0119 na mo\u017cliwo\u015bciach recyklingu oraz aspektach ekologicznych i spo\u0142ecznych materia\u0142\u00f3w.<\/p><p>Niezale\u017cnie od tego, czy s\u0105 to folie kompozytowe do chusteczek nawil\u017canych, butelek, s\u0142oik\u00f3w i tubek, czy opakowania kartonowe: naszym celem jest optymalizacja mo\u017cliwo\u015bci recyklingu i fundamentalne unikanie opakowa\u0144, kt\u00f3rych potrzeba jest coraz cz\u0119\u015bciej krytykowana w ramach spo\u0142ecznej dyskusji na temat zr\u00f3wnowa\u017conego stylu \u017cycia.<\/p>\t\t\t\t\t\t\t\t<\/div>\n\t\t\t\t<div class=\"elementor-element elementor-element-c9783a9 elementor-widget elementor-widget-heading\" data-id=\"c9783a9\" data-element_type=\"widget\" data-e-type=\"widget\" data-widget_type=\"heading.default\">\n\t\t\t\t\t<h2 class=\"elementor-heading-title elementor-size-default\">Nasza misja opakowaniowa: Twoja droga do zr\u00f3wnowa\u017conego opakowania\n<\/h2>\t\t\t\t<\/div>\n\t\t\t\t<div class=\"elementor-element elementor-element-5e86639 elementor-widget elementor-widget-text-editor\" data-id=\"5e86639\" data-element_type=\"widget\" data-e-type=\"widget\" data-widget_type=\"text-editor.default\">\n\t\t\t\t\t\t\t\t\t<div id=\"article-14655\" class=\"mod_article article_14655 block fullwidth-boxed article-pt-xxs article-pb-xxs\"><div class=\"container\"><div class=\"ce_text block\"><p><span style=\"color: #236fa1;\"><strong>Unikaj<\/strong><\/span><br \/>U\u017cywamy tylko materia\u0142\u00f3w opakowaniowych istotnych dla bezpiecze\u0144stwa produktu i unikamy zb\u0119dnych opakowa\u0144 wt\u00f3rnych. Na przyk\u0142ad w przypadku opakowa\u0144 wielokrotnych mo\u017cemy zrezygnowa\u0107 z folii termokurczliwej lub torby transportowej.<\/p><p><span style=\"color: #236fa1;\"><strong>Zredukuj<\/strong><\/span><br \/>D\u0105\u017cymy do minimalizacji zu\u017cycia materia\u0142\u00f3w \u2013 w szczeg\u00f3lno\u015bci tworzyw sztucznych \u2013 we wszystkich opakowaniach.<\/p><p><span style=\"color: #236fa1;\"><strong>Ponownie u\u017cy\u0107<\/strong><\/span><br \/>Tam, gdzie to ma sens, stawiamy na opakowania wielokrotnego u\u017cytku i oferujemy naszym klientom woreczki uzupe\u0142niaj\u0105ce.<\/p><p><span style=\"color: #236fa1;\"><strong>Segregacja i recykling<\/strong><\/span><br \/>Jeste\u015bmy na dobrej drodze, aby wszystkie opakowania plastikowe nadawa\u0142y si\u0119 do recyklingu i tym samym wnie\u015b\u0107 wa\u017cny wk\u0142ad w gospodark\u0119 o obiegu zamkni\u0119tym.<\/p><p><span style=\"color: #236fa1;\"><strong>Materia\u0142y do recyklingu:<\/strong><\/span><br \/>Je\u015bli to mo\u017cliwe, wykorzystujemy materia\u0142y pochodz\u0105ce z recyklingu z obiegu otwartego i zamkni\u0119tego.<\/p><p><span style=\"color: #236fa1;\"><strong>Innowacja<\/strong><\/span><br \/>Cz\u0119\u015bci\u0105 naszej codzienno\u015bci jest badanie alternatywnych materia\u0142\u00f3w i ci\u0105g\u0142e definiowanie najbardziej sensownego \u017ar\u00f3d\u0142a materia\u0142\u00f3w. Na przyk\u0142ad oferujemy opakowania plastikowe wykonane z surowc\u00f3w odnawialnych.<\/p><\/div><\/div><\/div><div id=\"article-14703\" class=\"mod_article article_14703 block fullwidth-boxed article-pt-0 article-pb-0\"><div class=\"container\"><div class=\"ce_text block\" data-animate=\"fadeInUp\">\u00a0<\/div><\/div><\/div>\t\t\t\t\t\t\t\t<\/div>\n\t\t\t\t<\/div>\n\t\t<div class=\"elementor-element elementor-element-80bffb3 e-con-full e-flex e-con e-parent\" data-id=\"80bffb3\" data-element_type=\"container\" data-e-type=\"container\">\n\t\t\t\t<div class=\"elementor-element elementor-element-fcac339 elementor-widget elementor-widget-heading\" data-id=\"fcac339\" data-element_type=\"widget\" data-e-type=\"widget\" data-widget_type=\"heading.default\">\n\t\t\t\t\t<div class=\"elementor-heading-title elementor-size-default\"><a href=\"\/pl\/full-service\/logistik-transport\/\">Logistyka i transport<\/a><\/div>\t\t\t\t<\/div>\n\t\t\t\t<\/div>\n\t\t\t\t<\/div>","protected":false},"excerpt":{"rendered":"<p>F\u00fcr eine \u00fcberzeugende Produktpr\u00e4sentation Innere Werte attraktiv verpackt Ein gutes Design ist der Schl\u00fcssel zum Herzen der Konsumentinnen und Konsumenten. Schlie\u00dflich entscheiden sich diese h\u00e4ufig erst beim Einkauf in der Drogerie oder dem Verbrauchermarkt, welches Produkt sie kaufen. Die Verpackung spielt dabei eine entscheidende Rolle, die weit \u00fcber die reine Schutzfunktion f\u00fcr den Inhalt hinausgeht. [&hellip;]<\/p>\n","protected":false},"author":1,"featured_media":0,"parent":296,"menu_order":0,"comment_status":"closed","ping_status":"closed","template":"","meta":{"footnotes":""},"class_list":["post-375","page","type-page","status-publish","hentry"],"aioseo_notices":[],"aioseo_head":"\n\t\t<!-- All in One SEO Pro 5.0.1.1 - aioseo.com -->\n\t<meta name=\"description\" content=\"F\u00fcr eine \u00fcberzeugende Produktpr\u00e4sentation Innere Werte attraktiv verpackt Ein gutes Design ist der Schl\u00fcssel zum Herzen der Konsumentinnen und Konsumenten. Schlie\u00dflich entscheiden sich diese h\u00e4ufig erst beim Einkauf in der Drogerie oder dem Verbrauchermarkt, welches Produkt sie kaufen. Die Verpackung spielt dabei eine entscheidende Rolle, die weit \u00fcber die reine Schutzfunktion f\u00fcr den Inhalt hinausgeht.\" \/>\n\t<meta name=\"robots\" content=\"max-image-preview:large\" \/>\n\t<link rel=\"canonical\" href=\"https:\/\/www.noelken.de\/pl\/full-service\/design-verpackung\/\" \/>\n\t<meta name=\"generator\" content=\"All in One SEO Pro (AIOSEO) 5.0.1.1\" \/>\n\t\t<meta property=\"og:locale\" content=\"pl_PL\" \/>\n\t\t<meta property=\"og:site_name\" content=\"N\u00f6lken Hygiene Products -\" \/>\n\t\t<meta property=\"og:type\" content=\"article\" \/>\n\t\t<meta property=\"og:title\" content=\"Design &amp; Verpackung - N\u00f6lken Hygiene Products\" \/>\n\t\t<meta property=\"og:description\" content=\"F\u00fcr eine \u00fcberzeugende Produktpr\u00e4sentation Innere Werte attraktiv verpackt Ein gutes Design ist der Schl\u00fcssel zum Herzen der Konsumentinnen und Konsumenten. Schlie\u00dflich entscheiden sich diese h\u00e4ufig erst beim Einkauf in der Drogerie oder dem Verbrauchermarkt, welches Produkt sie kaufen. Die Verpackung spielt dabei eine entscheidende Rolle, die weit \u00fcber die reine Schutzfunktion f\u00fcr den Inhalt hinausgeht.\" \/>\n\t\t<meta property=\"og:url\" content=\"https:\/\/www.noelken.de\/pl\/full-service\/design-verpackung\/\" \/>\n\t\t<meta property=\"article:published_time\" content=\"2026-02-12T13:37:01+00:00\" \/>\n\t\t<meta property=\"article:modified_time\" content=\"2026-07-13T07:50:58+00:00\" \/>\n\t\t<meta property=\"article:publisher\" content=\"https:\/\/www.facebook.com\/noelken.de\" \/>\n\t\t<meta name=\"twitter:card\" content=\"summary_large_image\" \/>\n\t\t<meta name=\"twitter:title\" content=\"Design &amp; Verpackung - N\u00f6lken Hygiene Products\" \/>\n\t\t<meta name=\"twitter:description\" content=\"F\u00fcr eine \u00fcberzeugende Produktpr\u00e4sentation Innere Werte attraktiv verpackt Ein gutes Design ist der Schl\u00fcssel zum Herzen der Konsumentinnen und Konsumenten. Schlie\u00dflich entscheiden sich diese h\u00e4ufig erst beim Einkauf in der Drogerie oder dem Verbrauchermarkt, welches Produkt sie kaufen. Die Verpackung spielt dabei eine entscheidende Rolle, die weit \u00fcber die reine Schutzfunktion f\u00fcr den Inhalt hinausgeht.\" \/>\n\t\t<script type=\"application\/ld+json\" class=\"aioseo-schema\">\n\t\t\t{\"@context\":\"https:\\\/\\\/schema.org\",\"@graph\":[{\"@type\":\"BreadcrumbList\",\"@id\":\"https:\\\/\\\/www.noelken.de\\\/pl\\\/full-service\\\/design-verpackung\\\/#breadcrumblist\",\"itemListElement\":[{\"@type\":\"ListItem\",\"@id\":\"https:\\\/\\\/www.noelken.de\\\/pl#listItem\",\"position\":1,\"name\":\"Home\",\"item\":\"https:\\\/\\\/www.noelken.de\\\/pl\",\"nextItem\":{\"@type\":\"ListItem\",\"@id\":\"https:\\\/\\\/www.noelken.de\\\/pl\\\/full-service\\\/#listItem\",\"name\":\"Full-Service\"}},{\"@type\":\"ListItem\",\"@id\":\"https:\\\/\\\/www.noelken.de\\\/pl\\\/full-service\\\/#listItem\",\"position\":2,\"name\":\"Full-Service\",\"item\":\"https:\\\/\\\/www.noelken.de\\\/pl\\\/full-service\\\/\",\"nextItem\":{\"@type\":\"ListItem\",\"@id\":\"https:\\\/\\\/www.noelken.de\\\/pl\\\/full-service\\\/design-verpackung\\\/#listItem\",\"name\":\"Design &#038; Verpackung\"},\"previousItem\":{\"@type\":\"ListItem\",\"@id\":\"https:\\\/\\\/www.noelken.de\\\/pl#listItem\",\"name\":\"Home\"}},{\"@type\":\"ListItem\",\"@id\":\"https:\\\/\\\/www.noelken.de\\\/pl\\\/full-service\\\/design-verpackung\\\/#listItem\",\"position\":3,\"name\":\"Design &#038; Verpackung\",\"previousItem\":{\"@type\":\"ListItem\",\"@id\":\"https:\\\/\\\/www.noelken.de\\\/pl\\\/full-service\\\/#listItem\",\"name\":\"Full-Service\"}}]},{\"@type\":\"Organization\",\"@id\":\"https:\\\/\\\/www.noelken.de\\\/pl\\\/#organization\",\"name\":\"N\\u00f6lken Hygiene Products GmbH\",\"description\":\"Die N\\u00f6lken Hygiene Products GmbH wurde 1982 von Ernst N\\u00f6lken gegr\\u00fcndet und wird heute als Familienunternehmen in der zweiten Generation gef\\u00fchrt. Das Unternehmen mit dem Stammsitz im rheinland-pf\\u00e4lzischen Windhagen vollzog die Entwicklung vom Handelsunternehmen zum breit aufgestellten Hersteller und geh\\u00f6rt heute zu den Marktf\\u00fchrenden in den Bereichen kosmetische Pflegemittel und Hygieneprodukte. \\u00dcber 500 Mitarbeitende entwickeln und produzieren an vier Standorten in Deutschland und Polen Feuchtt\\u00fccher, Stilleinlagen und kosmetische Pflegeprodukte f\\u00fcr namhafte Handels- und Industrieunternehmen auf drei Kontinenten.\",\"url\":\"https:\\\/\\\/www.noelken.de\\\/pl\\\/\",\"email\":\"info@noelken.de\",\"telephone\":\"+49264595270\",\"foundingDate\":\"1982-01-01\",\"numberOfEmployees\":{\"@type\":\"QuantitativeValue\",\"value\":500},\"logo\":{\"@type\":\"ImageObject\",\"url\":\"https:\\\/\\\/www.noelken.de\\\/wp-content\\\/uploads\\\/2026\\\/02\\\/favicon-32x32-1.png\",\"@id\":\"https:\\\/\\\/www.noelken.de\\\/pl\\\/full-service\\\/design-verpackung\\\/#organizationLogo\",\"width\":32,\"height\":32},\"image\":{\"@id\":\"https:\\\/\\\/www.noelken.de\\\/pl\\\/full-service\\\/design-verpackung\\\/#organizationLogo\"},\"sameAs\":[\"https:\\\/\\\/www.facebook.com\\\/noelken.de\",\"https:\\\/\\\/www.instagram.com\\\/noelkenhygiene\",\"https:\\\/\\\/www.tiktok.com\\\/@noelkenhygiene\",\"https:\\\/\\\/www.youtube.com\\\/channel\\\/UCgE3LbL2-YKqUVFKMmPOUIg\",\"https:\\\/\\\/www.linkedin.com\\\/company\\\/noelken-hygiene\"]},{\"@type\":\"WebPage\",\"@id\":\"https:\\\/\\\/www.noelken.de\\\/pl\\\/full-service\\\/design-verpackung\\\/#webpage\",\"url\":\"https:\\\/\\\/www.noelken.de\\\/pl\\\/full-service\\\/design-verpackung\\\/\",\"name\":\"Design & Verpackung - N\\u00f6lken Hygiene Products\",\"description\":\"F\\u00fcr eine \\u00fcberzeugende Produktpr\\u00e4sentation Innere Werte attraktiv verpackt Ein gutes Design ist der Schl\\u00fcssel zum Herzen der Konsumentinnen und Konsumenten. Schlie\\u00dflich entscheiden sich diese h\\u00e4ufig erst beim Einkauf in der Drogerie oder dem Verbrauchermarkt, welches Produkt sie kaufen. Die Verpackung spielt dabei eine entscheidende Rolle, die weit \\u00fcber die reine Schutzfunktion f\\u00fcr den Inhalt hinausgeht.\",\"inLanguage\":\"pl-PL\",\"isPartOf\":{\"@id\":\"https:\\\/\\\/www.noelken.de\\\/pl\\\/#website\"},\"breadcrumb\":{\"@id\":\"https:\\\/\\\/www.noelken.de\\\/pl\\\/full-service\\\/design-verpackung\\\/#breadcrumblist\"},\"datePublished\":\"2026-02-12T14:37:01+01:00\",\"dateModified\":\"2026-07-13T09:50:58+02:00\"},{\"@type\":\"WebSite\",\"@id\":\"https:\\\/\\\/www.noelken.de\\\/pl\\\/#website\",\"url\":\"https:\\\/\\\/www.noelken.de\\\/pl\\\/\",\"name\":\"N\\u00f6lken Hygiene Products GmbH\",\"inLanguage\":\"pl-PL\",\"publisher\":{\"@id\":\"https:\\\/\\\/www.noelken.de\\\/pl\\\/#organization\"}}]}\n\t\t<\/script>\n\t\t<!-- All in One SEO Pro -->\r\n\t\t<title>Design &amp; Verpackung - N\u00f6lken Hygiene Products<\/title>\n\n","aioseo_head_json":{"title":"Projekt i opakowanie \u2013 N\u00f6lken Hygiene Products","description":"Dla przekonuj\u0105cej prezentacji produktu. Wewn\u0119trzne warto\u015bci atrakcyjnie opakowane. Dobry design to klucz do serca konsument\u00f3w. W ko\u0144cu cz\u0119sto decyduj\u0105 si\u0119 oni na zakup danego produktu dopiero podczas zakup\u00f3w w drogerii lub supermarkecie. Opakowanie odgrywa tu kluczow\u0105 rol\u0119, wykraczaj\u0105c\u0105 daleko poza czyst\u0105 funkcj\u0119 ochronn\u0105 dla zawarto\u015bci.","canonical_url":"https:\/\/www.noelken.de\/pl\/full-service\/design-verpackung\/","robots":"max-image-preview:large","keywords":"","webmasterTools":{"miscellaneous":""},"schema":{"@context":"https:\/\/schema.org","@graph":[{"@type":"BreadcrumbList","@id":"https:\/\/www.noelken.de\/pl\/full-service\/design-verpackung\/#breadcrumblist","itemListElement":[{"@type":"ListItem","@id":"https:\/\/www.noelken.de\/pl#listItem","position":1,"name":"Home","item":"https:\/\/www.noelken.de\/pl","nextItem":{"@type":"ListItem","@id":"https:\/\/www.noelken.de\/pl\/full-service\/#listItem","name":"Full-Service"}},{"@type":"ListItem","@id":"https:\/\/www.noelken.de\/pl\/full-service\/#listItem","position":2,"name":"Full-Service","item":"https:\/\/www.noelken.de\/pl\/full-service\/","nextItem":{"@type":"ListItem","@id":"https:\/\/www.noelken.de\/pl\/full-service\/design-verpackung\/#listItem","name":"Design &#038; Verpackung"},"previousItem":{"@type":"ListItem","@id":"https:\/\/www.noelken.de\/pl#listItem","name":"Home"}},{"@type":"ListItem","@id":"https:\/\/www.noelken.de\/pl\/full-service\/design-verpackung\/#listItem","position":3,"name":"Design &#038; Verpackung","previousItem":{"@type":"ListItem","@id":"https:\/\/www.noelken.de\/pl\/full-service\/#listItem","name":"Full-Service"}}]},{"@type":"Organization","@id":"https:\/\/www.noelken.de\/pl\/#organization","name":"N\u00f6lken Hygiene Products GmbH","description":"Die N\u00f6lken Hygiene Products GmbH wurde 1982 von Ernst N\u00f6lken gegr\u00fcndet und wird heute als Familienunternehmen in der zweiten Generation gef\u00fchrt. Das Unternehmen mit dem Stammsitz im rheinland-pf\u00e4lzischen Windhagen vollzog die Entwicklung vom Handelsunternehmen zum breit aufgestellten Hersteller und geh\u00f6rt heute zu den Marktf\u00fchrenden in den Bereichen kosmetische Pflegemittel und Hygieneprodukte. \u00dcber 500 Mitarbeitende entwickeln und produzieren an vier Standorten in Deutschland und Polen Feuchtt\u00fccher, Stilleinlagen und kosmetische Pflegeprodukte f\u00fcr namhafte Handels- und Industrieunternehmen auf drei Kontinenten.","url":"https:\/\/www.noelken.de\/pl\/","email":"info@noelken.de","telephone":"+49264595270","foundingDate":"1982-01-01","numberOfEmployees":{"@type":"QuantitativeValue","value":500},"logo":{"@type":"ImageObject","url":"https:\/\/www.noelken.de\/wp-content\/uploads\/2026\/02\/favicon-32x32-1.png","@id":"https:\/\/www.noelken.de\/pl\/full-service\/design-verpackung\/#organizationLogo","width":32,"height":32},"image":{"@id":"https:\/\/www.noelken.de\/pl\/full-service\/design-verpackung\/#organizationLogo"},"sameAs":["https:\/\/www.facebook.com\/noelken.de","https:\/\/www.instagram.com\/noelkenhygiene","https:\/\/www.tiktok.com\/@noelkenhygiene","https:\/\/www.youtube.com\/channel\/UCgE3LbL2-YKqUVFKMmPOUIg","https:\/\/www.linkedin.com\/company\/noelken-hygiene"]},{"@type":"WebPage","@id":"https:\/\/www.noelken.de\/pl\/full-service\/design-verpackung\/#webpage","url":"https:\/\/www.noelken.de\/pl\/full-service\/design-verpackung\/","name":"Design & Verpackung - N\u00f6lken Hygiene Products","description":"F\u00fcr eine \u00fcberzeugende Produktpr\u00e4sentation Innere Werte attraktiv verpackt Ein gutes Design ist der Schl\u00fcssel zum Herzen der Konsumentinnen und Konsumenten. Schlie\u00dflich entscheiden sich diese h\u00e4ufig erst beim Einkauf in der Drogerie oder dem Verbrauchermarkt, welches Produkt sie kaufen. Die Verpackung spielt dabei eine entscheidende Rolle, die weit \u00fcber die reine Schutzfunktion f\u00fcr den Inhalt hinausgeht.","inLanguage":"pl-PL","isPartOf":{"@id":"https:\/\/www.noelken.de\/pl\/#website"},"breadcrumb":{"@id":"https:\/\/www.noelken.de\/pl\/full-service\/design-verpackung\/#breadcrumblist"},"datePublished":"2026-02-12T14:37:01+01:00","dateModified":"2026-07-13T09:50:58+02:00"},{"@type":"WebSite","@id":"https:\/\/www.noelken.de\/pl\/#website","url":"https:\/\/www.noelken.de\/pl\/","name":"N\u00f6lken Hygiene Products GmbH","inLanguage":"pl-PL","publisher":{"@id":"https:\/\/www.noelken.de\/pl\/#organization"}}]},"og:locale":"pl_PL","og:site_name":"N\u00f6lken Hygiene Products -","og:type":"article","og:title":"Design &amp; Verpackung - N\u00f6lken Hygiene Products","og:description":"F\u00fcr eine \u00fcberzeugende Produktpr\u00e4sentation Innere Werte attraktiv verpackt Ein gutes Design ist der Schl\u00fcssel zum Herzen der Konsumentinnen und Konsumenten. Schlie\u00dflich entscheiden sich diese h\u00e4ufig erst beim Einkauf in der Drogerie oder dem Verbrauchermarkt, welches Produkt sie kaufen. Die Verpackung spielt dabei eine entscheidende Rolle, die weit \u00fcber die reine Schutzfunktion f\u00fcr den Inhalt hinausgeht.","og:url":"https:\/\/www.noelken.de\/pl\/full-service\/design-verpackung\/","article:published_time":"2026-02-12T13:37:01+00:00","article:modified_time":"2026-07-13T07:50:58+00:00","article:publisher":"https:\/\/www.facebook.com\/noelken.de","twitter:card":"summary_large_image","twitter:title":"Design &amp; Verpackung - N\u00f6lken Hygiene Products","twitter:description":"F\u00fcr eine \u00fcberzeugende Produktpr\u00e4sentation Innere Werte attraktiv verpackt Ein gutes Design ist der Schl\u00fcssel zum Herzen der Konsumentinnen und Konsumenten. Schlie\u00dflich entscheiden sich diese h\u00e4ufig erst beim Einkauf in der Drogerie oder dem Verbrauchermarkt, welches Produkt sie kaufen. Die Verpackung spielt dabei eine entscheidende Rolle, die weit \u00fcber die reine Schutzfunktion f\u00fcr den Inhalt hinausgeht."},"aioseo_meta_data":{"post_id":"375","title":null,"description":null,"keywords":null,"keyphrases":null,"primary_term":null,"canonical_url":null,"og_title":null,"og_description":null,"og_object_type":"default","og_image_type":"default","og_image_custom_url":null,"og_image_custom_fields":null,"og_image_url":null,"og_image_width":null,"og_image_height":null,"og_video":null,"og_custom_url":null,"og_article_section":null,"og_article_tags":null,"twitter_use_og":false,"twitter_card":"default","twitter_image_type":"default","twitter_image_custom_url":null,"twitter_image_custom_fields":null,"twitter_image_url":null,"twitter_title":null,"twitter_description":null,"schema_type":"default","schema_type_options":null,"schema":{"blockGraphs":[],"customGraphs":[],"default":{"data":{"Article":[],"Course":[],"Dataset":[],"FAQPage":[],"Movie":[],"Person":[],"Product":[],"ProductReview":[],"Car":[],"Recipe":[],"Service":[],"SoftwareApplication":[],"WebPage":[]},"graphName":"","isEnabled":true},"graphs":[]},"pillar_content":false,"robots_default":true,"robots_noindex":false,"robots_noarchive":false,"robots_nosnippet":false,"robots_nofollow":false,"robots_noimageindex":false,"robots_noodp":false,"robots_notranslate":false,"robots_max_snippet":null,"robots_max_videopreview":null,"robots_max_imagepreview":"large","priority":null,"frequency":null,"local_seo":null,"limit_modified_date":false,"ai":null,"breadcrumb_settings":null,"seo_analyzer_scan_date":"2026-07-13 07:51:21","created":"2026-06-18 12:43:54","updated":"2026-07-13 08:07:14","focus_keyword":null,"additional_keywords":null,"truseo_locale":null},"aioseo_breadcrumb":"<div class=\"aioseo-breadcrumbs\"><span class=\"aioseo-breadcrumb\">\n\t<a href=\"https:\/\/www.noelken.de\/pl\" title=\"Home\">Home<\/a>\n<\/span><span class=\"aioseo-breadcrumb-separator\">&raquo;<\/span><span class=\"aioseo-breadcrumb\">\n\t<a href=\"https:\/\/www.noelken.de\/pl\/full-service\/\" title=\"Full-Service\">Full-Service<\/a>\n<\/span><span class=\"aioseo-breadcrumb-separator\">&raquo;<\/span><span class=\"aioseo-breadcrumb\">\n\tDesign &amp; Verpackung\n<\/span><\/div>","aioseo_breadcrumb_json":[{"label":"Home","link":"https:\/\/www.noelken.de\/pl"},{"label":"Full-Service","link":"https:\/\/www.noelken.de\/pl\/full-service\/"},{"label":"Design &#038; Verpackung","link":"https:\/\/www.noelken.de\/pl\/full-service\/design-verpackung\/"}],"_links":{"self":[{"href":"https:\/\/www.noelken.de\/pl\/wp-json\/wp\/v2\/pages\/375","targetHints":{"allow":["GET"]}}],"collection":[{"href":"https:\/\/www.noelken.de\/pl\/wp-json\/wp\/v2\/pages"}],"about":[{"href":"https:\/\/www.noelken.de\/pl\/wp-json\/wp\/v2\/types\/page"}],"author":[{"embeddable":true,"href":"https:\/\/www.noelken.de\/pl\/wp-json\/wp\/v2\/users\/1"}],"replies":[{"embeddable":true,"href":"https:\/\/www.noelken.de\/pl\/wp-json\/wp\/v2\/comments?post=375"}],"version-history":[{"count":34,"href":"https:\/\/www.noelken.de\/pl\/wp-json\/wp\/v2\/pages\/375\/revisions"}],"predecessor-version":[{"id":2732,"href":"https:\/\/www.noelken.de\/pl\/wp-json\/wp\/v2\/pages\/375\/revisions\/2732"}],"up":[{"embeddable":true,"href":"https:\/\/www.noelken.de\/pl\/wp-json\/wp\/v2\/pages\/296"}],"wp:attachment":[{"href":"https:\/\/www.noelken.de\/pl\/wp-json\/wp\/v2\/media?parent=375"}],"curies":[{"name":"wp","href":"https:\/\/api.w.org\/{rel}","templated":true}]}}