{"id":626,"date":"2026-03-24T08:32:49","date_gmt":"2026-03-24T07:32:49","guid":{"rendered":"http:\/\/noelken-backup2.local\/?page_id=626"},"modified":"2026-06-25T15:06:19","modified_gmt":"2026-06-25T13:06:19","slug":"fokusfelder","status":"publish","type":"page","link":"https:\/\/www.noelken.de\/pl\/nachhaltigkeit\/fokusfelder\/","title":{"rendered":"Pol\u0101 sf\u0113ras"},"content":{"rendered":"<div data-elementor-type=\"wp-page\" data-elementor-id=\"626\" class=\"elementor elementor-626\" data-elementor-post-type=\"page\">\n\t\t\t\t<div class=\"elementor-element elementor-element-c0eff35 e-con-full e-flex e-con e-parent\" data-id=\"c0eff35\" data-element_type=\"container\" data-e-type=\"container\">\n\t\t<div class=\"elementor-element elementor-element-d6d88f3 e-con-full e-flex e-con e-child\" data-id=\"d6d88f3\" data-element_type=\"container\" data-e-type=\"container\">\n\t\t\t\t<div class=\"elementor-element elementor-element-0344307 elementor-widget elementor-widget-heading\" data-id=\"0344307\" data-element_type=\"widget\" data-e-type=\"widget\" data-widget_type=\"heading.default\">\n\t\t\t\t\t<h3 class=\"elementor-heading-title elementor-size-default\">Nasze obszary fokusu\n<\/h3>\t\t\t\t<\/div>\n\t\t\t\t<div class=\"elementor-element elementor-element-a2fb21d elementor-widget__width-initial elementor-widget elementor-widget-heading\" data-id=\"a2fb21d\" data-element_type=\"widget\" data-e-type=\"widget\" data-widget_type=\"heading.default\">\n\t\t\t\t\t<h3 class=\"elementor-heading-title elementor-size-default\">Koncentrujemy si\u0119 na tym, co najwa\u017cniejsze\n<\/h3>\t\t\t\t<\/div>\n\t\t\t\t<div class=\"elementor-element elementor-element-4fc354b elementor-widget elementor-widget-text-editor\" data-id=\"4fc354b\" data-element_type=\"widget\" data-e-type=\"widget\" data-widget_type=\"text-editor.default\">\n\t\t\t\t\t\t\t\t\t<p><strong>Analiza istotno\u015bci odpowiada na dwa pytania: Kt\u00f3re tematy zwi\u0105zane ze zr\u00f3wnowa\u017conym rozwojem maj\u0105 szczeg\u00f3lne znaczenie dla naszego d\u0142ugoterminowego sukcesu biznesowego i w jakich obszarach mo\u017cemy przyczyni\u0107 si\u0119 do zr\u00f3wnowa\u017conego rozwoju?<\/strong><\/p><p>Zarz\u0105d wraz z dzia\u0142ami specjalistycznymi przeprowadzi\u0142 kompleksow\u0105 wewn\u0119trzn\u0105 analiz\u0119 istotno\u015bci z zakresu zarz\u0105dzania zr\u00f3wnowa\u017conym rozwojem.<\/p><p>Rozwa\u017camy z jednej strony, kt\u00f3re kwestie zr\u00f3wnowa\u017conego rozwoju obecnie i perspektywicznie wp\u0142ywaj\u0105 na nasz\u0105 dzia\u0142alno\u015b\u0107 (zewn\u0105trz-wewn\u0105trz), a z drugiej strony, jak nasza dzia\u0142alno\u015b\u0107 wp\u0142ywa na te kwestie zwi\u0105zane ze zr\u00f3wnowa\u017conym rozwojem (wewn\u0105trz-zewn\u0105trz).<\/p>\t\t\t\t\t\t\t\t<\/div>\n\t\t\t\t<\/div>\n\t\t<div class=\"elementor-element elementor-element-3d3ad2a e-con-full e-flex e-con e-child\" data-id=\"3d3ad2a\" data-element_type=\"container\" data-e-type=\"container\">\n\t\t\t\t<div class=\"elementor-element elementor-element-b15a7fa elementor-widget elementor-widget-image\" data-id=\"b15a7fa\" data-element_type=\"widget\" data-e-type=\"widget\" data-widget_type=\"image.default\">\n\t\t\t\t\t\t\t\t\t\t\t\t\t\t\t<img decoding=\"async\" src=\"https:\/\/www.noelken.de\/assets\/images\/r\/inside%20outside-ddq4j2hq31ekzj2.webp\" title=\"\" alt=\"\" loading=\"lazy\" \/>\t\t\t\t\t\t\t\t\t\t\t\t\t\t\t<\/div>\n\t\t\t\t<\/div>\n\t\t\t\t<\/div>\n\t\t<div class=\"elementor-element elementor-element-4cc31b4 e-con-full e-flex e-con e-parent\" data-id=\"4cc31b4\" data-element_type=\"container\" data-e-type=\"container\">\n\t\t<div class=\"elementor-element elementor-element-3f67b99 e-con-full e-flex e-con e-child\" data-id=\"3f67b99\" data-element_type=\"container\" data-e-type=\"container\" data-settings=\"{&quot;background_background&quot;:&quot;classic&quot;}\">\n\t\t<div class=\"elementor-element elementor-element-6422ff1 e-con-full e-flex e-con e-child\" data-id=\"6422ff1\" data-element_type=\"container\" data-e-type=\"container\" data-settings=\"{&quot;background_background&quot;:&quot;classic&quot;}\">\n\t\t\t\t<\/div>\n\t\t<div class=\"elementor-element elementor-element-2c0275f e-con-full e-flex e-con e-child\" data-id=\"2c0275f\" data-element_type=\"container\" data-e-type=\"container\" data-settings=\"{&quot;background_background&quot;:&quot;classic&quot;}\">\n\t\t\t\t<div class=\"elementor-element elementor-element-c483d7f elementor-widget elementor-widget-heading\" data-id=\"c483d7f\" data-element_type=\"widget\" data-e-type=\"widget\" data-widget_type=\"heading.default\">\n\t\t\t\t\t<h2 class=\"elementor-heading-title elementor-size-default\">Pole fokusowe produkty<\/h2>\t\t\t\t<\/div>\n\t\t\t\t<div class=\"elementor-element elementor-element-73a0785 elementor-widget elementor-widget-heading\" data-id=\"73a0785\" data-element_type=\"widget\" data-e-type=\"widget\" data-widget_type=\"heading.default\">\n\t\t\t\t\t<p class=\"elementor-heading-title elementor-size-default\">Produkcja wysokiej jako\u015bci i zr\u00f3wnowa\u017conych artyku\u0142\u00f3w piel\u0119gnacyjnych.<br><\/p>\t\t\t\t<\/div>\n\t\t\t\t<div class=\"elementor-element elementor-element-37813ce elementor-widget elementor-widget-button\" data-id=\"37813ce\" data-element_type=\"widget\" data-e-type=\"widget\" data-widget_type=\"button.default\">\n\t\t\t\t\t\t\t\t\t\t<a class=\"elementor-button elementor-button-link elementor-size-sm\" href=\"\/pl\/nachhaltigkeit\/fokusfelder\/fokusfeld-produkte\/\">\n\t\t\t\t\t\t<span class=\"elementor-button-content-wrapper\">\n\t\t\t\t\t\t\t\t\t<span class=\"elementor-button-text\">Dowiedz si\u0119 wi\u0119cej<\/span>\n\t\t\t\t\t<\/span>\n\t\t\t\t\t<\/a>\n\t\t\t\t\t\t\t\t<\/div>\n\t\t\t\t<\/div>\n\t\t\t\t<\/div>\n\t\t<div class=\"elementor-element elementor-element-e6192bb e-con-full e-flex e-con e-child\" data-id=\"e6192bb\" data-element_type=\"container\" data-e-type=\"container\" data-settings=\"{&quot;background_background&quot;:&quot;classic&quot;}\">\n\t\t<div class=\"elementor-element elementor-element-cc637e6 e-con-full e-flex e-con e-child\" data-id=\"cc637e6\" data-element_type=\"container\" data-e-type=\"container\" data-settings=\"{&quot;background_background&quot;:&quot;classic&quot;}\">\n\t\t\t\t<\/div>\n\t\t<div class=\"elementor-element elementor-element-02795fb e-con-full e-flex e-con e-child\" data-id=\"02795fb\" data-element_type=\"container\" data-e-type=\"container\" data-settings=\"{&quot;background_background&quot;:&quot;classic&quot;}\">\n\t\t\t\t<div class=\"elementor-element elementor-element-139a963 elementor-widget elementor-widget-heading\" data-id=\"139a963\" data-element_type=\"widget\" data-e-type=\"widget\" data-widget_type=\"heading.default\">\n\t\t\t\t\t<h2 class=\"elementor-heading-title elementor-size-default\">Dziedzina skupienia: \u015arodowisko<\/h2>\t\t\t\t<\/div>\n\t\t\t\t<div class=\"elementor-element elementor-element-ee6441f elementor-widget elementor-widget-heading\" data-id=\"ee6441f\" data-element_type=\"widget\" data-e-type=\"widget\" data-widget_type=\"heading.default\">\n\t\t\t\t\t<p class=\"elementor-heading-title elementor-size-default\">Przyj\u0105\u0107 odpowiedzialno\u015b\u0107 za nasze \u015brodowisko ekologiczne.<br><\/p>\t\t\t\t<\/div>\n\t\t\t\t<div class=\"elementor-element elementor-element-b0ebbc5 elementor-widget elementor-widget-button\" data-id=\"b0ebbc5\" data-element_type=\"widget\" data-e-type=\"widget\" data-widget_type=\"button.default\">\n\t\t\t\t\t\t\t\t\t\t<a class=\"elementor-button elementor-button-link elementor-size-sm\" href=\"\/pl\/nachhaltigkeit\/fokusfelder\/fokusfeld-umwelt\/\">\n\t\t\t\t\t\t<span class=\"elementor-button-content-wrapper\">\n\t\t\t\t\t\t\t\t\t<span class=\"elementor-button-text\">Dowiedz si\u0119 wi\u0119cej<\/span>\n\t\t\t\t\t<\/span>\n\t\t\t\t\t<\/a>\n\t\t\t\t\t\t\t\t<\/div>\n\t\t\t\t<\/div>\n\t\t\t\t<\/div>\n\t\t<div class=\"elementor-element elementor-element-f646529 e-con-full e-flex e-con e-child\" data-id=\"f646529\" data-element_type=\"container\" data-e-type=\"container\" data-settings=\"{&quot;background_background&quot;:&quot;classic&quot;}\">\n\t\t<div class=\"elementor-element elementor-element-e17256f e-con-full e-flex e-con e-child\" data-id=\"e17256f\" data-element_type=\"container\" data-e-type=\"container\" data-settings=\"{&quot;background_background&quot;:&quot;classic&quot;}\">\n\t\t\t\t<\/div>\n\t\t<div class=\"elementor-element elementor-element-a7c1dc8 e-con-full e-flex e-con e-child\" data-id=\"a7c1dc8\" data-element_type=\"container\" data-e-type=\"container\" data-settings=\"{&quot;background_background&quot;:&quot;classic&quot;}\">\n\t\t\t\t<div class=\"elementor-element elementor-element-4e93a6c elementor-widget elementor-widget-heading\" data-id=\"4e93a6c\" data-element_type=\"widget\" data-e-type=\"widget\" data-widget_type=\"heading.default\">\n\t\t\t\t\t<h2 class=\"elementor-heading-title elementor-size-default\">Pole skupienia cz\u0142owiek<\/h2>\t\t\t\t<\/div>\n\t\t\t\t<div class=\"elementor-element elementor-element-18c7e6e elementor-widget elementor-widget-heading\" data-id=\"18c7e6e\" data-element_type=\"widget\" data-e-type=\"widget\" data-widget_type=\"heading.default\">\n\t\t\t\t\t<p class=\"elementor-heading-title elementor-size-default\">Odpowiedzialny partner dla wszystkich, kt\u00f3rzy maj\u0105 kontakt z nami i naszymi projektami.<\/p>\t\t\t\t<\/div>\n\t\t\t\t<div class=\"elementor-element elementor-element-52796f1 elementor-widget elementor-widget-button\" data-id=\"52796f1\" data-element_type=\"widget\" data-e-type=\"widget\" data-widget_type=\"button.default\">\n\t\t\t\t\t\t\t\t\t\t<a class=\"elementor-button elementor-button-link elementor-size-sm\" href=\"\/pl\/nachhaltigkeit\/fokusfelder\/fokusfeld-mensch\/\">\n\t\t\t\t\t\t<span class=\"elementor-button-content-wrapper\">\n\t\t\t\t\t\t\t\t\t<span class=\"elementor-button-text\">Dowiedz si\u0119 wi\u0119cej<\/span>\n\t\t\t\t\t<\/span>\n\t\t\t\t\t<\/a>\n\t\t\t\t\t\t\t\t<\/div>\n\t\t\t\t<\/div>\n\t\t\t\t<\/div>\n\t\t\t\t<\/div>\n\t\t\t\t<\/div>","protected":false},"excerpt":{"rendered":"<p>Unsere Fokusfelder Wir fokussieren uns auf das Wesentliche Die Wesentlichkeitsanalyse beantwortet zwei Fragen: Welche Nachhaltigkeitsthemen sind f\u00fcr unseren langfristigen Gesch\u00e4ftserfolg von besonderer Bedeutung und in welchen Feldern k\u00f6nnen wir einen Beitrag zu einer nachhaltigen Entwicklung leisten? Mit der Gesch\u00e4ftsleitung und den Fachabteilungen hat das Nachhaltigkeitsmanagement eine umfassende interne Wesentlichkeitsanalyse durchgef\u00fchrt. Wir betrachten einerseits, welche Nachhaltigkeitsthemen [&hellip;]<\/p>\n","protected":false},"author":1,"featured_media":0,"parent":294,"menu_order":0,"comment_status":"closed","ping_status":"closed","template":"","meta":{"footnotes":""},"class_list":["post-626","page","type-page","status-publish","hentry"],"aioseo_notices":[],"aioseo_head":"\n\t\t<!-- All in One SEO Pro 5.0.1.1 - aioseo.com -->\n\t<meta name=\"description\" content=\"N\u00f6lken b\u00fcndelt seine Nachhaltigkeitsaktivit\u00e4ten in drei Fokusfeldern: nachhaltige Produkte, \u00f6kologische Verantwortung und Verantwortung f\u00fcr Menschen.\" \/>\n\t<meta name=\"robots\" content=\"max-image-preview:large\" \/>\n\t<link rel=\"canonical\" href=\"https:\/\/www.noelken.de\/pl\/nachhaltigkeit\/fokusfelder\/\" \/>\n\t<meta name=\"generator\" content=\"All in One SEO Pro (AIOSEO) 5.0.1.1\" \/>\n\t\t<meta property=\"og:locale\" content=\"pl_PL\" \/>\n\t\t<meta property=\"og:site_name\" content=\"N\u00f6lken Hygiene Products -\" \/>\n\t\t<meta property=\"og:type\" content=\"article\" \/>\n\t\t<meta property=\"og:title\" content=\"Fokusfelder Nachhaltigkeit - N\u00f6lken Hygiene Products\" \/>\n\t\t<meta property=\"og:description\" content=\"N\u00f6lken b\u00fcndelt seine Nachhaltigkeitsaktivit\u00e4ten in drei Fokusfeldern: nachhaltige Produkte, \u00f6kologische Verantwortung und Verantwortung f\u00fcr Menschen.\" \/>\n\t\t<meta property=\"og:url\" content=\"https:\/\/www.noelken.de\/pl\/nachhaltigkeit\/fokusfelder\/\" \/>\n\t\t<meta property=\"article:published_time\" content=\"2026-03-24T07:32:49+00:00\" \/>\n\t\t<meta property=\"article:modified_time\" content=\"2026-06-25T13:06:19+00:00\" \/>\n\t\t<meta property=\"article:publisher\" content=\"https:\/\/www.facebook.com\/noelken.de\" \/>\n\t\t<meta name=\"twitter:card\" content=\"summary_large_image\" \/>\n\t\t<meta name=\"twitter:title\" content=\"Fokusfelder Nachhaltigkeit - N\u00f6lken Hygiene Products\" \/>\n\t\t<meta name=\"twitter:description\" content=\"N\u00f6lken b\u00fcndelt seine Nachhaltigkeitsaktivit\u00e4ten in drei Fokusfeldern: nachhaltige Produkte, \u00f6kologische Verantwortung und Verantwortung f\u00fcr Menschen.\" \/>\n\t\t<script type=\"application\/ld+json\" class=\"aioseo-schema\">\n\t\t\t{\"@context\":\"https:\\\/\\\/schema.org\",\"@graph\":[{\"@type\":\"BreadcrumbList\",\"@id\":\"https:\\\/\\\/www.noelken.de\\\/pl\\\/nachhaltigkeit\\\/fokusfelder\\\/#breadcrumblist\",\"itemListElement\":[{\"@type\":\"ListItem\",\"@id\":\"https:\\\/\\\/www.noelken.de\\\/pl#listItem\",\"position\":1,\"name\":\"Home\",\"item\":\"https:\\\/\\\/www.noelken.de\\\/pl\",\"nextItem\":{\"@type\":\"ListItem\",\"@id\":\"https:\\\/\\\/www.noelken.de\\\/pl\\\/nachhaltigkeit\\\/#listItem\",\"name\":\"Nachhaltigkeit\"}},{\"@type\":\"ListItem\",\"@id\":\"https:\\\/\\\/www.noelken.de\\\/pl\\\/nachhaltigkeit\\\/#listItem\",\"position\":2,\"name\":\"Nachhaltigkeit\",\"item\":\"https:\\\/\\\/www.noelken.de\\\/pl\\\/nachhaltigkeit\\\/\",\"nextItem\":{\"@type\":\"ListItem\",\"@id\":\"https:\\\/\\\/www.noelken.de\\\/pl\\\/nachhaltigkeit\\\/fokusfelder\\\/#listItem\",\"name\":\"Fokusfelder\"},\"previousItem\":{\"@type\":\"ListItem\",\"@id\":\"https:\\\/\\\/www.noelken.de\\\/pl#listItem\",\"name\":\"Home\"}},{\"@type\":\"ListItem\",\"@id\":\"https:\\\/\\\/www.noelken.de\\\/pl\\\/nachhaltigkeit\\\/fokusfelder\\\/#listItem\",\"position\":3,\"name\":\"Fokusfelder\",\"previousItem\":{\"@type\":\"ListItem\",\"@id\":\"https:\\\/\\\/www.noelken.de\\\/pl\\\/nachhaltigkeit\\\/#listItem\",\"name\":\"Nachhaltigkeit\"}}]},{\"@type\":\"Organization\",\"@id\":\"https:\\\/\\\/www.noelken.de\\\/pl\\\/#organization\",\"name\":\"N\\u00f6lken Hygiene Products GmbH\",\"description\":\"Die N\\u00f6lken Hygiene Products GmbH wurde 1982 von Ernst N\\u00f6lken gegr\\u00fcndet und wird heute als Familienunternehmen in der zweiten Generation gef\\u00fchrt. Das Unternehmen mit dem Stammsitz im rheinland-pf\\u00e4lzischen Windhagen vollzog die Entwicklung vom Handelsunternehmen zum breit aufgestellten Hersteller und geh\\u00f6rt heute zu den Marktf\\u00fchrenden in den Bereichen kosmetische Pflegemittel und Hygieneprodukte. \\u00dcber 500 Mitarbeitende entwickeln und produzieren an vier Standorten in Deutschland und Polen Feuchtt\\u00fccher, Stilleinlagen und kosmetische Pflegeprodukte f\\u00fcr namhafte Handels- und Industrieunternehmen auf drei Kontinenten.\",\"url\":\"https:\\\/\\\/www.noelken.de\\\/pl\\\/\",\"email\":\"info@noelken.de\",\"telephone\":\"+49264595270\",\"foundingDate\":\"1982-01-01\",\"numberOfEmployees\":{\"@type\":\"QuantitativeValue\",\"value\":500},\"logo\":{\"@type\":\"ImageObject\",\"url\":\"https:\\\/\\\/www.noelken.de\\\/wp-content\\\/uploads\\\/2026\\\/02\\\/favicon-32x32-1.png\",\"@id\":\"https:\\\/\\\/www.noelken.de\\\/pl\\\/nachhaltigkeit\\\/fokusfelder\\\/#organizationLogo\",\"width\":32,\"height\":32},\"image\":{\"@id\":\"https:\\\/\\\/www.noelken.de\\\/pl\\\/nachhaltigkeit\\\/fokusfelder\\\/#organizationLogo\"},\"sameAs\":[\"https:\\\/\\\/www.facebook.com\\\/noelken.de\",\"https:\\\/\\\/www.instagram.com\\\/noelkenhygiene\",\"https:\\\/\\\/www.tiktok.com\\\/@noelkenhygiene\",\"https:\\\/\\\/www.youtube.com\\\/channel\\\/UCgE3LbL2-YKqUVFKMmPOUIg\",\"https:\\\/\\\/www.linkedin.com\\\/company\\\/noelken-hygiene\"]},{\"@type\":\"WebPage\",\"@id\":\"https:\\\/\\\/www.noelken.de\\\/pl\\\/nachhaltigkeit\\\/fokusfelder\\\/#webpage\",\"url\":\"https:\\\/\\\/www.noelken.de\\\/pl\\\/nachhaltigkeit\\\/fokusfelder\\\/\",\"name\":\"Fokusfelder Nachhaltigkeit - N\\u00f6lken Hygiene Products\",\"description\":\"N\\u00f6lken b\\u00fcndelt seine Nachhaltigkeitsaktivit\\u00e4ten in drei Fokusfeldern: nachhaltige Produkte, \\u00f6kologische Verantwortung und Verantwortung f\\u00fcr Menschen.\",\"inLanguage\":\"pl-PL\",\"isPartOf\":{\"@id\":\"https:\\\/\\\/www.noelken.de\\\/pl\\\/#website\"},\"breadcrumb\":{\"@id\":\"https:\\\/\\\/www.noelken.de\\\/pl\\\/nachhaltigkeit\\\/fokusfelder\\\/#breadcrumblist\"},\"datePublished\":\"2026-03-24T08:32:49+01:00\",\"dateModified\":\"2026-06-25T15:06:19+02:00\"},{\"@type\":\"WebSite\",\"@id\":\"https:\\\/\\\/www.noelken.de\\\/pl\\\/#website\",\"url\":\"https:\\\/\\\/www.noelken.de\\\/pl\\\/\",\"name\":\"N\\u00f6lken Hygiene Products GmbH\",\"inLanguage\":\"pl-PL\",\"publisher\":{\"@id\":\"https:\\\/\\\/www.noelken.de\\\/pl\\\/#organization\"}}]}\n\t\t<\/script>\n\t\t<!-- All in One SEO Pro -->\r\n\t\t<title>Fokusfelder Nachhaltigkeit - N\u00f6lken Hygiene Products<\/title>\n\n","aioseo_head_json":{"title":"Obszary temawatyczne zr\u00f3wnowa\u017conego rozwoju \u2013 N\u00f6lken Hygiene Products","description":"N\u00f6lken koncentruje swoje dzia\u0142ania na rzecz zr\u00f3wnowa\u017conego rozwoju w trzech obszarach: zr\u00f3wnowa\u017cone produkty, odpowiedzialno\u015b\u0107 ekologiczna oraz odpowiedzialno\u015b\u0107 za ludzi.","canonical_url":"https:\/\/www.noelken.de\/pl\/nachhaltigkeit\/fokusfelder\/","robots":"max-image-preview:large","keywords":"","webmasterTools":{"miscellaneous":""},"schema":{"@context":"https:\/\/schema.org","@graph":[{"@type":"BreadcrumbList","@id":"https:\/\/www.noelken.de\/pl\/nachhaltigkeit\/fokusfelder\/#breadcrumblist","itemListElement":[{"@type":"ListItem","@id":"https:\/\/www.noelken.de\/pl#listItem","position":1,"name":"Home","item":"https:\/\/www.noelken.de\/pl","nextItem":{"@type":"ListItem","@id":"https:\/\/www.noelken.de\/pl\/nachhaltigkeit\/#listItem","name":"Nachhaltigkeit"}},{"@type":"ListItem","@id":"https:\/\/www.noelken.de\/pl\/nachhaltigkeit\/#listItem","position":2,"name":"Nachhaltigkeit","item":"https:\/\/www.noelken.de\/pl\/nachhaltigkeit\/","nextItem":{"@type":"ListItem","@id":"https:\/\/www.noelken.de\/pl\/nachhaltigkeit\/fokusfelder\/#listItem","name":"Fokusfelder"},"previousItem":{"@type":"ListItem","@id":"https:\/\/www.noelken.de\/pl#listItem","name":"Home"}},{"@type":"ListItem","@id":"https:\/\/www.noelken.de\/pl\/nachhaltigkeit\/fokusfelder\/#listItem","position":3,"name":"Fokusfelder","previousItem":{"@type":"ListItem","@id":"https:\/\/www.noelken.de\/pl\/nachhaltigkeit\/#listItem","name":"Nachhaltigkeit"}}]},{"@type":"Organization","@id":"https:\/\/www.noelken.de\/pl\/#organization","name":"N\u00f6lken Hygiene Products GmbH","description":"Die N\u00f6lken Hygiene Products GmbH wurde 1982 von Ernst N\u00f6lken gegr\u00fcndet und wird heute als Familienunternehmen in der zweiten Generation gef\u00fchrt. Das Unternehmen mit dem Stammsitz im rheinland-pf\u00e4lzischen Windhagen vollzog die Entwicklung vom Handelsunternehmen zum breit aufgestellten Hersteller und geh\u00f6rt heute zu den Marktf\u00fchrenden in den Bereichen kosmetische Pflegemittel und Hygieneprodukte. \u00dcber 500 Mitarbeitende entwickeln und produzieren an vier Standorten in Deutschland und Polen Feuchtt\u00fccher, Stilleinlagen und kosmetische Pflegeprodukte f\u00fcr namhafte Handels- und Industrieunternehmen auf drei Kontinenten.","url":"https:\/\/www.noelken.de\/pl\/","email":"info@noelken.de","telephone":"+49264595270","foundingDate":"1982-01-01","numberOfEmployees":{"@type":"QuantitativeValue","value":500},"logo":{"@type":"ImageObject","url":"https:\/\/www.noelken.de\/wp-content\/uploads\/2026\/02\/favicon-32x32-1.png","@id":"https:\/\/www.noelken.de\/pl\/nachhaltigkeit\/fokusfelder\/#organizationLogo","width":32,"height":32},"image":{"@id":"https:\/\/www.noelken.de\/pl\/nachhaltigkeit\/fokusfelder\/#organizationLogo"},"sameAs":["https:\/\/www.facebook.com\/noelken.de","https:\/\/www.instagram.com\/noelkenhygiene","https:\/\/www.tiktok.com\/@noelkenhygiene","https:\/\/www.youtube.com\/channel\/UCgE3LbL2-YKqUVFKMmPOUIg","https:\/\/www.linkedin.com\/company\/noelken-hygiene"]},{"@type":"WebPage","@id":"https:\/\/www.noelken.de\/pl\/nachhaltigkeit\/fokusfelder\/#webpage","url":"https:\/\/www.noelken.de\/pl\/nachhaltigkeit\/fokusfelder\/","name":"Fokusfelder Nachhaltigkeit - N\u00f6lken Hygiene Products","description":"N\u00f6lken b\u00fcndelt seine Nachhaltigkeitsaktivit\u00e4ten in drei Fokusfeldern: nachhaltige Produkte, \u00f6kologische Verantwortung und Verantwortung f\u00fcr Menschen.","inLanguage":"pl-PL","isPartOf":{"@id":"https:\/\/www.noelken.de\/pl\/#website"},"breadcrumb":{"@id":"https:\/\/www.noelken.de\/pl\/nachhaltigkeit\/fokusfelder\/#breadcrumblist"},"datePublished":"2026-03-24T08:32:49+01:00","dateModified":"2026-06-25T15:06:19+02:00"},{"@type":"WebSite","@id":"https:\/\/www.noelken.de\/pl\/#website","url":"https:\/\/www.noelken.de\/pl\/","name":"N\u00f6lken Hygiene Products GmbH","inLanguage":"pl-PL","publisher":{"@id":"https:\/\/www.noelken.de\/pl\/#organization"}}]},"og:locale":"pl_PL","og:site_name":"N\u00f6lken Hygiene Products -","og:type":"article","og:title":"Fokusfelder Nachhaltigkeit - N\u00f6lken Hygiene Products","og:description":"N\u00f6lken b\u00fcndelt seine Nachhaltigkeitsaktivit\u00e4ten in drei Fokusfeldern: nachhaltige Produkte, \u00f6kologische Verantwortung und Verantwortung f\u00fcr Menschen.","og:url":"https:\/\/www.noelken.de\/pl\/nachhaltigkeit\/fokusfelder\/","article:published_time":"2026-03-24T07:32:49+00:00","article:modified_time":"2026-06-25T13:06:19+00:00","article:publisher":"https:\/\/www.facebook.com\/noelken.de","twitter:card":"summary_large_image","twitter:title":"Fokusfelder Nachhaltigkeit - N\u00f6lken Hygiene Products","twitter:description":"N\u00f6lken b\u00fcndelt seine Nachhaltigkeitsaktivit\u00e4ten in drei Fokusfeldern: nachhaltige Produkte, \u00f6kologische Verantwortung und Verantwortung f\u00fcr Menschen."},"aioseo_meta_data":{"post_id":"626","title":"Obszary priorytetowe w zakresie zr\u00f3wnowa\u017conego rozwoju #separator_sa #site_title","description":"N\u00f6lken koncentruje swoje dzia\u0142ania na rzecz zr\u00f3wnowa\u017conego rozwoju w trzech obszarach: zr\u00f3wnowa\u017cone produkty, odpowiedzialno\u015b\u0107 ekologiczna oraz odpowiedzialno\u015b\u0107 za ludzi.","keywords":null,"keyphrases":{"focus":{"keyphrase":"","score":0,"analysis":{"keyphraseInTitle":{"score":0,"maxScore":9,"error":1}}},"additional":[]},"primary_term":null,"canonical_url":null,"og_title":null,"og_description":null,"og_object_type":"default","og_image_type":"default","og_image_custom_url":null,"og_image_custom_fields":null,"og_image_url":null,"og_image_width":null,"og_image_height":null,"og_video":"","og_custom_url":null,"og_article_section":null,"og_article_tags":null,"twitter_use_og":false,"twitter_card":"default","twitter_image_type":"default","twitter_image_custom_url":null,"twitter_image_custom_fields":null,"twitter_image_url":null,"twitter_title":null,"twitter_description":null,"schema_type":"default","schema_type_options":null,"schema":{"blockGraphs":[],"customGraphs":[],"default":{"data":{"Article":[],"Course":[],"Dataset":[],"FAQPage":[],"Movie":[],"Person":[],"Product":[],"ProductReview":[],"Car":[],"Recipe":[],"Service":[],"SoftwareApplication":[],"WebPage":[]},"graphName":"WebPage","isEnabled":true},"graphs":[]},"pillar_content":false,"robots_default":true,"robots_noindex":false,"robots_noarchive":false,"robots_nosnippet":false,"robots_nofollow":false,"robots_noimageindex":false,"robots_noodp":false,"robots_notranslate":false,"robots_max_snippet":"-1","robots_max_videopreview":"-1","robots_max_imagepreview":"large","priority":null,"frequency":"default","local_seo":null,"limit_modified_date":false,"ai":{"faqs":[],"keyPoints":[],"schemas":[],"titles":[],"descriptions":[],"socialPosts":{"email":{"subject":"","preview":"","content":""},"linkedin":[],"twitter":[],"facebook":[],"instagram":[]}},"breadcrumb_settings":null,"seo_analyzer_scan_date":"2026-06-25 13:07:18","created":"2026-06-18 12:45:55","updated":"2026-06-25 14:06:31","focus_keyword":null,"additional_keywords":null,"truseo_locale":null},"aioseo_breadcrumb":"<div class=\"aioseo-breadcrumbs\"><span class=\"aioseo-breadcrumb\">\n\t<a href=\"https:\/\/www.noelken.de\/pl\" title=\"Home\">Home<\/a>\n<\/span><span class=\"aioseo-breadcrumb-separator\">&raquo;<\/span><span class=\"aioseo-breadcrumb\">\n\t<a href=\"https:\/\/www.noelken.de\/pl\/nachhaltigkeit\/\" title=\"Nachhaltigkeit\">Nachhaltigkeit<\/a>\n<\/span><span class=\"aioseo-breadcrumb-separator\">&raquo;<\/span><span class=\"aioseo-breadcrumb\">\n\tFokusfelder\n<\/span><\/div>","aioseo_breadcrumb_json":[{"label":"Home","link":"https:\/\/www.noelken.de\/pl"},{"label":"Nachhaltigkeit","link":"https:\/\/www.noelken.de\/pl\/nachhaltigkeit\/"},{"label":"Fokusfelder","link":"https:\/\/www.noelken.de\/pl\/nachhaltigkeit\/fokusfelder\/"}],"_links":{"self":[{"href":"https:\/\/www.noelken.de\/pl\/wp-json\/wp\/v2\/pages\/626","targetHints":{"allow":["GET"]}}],"collection":[{"href":"https:\/\/www.noelken.de\/pl\/wp-json\/wp\/v2\/pages"}],"about":[{"href":"https:\/\/www.noelken.de\/pl\/wp-json\/wp\/v2\/types\/page"}],"author":[{"embeddable":true,"href":"https:\/\/www.noelken.de\/pl\/wp-json\/wp\/v2\/users\/1"}],"replies":[{"embeddable":true,"href":"https:\/\/www.noelken.de\/pl\/wp-json\/wp\/v2\/comments?post=626"}],"version-history":[{"count":31,"href":"https:\/\/www.noelken.de\/pl\/wp-json\/wp\/v2\/pages\/626\/revisions"}],"predecessor-version":[{"id":1958,"href":"https:\/\/www.noelken.de\/pl\/wp-json\/wp\/v2\/pages\/626\/revisions\/1958"}],"up":[{"embeddable":true,"href":"https:\/\/www.noelken.de\/pl\/wp-json\/wp\/v2\/pages\/294"}],"wp:attachment":[{"href":"https:\/\/www.noelken.de\/pl\/wp-json\/wp\/v2\/media?parent=626"}],"curies":[{"name":"wp","href":"https:\/\/api.w.org\/{rel}","templated":true}]}}