{"id":75,"date":"2026-02-10T11:21:11","date_gmt":"2026-02-10T10:21:11","guid":{"rendered":"http:\/\/noelken-backup2.local\/?page_id=75"},"modified":"2026-06-25T15:20:36","modified_gmt":"2026-06-25T13:20:36","slug":"feuchttuecher","status":"publish","type":"page","link":"https:\/\/www.noelken.de\/pl\/produkte\/feuchttuecher\/","title":{"rendered":"Chusteczki nawil\u017cane"},"content":{"rendered":"<div data-elementor-type=\"wp-page\" data-elementor-id=\"75\" class=\"elementor elementor-75\" data-elementor-post-type=\"page\">\n\t\t\t\t<div class=\"elementor-element elementor-element-4a2755a e-con-full e-flex e-con e-parent\" data-id=\"4a2755a\" data-element_type=\"container\" data-e-type=\"container\" data-settings=\"{&quot;background_background&quot;:&quot;classic&quot;}\">\n\t\t\t\t<\/div>\n\t\t<div class=\"elementor-element elementor-element-407ff32 e-con-full e-flex e-con e-parent\" data-id=\"407ff32\" data-element_type=\"container\" data-e-type=\"container\">\n\t\t\t\t<div class=\"elementor-element elementor-element-611a65a elementor-widget elementor-widget-heading\" data-id=\"611a65a\" data-element_type=\"widget\" data-e-type=\"widget\" data-widget_type=\"heading.default\">\n\t\t\t\t\t<h3 class=\"elementor-heading-title elementor-size-default\">Do piel\u0119gnacji cia\u0142a\n<\/h3>\t\t\t\t<\/div>\n\t\t\t\t<div class=\"elementor-element elementor-element-6cf2bf6 elementor-widget__width-initial elementor-widget elementor-widget-heading\" data-id=\"6cf2bf6\" data-element_type=\"widget\" data-e-type=\"widget\" data-widget_type=\"heading.default\">\n\t\t\t\t\t<h3 class=\"elementor-heading-title elementor-size-default\">Wszechstronne chusteczki nawil\u017cane i czyszcz\u0105ce w najlepszym wydaniu\n<\/h3>\t\t\t\t<\/div>\n\t\t\t\t<\/div>\n\t\t<div class=\"elementor-element elementor-element-44de4ad e-con-full e-flex e-con e-parent\" data-id=\"44de4ad\" data-element_type=\"container\" data-e-type=\"container\">\n\t\t\t\t<div class=\"elementor-element elementor-element-498cb00 elementor-widget elementor-widget-text-editor\" data-id=\"498cb00\" data-element_type=\"widget\" data-e-type=\"widget\" data-widget_type=\"text-editor.default\">\n\t\t\t\t\t\t\t\t\t<p><strong>N\u00f6lken rozwija i produkuje chusteczki nawil\u017cane na najwy\u017cszym poziomie. Do delikatnej piel\u0119gnacji niemowl\u0105t, \u0142agodnego oczyszczania twarzy, cia\u0142a lub okolic intymnych, a\u017c do skutecznej dezynfekcji.<\/strong><\/p><p>Dla r\u00f3\u017cnych obszar\u00f3w zastosowa\u0144 oferujemy naszym konsumentom zar\u00f3wno sprawdzone tysi\u0105ce razy ka\u017cdego dnia, jak i wysoce innowacyjne produkty. Oferujemy optymalny rozmiar opakowania dla ka\u017cdego zastosowania i grupy docelowej. Produkcja naszych kosmetycznych p\u0142yn\u00f3w nas\u0105czaj\u0105cych idzie w parze z nasz\u0105 nowoczesn\u0105 produkcj\u0105 chusteczek.<\/p>\t\t\t\t\t\t\t\t<\/div>\n\t\t\t\t<div class=\"elementor-element elementor-element-be000b6 elementor-widget__width-initial elementor-widget elementor-widget-image\" data-id=\"be000b6\" data-element_type=\"widget\" data-e-type=\"widget\" data-widget_type=\"image.default\">\n\t\t\t\t\t\t\t\t\t\t\t\t\t\t\t<img decoding=\"async\" src=\"https:\/\/www.noelken.de\/files\/media\/03-produkte\/01-feuchttuecher\/feuchttuecher-noelken-ohne-verl.webp\" title=\"\" alt=\"\" loading=\"lazy\" \/>\t\t\t\t\t\t\t\t\t\t\t\t\t\t\t<\/div>\n\t\t\t\t<\/div>\n\t\t<div class=\"elementor-element elementor-element-85e5de5 e-flex e-con-boxed e-con e-parent\" data-id=\"85e5de5\" data-element_type=\"container\" data-e-type=\"container\" data-settings=\"{&quot;background_background&quot;:&quot;classic&quot;}\">\n\t\t\t\t\t<div class=\"e-con-inner\">\n\t\t\t\t\t<\/div>\n\t\t\t\t<\/div>\n\t\t<div class=\"elementor-element elementor-element-d06d3a9 e-con-full e-flex e-con e-parent\" data-id=\"d06d3a9\" data-element_type=\"container\" data-e-type=\"container\">\n\t\t<div class=\"elementor-element elementor-element-9dc53ea e-con-full e-flex e-con e-child\" data-id=\"9dc53ea\" data-element_type=\"container\" data-e-type=\"container\" data-settings=\"{&quot;background_background&quot;:&quot;classic&quot;}\">\n\t\t\t\t<div class=\"elementor-element elementor-element-eb42f51 elementor-widget elementor-widget-heading\" data-id=\"eb42f51\" data-element_type=\"widget\" data-e-type=\"widget\" data-widget_type=\"heading.default\">\n\t\t\t\t\t<h2 class=\"elementor-heading-title elementor-size-default\">Szeroki asortyment produkt\u00f3w\n<\/h2>\t\t\t\t<\/div>\n\t\t\t\t<div class=\"elementor-element elementor-element-4e3206c elementor-widget elementor-widget-heading\" data-id=\"4e3206c\" data-element_type=\"widget\" data-e-type=\"widget\" data-widget_type=\"heading.default\">\n\t\t\t\t\t<p class=\"elementor-heading-title elementor-size-default\">N\u00f6lken oferuje mi\u0119dzy innymi chusteczki nawil\u017cane dla niemowl\u0105t, chusteczki piel\u0119gnacyjne na bazie oleju, chusteczki do dezynfekcji powierzchni oraz chusteczki uniwersalne.\n\n<\/p>\t\t\t\t<\/div>\n\t\t\t\t<\/div>\n\t\t<div class=\"elementor-element elementor-element-a44179e e-con-full e-flex e-con e-child\" data-id=\"a44179e\" data-element_type=\"container\" data-e-type=\"container\" data-settings=\"{&quot;background_background&quot;:&quot;classic&quot;}\">\n\t\t\t\t<div class=\"elementor-element elementor-element-68770cc elementor-widget elementor-widget-heading\" data-id=\"68770cc\" data-element_type=\"widget\" data-e-type=\"widget\" data-widget_type=\"heading.default\">\n\t\t\t\t\t<h2 class=\"elementor-heading-title elementor-size-default\">Wszystko z jednej r\u0119ki\n<\/h2>\t\t\t\t<\/div>\n\t\t\t\t<div class=\"elementor-element elementor-element-e635f53 elementor-widget elementor-widget-heading\" data-id=\"e635f53\" data-element_type=\"widget\" data-e-type=\"widget\" data-widget_type=\"heading.default\">\n\t\t\t\t\t<p class=\"elementor-heading-title elementor-size-default\">Chusteczki nawil\u017cane we wszystkich rozmiarach, formu\u0142y specjalnie dostosowane do delikatnej sk\u00f3ry dziecka, innowacyjne pomys\u0142y na produkty.\n\n<\/p>\t\t\t\t<\/div>\n\t\t\t\t<\/div>\n\t\t<div class=\"elementor-element elementor-element-e71afd5 e-con-full e-flex e-con e-child\" data-id=\"e71afd5\" data-element_type=\"container\" data-e-type=\"container\" data-settings=\"{&quot;background_background&quot;:&quot;classic&quot;}\">\n\t\t\t\t<div class=\"elementor-element elementor-element-249fc07 elementor-widget elementor-widget-heading\" data-id=\"249fc07\" data-element_type=\"widget\" data-e-type=\"widget\" data-widget_type=\"heading.default\">\n\t\t\t\t\t<h2 class=\"elementor-heading-title elementor-size-default\">Materia\u0142y\n<\/h2>\t\t\t\t<\/div>\n\t\t\t\t<div class=\"elementor-element elementor-element-7c1f387 elementor-widget elementor-widget-heading\" data-id=\"7c1f387\" data-element_type=\"widget\" data-e-type=\"widget\" data-widget_type=\"heading.default\">\n\t\t\t\t\t<p class=\"elementor-heading-title elementor-size-default\">Naturalne sk\u0142adniki, r\u00f3\u017cne ekstrakty i du\u017cy wyb\u00f3r olejk\u00f3w zapachowych. W\u0142\u00f3kniny: spunlace, wetlace, SPC, CAC.\n\n<\/p>\t\t\t\t<\/div>\n\t\t\t\t<\/div>\n\t\t\t\t<\/div>\n\t\t<div class=\"elementor-element elementor-element-c9a4c2f e-flex e-con-boxed e-con e-parent\" data-id=\"c9a4c2f\" data-element_type=\"container\" data-e-type=\"container\">\n\t\t\t\t\t<div class=\"e-con-inner\">\n\t\t<div class=\"elementor-element elementor-element-739cfbf e-con-full e-flex e-con e-child\" data-id=\"739cfbf\" data-element_type=\"container\" data-e-type=\"container\">\n\t\t\t\t<div class=\"elementor-element elementor-element-2975b9e elementor-widget__width-initial elementor-widget elementor-widget-heading\" data-id=\"2975b9e\" data-element_type=\"widget\" data-e-type=\"widget\" data-widget_type=\"heading.default\">\n\t\t\t\t\t<h3 class=\"elementor-heading-title elementor-size-default\">To co najlepsze dla naszej sk\u00f3ry\n<\/h3>\t\t\t\t<\/div>\n\t\t\t\t<div class=\"elementor-element elementor-element-b30ab15 elementor-widget elementor-widget-heading\" data-id=\"b30ab15\" data-element_type=\"widget\" data-e-type=\"widget\" data-widget_type=\"heading.default\">\n\t\t\t\t\t<p class=\"elementor-heading-title elementor-size-default\">W naszych produktach do piel\u0119gnacji stawiamy na starannie dobrane sk\u0142adniki kosmetyczne, kt\u00f3rych receptury nieustannie optymalizujemy, a tak\u017ce coraz cz\u0119\u015bciej wykorzystujemy naturalne lub pozyskiwane w spos\u00f3b kontrolowany ekologicznie i biologicznie sk\u0142adniki.\n\n<\/p>\t\t\t\t<\/div>\n\t\t\t\t<div class=\"elementor-element elementor-element-3bcf97e elementor-widget elementor-widget-heading\" data-id=\"3bcf97e\" data-element_type=\"widget\" data-e-type=\"widget\" data-widget_type=\"heading.default\">\n\t\t\t\t\t<p class=\"elementor-heading-title elementor-size-default\">W produkcji tkanin przetwarzamy r\u00f3\u017cne w\u0142\u00f3kniny z wysokiej jako\u015bci w\u0142\u00f3kien naturalnych lub syntetycznych. Materia\u0142y dobierane s\u0105 indywidualnie do ka\u017cdego produktu, w zale\u017cno\u015bci od obszaru zastosowania i \u017cycze\u0144 klienta.\n\n<\/p>\t\t\t\t<\/div>\n\t\t\t\t<\/div>\n\t\t<div class=\"elementor-element elementor-element-86c8255 e-con-full e-flex e-con e-child\" data-id=\"86c8255\" data-element_type=\"container\" data-e-type=\"container\">\n\t\t\t\t<div class=\"elementor-element elementor-element-d07fe27 elementor-widget__width-initial elementor-widget elementor-widget-heading\" data-id=\"d07fe27\" data-element_type=\"widget\" data-e-type=\"widget\" data-widget_type=\"heading.default\">\n\t\t\t\t\t<h2 class=\"elementor-heading-title elementor-size-default\">Dowiedz si\u0119 wi\u0119cej<\/h2>\t\t\t\t<\/div>\n\t\t\t\t<div class=\"elementor-element elementor-element-b13ccd4 elementor-position-inline-start elementor-widget__width-initial elementor-view-default elementor-mobile-position-block-start elementor-widget elementor-widget-icon-box\" data-id=\"b13ccd4\" data-element_type=\"widget\" data-e-type=\"widget\" data-widget_type=\"icon-box.default\">\n\t\t\t\t\t\t\t<div class=\"elementor-icon-box-wrapper\">\n\n\t\t\t\t\t\t<div class=\"elementor-icon-box-icon\">\n\t\t\t\t<span  class=\"elementor-icon\">\n\t\t\t\t<svg aria-hidden=\"true\" class=\"e-font-icon-svg e-fas-link\" viewbox=\"0 0 512 512\" xmlns=\"http:\/\/www.w3.org\/2000\/svg\"><path d=\"M326.612 185.391c59.747 59.809 58.927 155.698.36 214.59-.11.12-.24.25-.36.37l-67.2 67.2c-59.27 59.27-155.699 59.262-214.96 0-59.27-59.26-59.27-155.7 0-214.96l37.106-37.106c9.84-9.84 26.786-3.3 27.294 10.606.648 17.722 3.826 35.527 9.69 52.721 1.986 5.822.567 12.262-3.783 16.612l-13.087 13.087c-28.026 28.026-28.905 73.66-1.155 101.96 28.024 28.579 74.086 28.749 102.325.51l67.2-67.19c28.191-28.191 28.073-73.757 0-101.83-3.701-3.694-7.429-6.564-10.341-8.569a16.037 16.037 0 0 1-6.947-12.606c-.396-10.567 3.348-21.456 11.698-29.806l21.054-21.055c5.521-5.521 14.182-6.199 20.584-1.731a152.482 152.482 0 0 1 20.522 17.197zM467.547 44.449c-59.261-59.262-155.69-59.27-214.96 0l-67.2 67.2c-.12.12-.25.25-.36.37-58.566 58.892-59.387 154.781.36 214.59a152.454 152.454 0 0 0 20.521 17.196c6.402 4.468 15.064 3.789 20.584-1.731l21.054-21.055c8.35-8.35 12.094-19.239 11.698-29.806a16.037 16.037 0 0 0-6.947-12.606c-2.912-2.005-6.64-4.875-10.341-8.569-28.073-28.073-28.191-73.639 0-101.83l67.2-67.19c28.239-28.239 74.3-28.069 102.325.51 27.75 28.3 26.872 73.934-1.155 101.96l-13.087 13.087c-4.35 4.35-5.769 10.79-3.783 16.612 5.864 17.194 9.042 34.999 9.69 52.721.509 13.906 17.454 20.446 27.294 10.606l37.106-37.106c59.271-59.259 59.271-155.699.001-214.959z\"><\/path><\/svg>\t\t\t\t<\/span>\n\t\t\t<\/div>\n\t\t\t\n\t\t\t\t\t\t<div class=\"elementor-icon-box-content\">\n\n\t\t\t\t\t\t\t\t\t<h3 class=\"elementor-icon-box-title\">\n\t\t\t\t\t\t<span  >\n\t\t\t\t\t\t\tZewn\u0119trzny link\t\t\t\t\t\t<\/span>\n\t\t\t\t\t<\/h3>\n\t\t\t\t\n\t\t\t\t\t\t\t\t\t<p class=\"elementor-icon-box-description\">\n\t\t\t\t\t\tRamy prawne\ndla kosmetyk\u00f3w\n<br><br>\nOtw\u00f3rz <a href=\"https:\/\/www.bvl.bund.de\/DE\/Arbeitsbereiche\/03_Verbraucherprodukte\/03_AntragstellerUnternehmen\/08_Rechtsvorschriften\/01_Kosmetik\/bgs_kosmetik_gesetzliche_grundlagen_node.html\">Dowiedz si\u0119 wi\u0119cej<\/a>\t\t\t\t\t<\/p>\n\t\t\t\t\n\t\t\t<\/div>\n\t\t\t\n\t\t<\/div>\n\t\t\t\t\t\t<\/div>\n\t\t\t\t<\/div>\n\t\t\t\t\t<\/div>\n\t\t\t\t<\/div>\n\t\t<div class=\"elementor-element elementor-element-27d4fd9 e-con-full e-flex e-con e-parent\" data-id=\"27d4fd9\" data-element_type=\"container\" data-e-type=\"container\">\n\t\t\t\t<div class=\"elementor-element elementor-element-d0e0248 elementor-widget__width-initial elementor-widget elementor-widget-video\" data-id=\"d0e0248\" data-element_type=\"widget\" data-e-type=\"widget\" data-settings=\"{&quot;youtube_url&quot;:&quot;https:\\\/\\\/youtu.be\\\/OtmE5aKXX14&quot;,&quot;yt_privacy&quot;:&quot;yes&quot;,&quot;lazy_load&quot;:&quot;yes&quot;,&quot;video_type&quot;:&quot;youtube&quot;}\" data-widget_type=\"video.default\">\n\t\t\t\t\t\t\t<div class=\"elementor-wrapper elementor-open-inline\">\n\t\t\t<div class=\"elementor-video\"><\/div>\t\t<\/div>\n\t\t\t\t\t\t<\/div>\n\t\t\t\t<\/div>\n\t\t\t\t<\/div>","protected":false},"excerpt":{"rendered":"<p>F\u00fcr die K\u00f6rperpflege Vielseitige Feuchtt\u00fccher und Reinigungst\u00fccher in Bestform N\u00f6lken entwickelt und produziert Feuchtt\u00fccher auf allerh\u00f6chstem Niveau. F\u00fcr die sanfte Babypflege, die schonende Reinigung von Gesicht, K\u00f6rper oder Intimbereich bis zur effektiven Desinfektion. F\u00fcr unterschiedliche Anwendungsbereiche bieten wir unseren Konsumentinnen und Konsumenten sowohl t\u00e4glich tausendfach bew\u00e4hrte, aber auch hoch innovative Produkte. F\u00fcr jede Verwendung und [&hellip;]<\/p>\n","protected":false},"author":1,"featured_media":0,"parent":68,"menu_order":0,"comment_status":"closed","ping_status":"closed","template":"","meta":{"footnotes":""},"class_list":["post-75","page","type-page","status-publish","hentry"],"aioseo_notices":[],"aioseo_head":"\n\t\t<!-- All in One SEO Pro 5.0.1.1 - aioseo.com -->\n\t<meta name=\"description\" content=\"Von Babyfeuchtt\u00fcchern \u00fcber Pfleget\u00fccher bis zu Desinfektions- und Allzweckt\u00fcchern: N\u00f6lken entwickelt und produziert Feuchtt\u00fccher f\u00fcr viele Anwendungen.\" \/>\n\t<meta name=\"robots\" content=\"max-image-preview:large\" \/>\n\t<link rel=\"canonical\" href=\"https:\/\/www.noelken.de\/pl\/produkte\/feuchttuecher\/\" \/>\n\t<meta name=\"generator\" content=\"All in One SEO Pro (AIOSEO) 5.0.1.1\" \/>\n\t\t<meta property=\"og:locale\" content=\"pl_PL\" \/>\n\t\t<meta property=\"og:site_name\" content=\"N\u00f6lken Hygiene Products -\" \/>\n\t\t<meta property=\"og:type\" content=\"article\" \/>\n\t\t<meta property=\"og:title\" content=\"Feuchtt\u00fccher, Pfleget\u00fccher &amp; Reinigungst\u00fccher\" \/>\n\t\t<meta property=\"og:description\" content=\"Von Babyfeuchtt\u00fcchern \u00fcber Pfleget\u00fccher bis zu Desinfektions- und Allzweckt\u00fcchern: N\u00f6lken entwickelt und produziert Feuchtt\u00fccher f\u00fcr viele Anwendungen.\" \/>\n\t\t<meta property=\"og:url\" content=\"https:\/\/www.noelken.de\/pl\/produkte\/feuchttuecher\/\" \/>\n\t\t<meta property=\"article:published_time\" content=\"2026-02-10T10:21:11+00:00\" \/>\n\t\t<meta property=\"article:modified_time\" content=\"2026-06-25T13:20:36+00:00\" \/>\n\t\t<meta property=\"article:publisher\" content=\"https:\/\/www.facebook.com\/noelken.de\" \/>\n\t\t<meta name=\"twitter:card\" content=\"summary_large_image\" \/>\n\t\t<meta name=\"twitter:title\" content=\"Feuchtt\u00fccher, Pfleget\u00fccher &amp; Reinigungst\u00fccher\" \/>\n\t\t<meta name=\"twitter:description\" content=\"Von Babyfeuchtt\u00fcchern \u00fcber Pfleget\u00fccher bis zu Desinfektions- und Allzweckt\u00fcchern: N\u00f6lken entwickelt und produziert Feuchtt\u00fccher f\u00fcr viele Anwendungen.\" \/>\n\t\t<script type=\"application\/ld+json\" class=\"aioseo-schema\">\n\t\t\t{\"@context\":\"https:\\\/\\\/schema.org\",\"@graph\":[{\"@type\":\"BreadcrumbList\",\"@id\":\"https:\\\/\\\/www.noelken.de\\\/pl\\\/produkte\\\/feuchttuecher\\\/#breadcrumblist\",\"itemListElement\":[{\"@type\":\"ListItem\",\"@id\":\"https:\\\/\\\/www.noelken.de\\\/pl#listItem\",\"position\":1,\"name\":\"Home\",\"item\":\"https:\\\/\\\/www.noelken.de\\\/pl\",\"nextItem\":{\"@type\":\"ListItem\",\"@id\":\"https:\\\/\\\/www.noelken.de\\\/pl\\\/produkte\\\/#listItem\",\"name\":\"Produkte\"}},{\"@type\":\"ListItem\",\"@id\":\"https:\\\/\\\/www.noelken.de\\\/pl\\\/produkte\\\/#listItem\",\"position\":2,\"name\":\"Produkte\",\"item\":\"https:\\\/\\\/www.noelken.de\\\/pl\\\/produkte\\\/\",\"nextItem\":{\"@type\":\"ListItem\",\"@id\":\"https:\\\/\\\/www.noelken.de\\\/pl\\\/produkte\\\/feuchttuecher\\\/#listItem\",\"name\":\"Feuchtt\\u00fccher\"},\"previousItem\":{\"@type\":\"ListItem\",\"@id\":\"https:\\\/\\\/www.noelken.de\\\/pl#listItem\",\"name\":\"Home\"}},{\"@type\":\"ListItem\",\"@id\":\"https:\\\/\\\/www.noelken.de\\\/pl\\\/produkte\\\/feuchttuecher\\\/#listItem\",\"position\":3,\"name\":\"Feuchtt\\u00fccher\",\"previousItem\":{\"@type\":\"ListItem\",\"@id\":\"https:\\\/\\\/www.noelken.de\\\/pl\\\/produkte\\\/#listItem\",\"name\":\"Produkte\"}}]},{\"@type\":\"Organization\",\"@id\":\"https:\\\/\\\/www.noelken.de\\\/pl\\\/#organization\",\"name\":\"N\\u00f6lken Hygiene Products GmbH\",\"description\":\"Die N\\u00f6lken Hygiene Products GmbH wurde 1982 von Ernst N\\u00f6lken gegr\\u00fcndet und wird heute als Familienunternehmen in der zweiten Generation gef\\u00fchrt. Das Unternehmen mit dem Stammsitz im rheinland-pf\\u00e4lzischen Windhagen vollzog die Entwicklung vom Handelsunternehmen zum breit aufgestellten Hersteller und geh\\u00f6rt heute zu den Marktf\\u00fchrenden in den Bereichen kosmetische Pflegemittel und Hygieneprodukte. \\u00dcber 500 Mitarbeitende entwickeln und produzieren an vier Standorten in Deutschland und Polen Feuchtt\\u00fccher, Stilleinlagen und kosmetische Pflegeprodukte f\\u00fcr namhafte Handels- und Industrieunternehmen auf drei Kontinenten.\",\"url\":\"https:\\\/\\\/www.noelken.de\\\/pl\\\/\",\"email\":\"info@noelken.de\",\"telephone\":\"+49264595270\",\"foundingDate\":\"1982-01-01\",\"numberOfEmployees\":{\"@type\":\"QuantitativeValue\",\"value\":500},\"logo\":{\"@type\":\"ImageObject\",\"url\":\"https:\\\/\\\/www.noelken.de\\\/wp-content\\\/uploads\\\/2026\\\/02\\\/favicon-32x32-1.png\",\"@id\":\"https:\\\/\\\/www.noelken.de\\\/pl\\\/produkte\\\/feuchttuecher\\\/#organizationLogo\",\"width\":32,\"height\":32},\"image\":{\"@id\":\"https:\\\/\\\/www.noelken.de\\\/pl\\\/produkte\\\/feuchttuecher\\\/#organizationLogo\"},\"sameAs\":[\"https:\\\/\\\/www.facebook.com\\\/noelken.de\",\"https:\\\/\\\/www.instagram.com\\\/noelkenhygiene\",\"https:\\\/\\\/www.tiktok.com\\\/@noelkenhygiene\",\"https:\\\/\\\/www.youtube.com\\\/channel\\\/UCgE3LbL2-YKqUVFKMmPOUIg\",\"https:\\\/\\\/www.linkedin.com\\\/company\\\/noelken-hygiene\"]},{\"@type\":\"WebPage\",\"@id\":\"https:\\\/\\\/www.noelken.de\\\/pl\\\/produkte\\\/feuchttuecher\\\/#webpage\",\"url\":\"https:\\\/\\\/www.noelken.de\\\/pl\\\/produkte\\\/feuchttuecher\\\/\",\"name\":\"Feuchtt\\u00fccher, Pfleget\\u00fccher & Reinigungst\\u00fccher\",\"description\":\"Von Babyfeuchtt\\u00fcchern \\u00fcber Pfleget\\u00fccher bis zu Desinfektions- und Allzweckt\\u00fcchern: N\\u00f6lken entwickelt und produziert Feuchtt\\u00fccher f\\u00fcr viele Anwendungen.\",\"inLanguage\":\"pl-PL\",\"isPartOf\":{\"@id\":\"https:\\\/\\\/www.noelken.de\\\/pl\\\/#website\"},\"breadcrumb\":{\"@id\":\"https:\\\/\\\/www.noelken.de\\\/pl\\\/produkte\\\/feuchttuecher\\\/#breadcrumblist\"},\"datePublished\":\"2026-02-10T11:21:11+01:00\",\"dateModified\":\"2026-06-25T15:20:36+02:00\"},{\"@type\":\"WebSite\",\"@id\":\"https:\\\/\\\/www.noelken.de\\\/pl\\\/#website\",\"url\":\"https:\\\/\\\/www.noelken.de\\\/pl\\\/\",\"name\":\"N\\u00f6lken Hygiene Products GmbH\",\"inLanguage\":\"pl-PL\",\"publisher\":{\"@id\":\"https:\\\/\\\/www.noelken.de\\\/pl\\\/#organization\"}}]}\n\t\t<\/script>\n\t\t<!-- All in One SEO Pro -->\r\n\t\t<title>Feuchtt\u00fccher, Pfleget\u00fccher &amp; Reinigungst\u00fccher<\/title>\n\n","aioseo_head_json":{"title":"Chusteczki nawil\u017cane, chusteczki piel\u0119gnacyjne i chusteczki czyszcz\u0105ce","description":"Od chusteczek nawil\u017canych dla dzieci, poprzez chusteczki piel\u0119gnacyjne, a\u017c po chusteczki dezynfekuj\u0105ce i uniwersalne: N\u00f6lken opracowuje i produkuje chusteczki nawil\u017cane do wielu zastosowa\u0144.","canonical_url":"https:\/\/www.noelken.de\/pl\/produkte\/feuchttuecher\/","robots":"max-image-preview:large","keywords":"","webmasterTools":{"miscellaneous":""},"schema":{"@context":"https:\/\/schema.org","@graph":[{"@type":"BreadcrumbList","@id":"https:\/\/www.noelken.de\/pl\/produkte\/feuchttuecher\/#breadcrumblist","itemListElement":[{"@type":"ListItem","@id":"https:\/\/www.noelken.de\/pl#listItem","position":1,"name":"Home","item":"https:\/\/www.noelken.de\/pl","nextItem":{"@type":"ListItem","@id":"https:\/\/www.noelken.de\/pl\/produkte\/#listItem","name":"Produkte"}},{"@type":"ListItem","@id":"https:\/\/www.noelken.de\/pl\/produkte\/#listItem","position":2,"name":"Produkte","item":"https:\/\/www.noelken.de\/pl\/produkte\/","nextItem":{"@type":"ListItem","@id":"https:\/\/www.noelken.de\/pl\/produkte\/feuchttuecher\/#listItem","name":"Feuchtt\u00fccher"},"previousItem":{"@type":"ListItem","@id":"https:\/\/www.noelken.de\/pl#listItem","name":"Home"}},{"@type":"ListItem","@id":"https:\/\/www.noelken.de\/pl\/produkte\/feuchttuecher\/#listItem","position":3,"name":"Feuchtt\u00fccher","previousItem":{"@type":"ListItem","@id":"https:\/\/www.noelken.de\/pl\/produkte\/#listItem","name":"Produkte"}}]},{"@type":"Organization","@id":"https:\/\/www.noelken.de\/pl\/#organization","name":"N\u00f6lken Hygiene Products GmbH","description":"Die N\u00f6lken Hygiene Products GmbH wurde 1982 von Ernst N\u00f6lken gegr\u00fcndet und wird heute als Familienunternehmen in der zweiten Generation gef\u00fchrt. Das Unternehmen mit dem Stammsitz im rheinland-pf\u00e4lzischen Windhagen vollzog die Entwicklung vom Handelsunternehmen zum breit aufgestellten Hersteller und geh\u00f6rt heute zu den Marktf\u00fchrenden in den Bereichen kosmetische Pflegemittel und Hygieneprodukte. \u00dcber 500 Mitarbeitende entwickeln und produzieren an vier Standorten in Deutschland und Polen Feuchtt\u00fccher, Stilleinlagen und kosmetische Pflegeprodukte f\u00fcr namhafte Handels- und Industrieunternehmen auf drei Kontinenten.","url":"https:\/\/www.noelken.de\/pl\/","email":"info@noelken.de","telephone":"+49264595270","foundingDate":"1982-01-01","numberOfEmployees":{"@type":"QuantitativeValue","value":500},"logo":{"@type":"ImageObject","url":"https:\/\/www.noelken.de\/wp-content\/uploads\/2026\/02\/favicon-32x32-1.png","@id":"https:\/\/www.noelken.de\/pl\/produkte\/feuchttuecher\/#organizationLogo","width":32,"height":32},"image":{"@id":"https:\/\/www.noelken.de\/pl\/produkte\/feuchttuecher\/#organizationLogo"},"sameAs":["https:\/\/www.facebook.com\/noelken.de","https:\/\/www.instagram.com\/noelkenhygiene","https:\/\/www.tiktok.com\/@noelkenhygiene","https:\/\/www.youtube.com\/channel\/UCgE3LbL2-YKqUVFKMmPOUIg","https:\/\/www.linkedin.com\/company\/noelken-hygiene"]},{"@type":"WebPage","@id":"https:\/\/www.noelken.de\/pl\/produkte\/feuchttuecher\/#webpage","url":"https:\/\/www.noelken.de\/pl\/produkte\/feuchttuecher\/","name":"Feuchtt\u00fccher, Pfleget\u00fccher & Reinigungst\u00fccher","description":"Von Babyfeuchtt\u00fcchern \u00fcber Pfleget\u00fccher bis zu Desinfektions- und Allzweckt\u00fcchern: N\u00f6lken entwickelt und produziert Feuchtt\u00fccher f\u00fcr viele Anwendungen.","inLanguage":"pl-PL","isPartOf":{"@id":"https:\/\/www.noelken.de\/pl\/#website"},"breadcrumb":{"@id":"https:\/\/www.noelken.de\/pl\/produkte\/feuchttuecher\/#breadcrumblist"},"datePublished":"2026-02-10T11:21:11+01:00","dateModified":"2026-06-25T15:20:36+02:00"},{"@type":"WebSite","@id":"https:\/\/www.noelken.de\/pl\/#website","url":"https:\/\/www.noelken.de\/pl\/","name":"N\u00f6lken Hygiene Products GmbH","inLanguage":"pl-PL","publisher":{"@id":"https:\/\/www.noelken.de\/pl\/#organization"}}]},"og:locale":"pl_PL","og:site_name":"N\u00f6lken Hygiene Products -","og:type":"article","og:title":"Feuchtt\u00fccher, Pfleget\u00fccher &amp; Reinigungst\u00fccher","og:description":"Von Babyfeuchtt\u00fcchern \u00fcber Pfleget\u00fccher bis zu Desinfektions- und Allzweckt\u00fcchern: N\u00f6lken entwickelt und produziert Feuchtt\u00fccher f\u00fcr viele Anwendungen.","og:url":"https:\/\/www.noelken.de\/pl\/produkte\/feuchttuecher\/","article:published_time":"2026-02-10T10:21:11+00:00","article:modified_time":"2026-06-25T13:20:36+00:00","article:publisher":"https:\/\/www.facebook.com\/noelken.de","twitter:card":"summary_large_image","twitter:title":"Feuchtt\u00fccher, Pfleget\u00fccher &amp; Reinigungst\u00fccher","twitter:description":"Von Babyfeuchtt\u00fcchern \u00fcber Pfleget\u00fccher bis zu Desinfektions- und Allzweckt\u00fcchern: N\u00f6lken entwickelt und produziert Feuchtt\u00fccher f\u00fcr viele Anwendungen."},"aioseo_meta_data":{"post_id":"75","title":"Chusteczki nawil\u017cane, chusteczki piel\u0119gnacyjne i chusteczki czyszcz\u0105ce","description":"Od chusteczek nawil\u017canych dla dzieci, poprzez chusteczki piel\u0119gnacyjne, a\u017c po chusteczki dezynfekuj\u0105ce i uniwersalne: N\u00f6lken opracowuje i produkuje chusteczki nawil\u017cane do wielu zastosowa\u0144.","keywords":null,"keyphrases":{"focus":{"keyphrase":"","score":0,"analysis":{"keyphraseInTitle":{"score":0,"maxScore":9,"error":1}}},"additional":[]},"primary_term":null,"canonical_url":null,"og_title":null,"og_description":null,"og_object_type":"default","og_image_type":"default","og_image_custom_url":null,"og_image_custom_fields":null,"og_image_url":null,"og_image_width":null,"og_image_height":null,"og_video":"","og_custom_url":null,"og_article_section":null,"og_article_tags":null,"twitter_use_og":false,"twitter_card":"default","twitter_image_type":"default","twitter_image_custom_url":null,"twitter_image_custom_fields":null,"twitter_image_url":null,"twitter_title":null,"twitter_description":null,"schema_type":"default","schema_type_options":null,"schema":{"blockGraphs":[],"customGraphs":[],"default":{"data":{"Article":[],"Course":[],"Dataset":[],"FAQPage":[],"Movie":[],"Person":[],"Product":[],"ProductReview":[],"Car":[],"Recipe":[],"Service":[],"SoftwareApplication":[],"WebPage":[]},"graphName":"WebPage","isEnabled":true},"graphs":[]},"pillar_content":false,"robots_default":true,"robots_noindex":false,"robots_noarchive":false,"robots_nosnippet":false,"robots_nofollow":false,"robots_noimageindex":false,"robots_noodp":false,"robots_notranslate":false,"robots_max_snippet":"-1","robots_max_videopreview":"-1","robots_max_imagepreview":"large","priority":null,"frequency":"default","local_seo":null,"limit_modified_date":false,"ai":{"faqs":[],"keyPoints":[],"schemas":[],"titles":[],"descriptions":[],"socialPosts":{"email":{"subject":"","preview":"","content":""},"linkedin":[],"twitter":[],"facebook":[],"instagram":[]}},"breadcrumb_settings":null,"seo_analyzer_scan_date":"2026-06-25 13:21:28","created":"2026-06-18 12:41:55","updated":"2026-06-25 14:06:31","focus_keyword":null,"additional_keywords":null,"truseo_locale":null},"aioseo_breadcrumb":"<div class=\"aioseo-breadcrumbs\"><span class=\"aioseo-breadcrumb\">\n\t<a href=\"https:\/\/www.noelken.de\/pl\" title=\"Home\">Home<\/a>\n<\/span><span class=\"aioseo-breadcrumb-separator\">&raquo;<\/span><span class=\"aioseo-breadcrumb\">\n\t<a href=\"https:\/\/www.noelken.de\/pl\/produkte\/\" title=\"Produkte\">Produkte<\/a>\n<\/span><span class=\"aioseo-breadcrumb-separator\">&raquo;<\/span><span class=\"aioseo-breadcrumb\">\n\tFeuchtt\u00fccher\n<\/span><\/div>","aioseo_breadcrumb_json":[{"label":"Home","link":"https:\/\/www.noelken.de\/pl"},{"label":"Produkte","link":"https:\/\/www.noelken.de\/pl\/produkte\/"},{"label":"Feuchtt\u00fccher","link":"https:\/\/www.noelken.de\/pl\/produkte\/feuchttuecher\/"}],"_links":{"self":[{"href":"https:\/\/www.noelken.de\/pl\/wp-json\/wp\/v2\/pages\/75","targetHints":{"allow":["GET"]}}],"collection":[{"href":"https:\/\/www.noelken.de\/pl\/wp-json\/wp\/v2\/pages"}],"about":[{"href":"https:\/\/www.noelken.de\/pl\/wp-json\/wp\/v2\/types\/page"}],"author":[{"embeddable":true,"href":"https:\/\/www.noelken.de\/pl\/wp-json\/wp\/v2\/users\/1"}],"replies":[{"embeddable":true,"href":"https:\/\/www.noelken.de\/pl\/wp-json\/wp\/v2\/comments?post=75"}],"version-history":[{"count":67,"href":"https:\/\/www.noelken.de\/pl\/wp-json\/wp\/v2\/pages\/75\/revisions"}],"predecessor-version":[{"id":1863,"href":"https:\/\/www.noelken.de\/pl\/wp-json\/wp\/v2\/pages\/75\/revisions\/1863"}],"up":[{"embeddable":true,"href":"https:\/\/www.noelken.de\/pl\/wp-json\/wp\/v2\/pages\/68"}],"wp:attachment":[{"href":"https:\/\/www.noelken.de\/pl\/wp-json\/wp\/v2\/media?parent=75"}],"curies":[{"name":"wp","href":"https:\/\/api.w.org\/{rel}","templated":true}]}}